{"id":9014,"date":"2021-11-30T12:23:27","date_gmt":"2021-11-30T10:23:27","guid":{"rendered":"https:\/\/ganvam.es\/expoganvam\/?page_id=9014"},"modified":"2022-03-08T14:01:45","modified_gmt":"2022-03-08T12:01:45","slug":"noticias","status":"publish","type":"page","link":"https:\/\/ganvam.es\/expoganvam\/noticias\/","title":{"rendered":"Noticias"},"content":{"rendered":"\t\t<div data-elementor-type=\"wp-page\" data-elementor-id=\"9014\" class=\"elementor elementor-9014\" data-elementor-post-type=\"page\">\n\t\t\t\t\t\t<section class=\"elementor-section elementor-top-section elementor-element elementor-element-67a6f8b elementor-section-boxed elementor-section-height-default elementor-section-height-default\" data-id=\"67a6f8b\" data-element_type=\"section\" data-e-type=\"section\" data-settings=\"{&quot;background_background&quot;:&quot;classic&quot;}\">\n\t\t\t\t\t\t<div class=\"elementor-container elementor-column-gap-default\">\n\t\t\t\t\t<div class=\"elementor-column elementor-col-100 elementor-top-column elementor-element elementor-element-cf1020d\" data-id=\"cf1020d\" data-element_type=\"column\" data-e-type=\"column\">\n\t\t\t<div class=\"elementor-widget-wrap elementor-element-populated\">\n\t\t\t\t\t\t<section class=\"elementor-section elementor-inner-section elementor-element elementor-element-b2d6b83 elementor-section-boxed elementor-section-height-default elementor-section-height-default\" data-id=\"b2d6b83\" data-element_type=\"section\" data-e-type=\"section\">\n\t\t\t\t\t\t<div class=\"elementor-container elementor-column-gap-default\">\n\t\t\t\t\t<div class=\"elementor-column elementor-col-100 elementor-inner-column elementor-element elementor-element-ecf2d52\" data-id=\"ecf2d52\" data-element_type=\"column\" data-e-type=\"column\">\n\t\t\t<div class=\"elementor-widget-wrap elementor-element-populated\">\n\t\t\t\t\t\t<div class=\"elementor-element elementor-element-7ed4d04 elementor-widget elementor-widget-elementskit-heading\" data-id=\"7ed4d04\" data-element_type=\"widget\" data-e-type=\"widget\" data-settings=\"{&quot;ekit_we_effect_on&quot;:&quot;none&quot;}\" data-widget_type=\"elementskit-heading.default\">\n\t\t\t\t<div class=\"elementor-widget-container\">\n\t\t\t\t\t<div class=\"ekit-wid-con\" ><div class=\"ekit-heading elementskit-section-title-wraper center   ekit_heading_tablet-   ekit_heading_mobile-\"><h2 class=\"ekit-heading--title elementskit-section-title \">NOTICIAS<\/h2><div class=\"ekit_heading_separetor_wraper ekit_heading_elementskit-border-divider ekit-dotted\"><div class=\"elementskit-border-divider ekit-dotted\"><\/div><\/div><\/div><\/div>\t\t\t\t<\/div>\n\t\t\t\t<\/div>\n\t\t\t\t\t<\/div>\n\t\t<\/div>\n\t\t\t\t\t<\/div>\n\t\t<\/section>\n\t\t\t\t\t<\/div>\n\t\t<\/div>\n\t\t\t\t\t<\/div>\n\t\t<\/section>\n\t\t\t\t<section class=\"elementor-section elementor-top-section elementor-element elementor-element-03ba5a2 elementor-section-boxed elementor-section-height-default elementor-section-height-default\" data-id=\"03ba5a2\" data-element_type=\"section\" data-e-type=\"section\">\n\t\t\t\t\t\t<div class=\"elementor-container elementor-column-gap-default\">\n\t\t\t\t\t<div class=\"elementor-column elementor-col-100 elementor-top-column elementor-element elementor-element-504d5c3\" data-id=\"504d5c3\" data-element_type=\"column\" data-e-type=\"column\">\n\t\t\t<div class=\"elementor-widget-wrap elementor-element-populated\">\n\t\t\t\t\t\t<div class=\"elementor-element elementor-element-e8699aa anwp-pg-widget-header-style--b anwp-pg-post-teaser__post-icon--size-16 elementor-widget elementor-widget-anwp-pg-classic-grid\" data-id=\"e8699aa\" data-element_type=\"widget\" data-e-type=\"widget\" data-settings=\"{&quot;ekit_we_effect_on&quot;:&quot;none&quot;}\" data-widget_type=\"anwp-pg-classic-grid.default\">\n\t\t\t\t<div class=\"elementor-widget-container\">\n\t\t\t\t\t<div class=\"anwp-pg-wrap\">\n\n\t\n\t<div class=\"d-flex anwp-row flex-wrap anwp-pg-classic-grid anwp-pg-posts-wrapper\">\n\t\t<div class=\"anwp-pg-post-teaser anwp-pg-post-teaser--inner-cover-link anwp-pg-post-teaser--layout-d d-flex flex-column anwp-col-lg-4 anwp-col-sm-6 anwp-col-12 anwp-pg-post-teaser--with-read-more \">\n\t<div class=\"anwp-pg-post-teaser__thumbnail position-relative\">\n\n\t\t\n\t\t\n\t\t\t\t\t<img loading=\"lazy\" class=\"anwp-pg-post-teaser__thumbnail-img d-block anwp-pg-height-180 anwp-object-cover m-0 w-100\"\n\t\t\t\talt=\"Ford, Fundaci\u00f3n AXA o el CEO de Volvo, entre los galardonados en la V edici\u00f3n de los premios GANVAM\"\n\t\t\t\tsrc=\"https:\/\/ganvam.es\/expoganvam\/wp-content\/uploads\/2025\/11\/Expoganvam2025-381_websize-1024x683.jpg\"\/>\n\t\t\n\t\t<div class=\"anwp-pg-post-teaser__thumbnail-bg anwp-position-cover\"><\/div>\n\n\t\t<a class=\"anwp-position-cover anwp-link-without-effects\" href=\"https:\/\/ganvam.es\/expoganvam\/ford-fundacion-axa-o-el-ceo-de-volvo-entre-los-galardonados-en-la-v-edicion-de-los-premios-ganvam\/\" aria-hidden=\"true\" ><\/a>\n\t<\/div>\n\n\t<div class=\"anwp-pg-post-teaser__content flex-grow-1 pt-1 d-flex flex-column\">\n\n\t\t<div class=\"anwp-pg-post-teaser__title anwp-font-heading mt-2\">\n\t\t\t<a class=\"anwp-link-without-effects\" href=\"https:\/\/ganvam.es\/expoganvam\/ford-fundacion-axa-o-el-ceo-de-volvo-entre-los-galardonados-en-la-v-edicion-de-los-premios-ganvam\/\" aria-hidden=\"true\" >\n\t\t\t\tFord, Fundaci\u00f3n AXA o el CEO de Volvo, entre los galardonados en la V edici\u00f3n de los premios GANVAM\t\t\t<\/a>\n\t\t<\/div>\n\n\t\t<div class=\"anwp-pg-post-teaser__bottom-meta d-flex flex-wrap\">\n\n\t\t\t\t\t\t\t<div class=\"anwp-pg-post-teaser__bottom-meta-item d-flex align-items-center mr-3\">\n\t\t\t\t\t<svg class=\"anwp-pg-icon anwp-pg-icon--s16 mr-1\">\n\t\t\t\t\t\t<use xlink:href=\"#icon-anwp-pg-calendar\"><\/use>\n\t\t\t\t\t<\/svg>\n\t\t\t\t\t<span class=\"posted-on m-0\"><span class=\"screen-reader-text\">Posted on<\/span><time class=\"anwp-pg-published\" datetime=\"2025-11-06T17:47:09+02:00\">noviembre 6, 2025<\/time><time class=\"anwp-pg-updated\" datetime=\"2025-11-07T12:02:12+02:00\">noviembre 7, 2025<\/time><\/span>\n\t\t\t\t<\/div>\n\t\t\t\t\n\t\t\t\t\t<\/div>\n\n\t\t\t\t\t<div class=\"anwp-pg-post-teaser__excerpt mb-2\">\n\t\t\t\tDurante eXpo GANVAM 2025, el congreso anual de la Asociaci\u00f3n Nacional de Vendedores y Reparadores de Veh\u00edculos (GANVAM) celebrado ayer en el Centro de Convenciones Norte de IFEMA Madrid, la ...\t\t\t<\/div>\n\t\t\n\t\t\t\t\t<div class=\"w-100 anwp-pg-read-more mt-auto\">\n\t\t\t\t<a href=\"https:\/\/ganvam.es\/expoganvam\/ford-fundacion-axa-o-el-ceo-de-volvo-entre-los-galardonados-en-la-v-edicion-de-los-premios-ganvam\/\" \t\t\t\t\tclass=\"anwp-pg-read-more__btn mt-3 mb-0 btn btn-sm btn-outline-info w-100 text-decoration-none\">\n\t\t\t\t\tLeer m\u00e1s\t\t\t\t<\/a>\n\t\t\t<\/div>\n\t\t\n\t<\/div>\n\n<\/div>\n<div class=\"anwp-pg-post-teaser anwp-pg-post-teaser--inner-cover-link anwp-pg-post-teaser--layout-d d-flex flex-column anwp-col-lg-4 anwp-col-sm-6 anwp-col-12 anwp-pg-post-teaser--with-read-more \">\n\t<div class=\"anwp-pg-post-teaser__thumbnail position-relative\">\n\n\t\t\n\t\t\n\t\t\t\t\t<img loading=\"lazy\" class=\"anwp-pg-post-teaser__thumbnail-img d-block anwp-pg-height-180 anwp-object-cover m-0 w-100\"\n\t\t\t\talt=\"eXpo GANVAM 2025 refuerza el papel del empresario como motor de empleo y progreso econ\u00f3mico\"\n\t\t\t\tsrc=\"https:\/\/ganvam.es\/expoganvam\/wp-content\/uploads\/2025\/11\/Expoganvam2025-321_websize-1024x683.jpg\"\/>\n\t\t\n\t\t<div class=\"anwp-pg-post-teaser__thumbnail-bg anwp-position-cover\"><\/div>\n\n\t\t<a class=\"anwp-position-cover anwp-link-without-effects\" href=\"https:\/\/ganvam.es\/expoganvam\/expo-ganvam-2025-refuerza-el-papel-del-empresario-como-motor-de-empleo-y-progreso-economico\/\" aria-hidden=\"true\" ><\/a>\n\t<\/div>\n\n\t<div class=\"anwp-pg-post-teaser__content flex-grow-1 pt-1 d-flex flex-column\">\n\n\t\t<div class=\"anwp-pg-post-teaser__title anwp-font-heading mt-2\">\n\t\t\t<a class=\"anwp-link-without-effects\" href=\"https:\/\/ganvam.es\/expoganvam\/expo-ganvam-2025-refuerza-el-papel-del-empresario-como-motor-de-empleo-y-progreso-economico\/\" aria-hidden=\"true\" >\n\t\t\t\teXpo GANVAM 2025 refuerza el papel del empresario como motor de empleo y progreso econ\u00f3mico\t\t\t<\/a>\n\t\t<\/div>\n\n\t\t<div class=\"anwp-pg-post-teaser__bottom-meta d-flex flex-wrap\">\n\n\t\t\t\t\t\t\t<div class=\"anwp-pg-post-teaser__bottom-meta-item d-flex align-items-center mr-3\">\n\t\t\t\t\t<svg class=\"anwp-pg-icon anwp-pg-icon--s16 mr-1\">\n\t\t\t\t\t\t<use xlink:href=\"#icon-anwp-pg-calendar\"><\/use>\n\t\t\t\t\t<\/svg>\n\t\t\t\t\t<span class=\"posted-on m-0\"><span class=\"screen-reader-text\">Posted on<\/span><time class=\"anwp-pg-published\" datetime=\"2025-11-06T14:02:59+02:00\">noviembre 6, 2025<\/time><time class=\"anwp-pg-updated\" datetime=\"2025-11-06T14:03:00+02:00\">noviembre 6, 2025<\/time><\/span>\n\t\t\t\t<\/div>\n\t\t\t\t\n\t\t\t\t\t<\/div>\n\n\t\t\t\t\t<div class=\"anwp-pg-post-teaser__excerpt mb-2\">\n\t\t\t\tLa quinta edici\u00f3n de eXpo GANVAM, que ha contado con m\u00e1s de 1.800 profesionales inscritos, ha destacado el papel de las pymes en la econom\u00eda y el valor del empresario ...\t\t\t<\/div>\n\t\t\n\t\t\t\t\t<div class=\"w-100 anwp-pg-read-more mt-auto\">\n\t\t\t\t<a href=\"https:\/\/ganvam.es\/expoganvam\/expo-ganvam-2025-refuerza-el-papel-del-empresario-como-motor-de-empleo-y-progreso-economico\/\" \t\t\t\t\tclass=\"anwp-pg-read-more__btn mt-3 mb-0 btn btn-sm btn-outline-info w-100 text-decoration-none\">\n\t\t\t\t\tLeer m\u00e1s\t\t\t\t<\/a>\n\t\t\t<\/div>\n\t\t\n\t<\/div>\n\n<\/div>\n<div class=\"anwp-pg-post-teaser anwp-pg-post-teaser--inner-cover-link anwp-pg-post-teaser--layout-d d-flex flex-column anwp-col-lg-4 anwp-col-sm-6 anwp-col-12 anwp-pg-post-teaser--with-read-more \">\n\t<div class=\"anwp-pg-post-teaser__thumbnail position-relative\">\n\n\t\t\n\t\t\n\t\t\t\t\t<img loading=\"lazy\" class=\"anwp-pg-post-teaser__thumbnail-img d-block anwp-pg-height-180 anwp-object-cover m-0 w-100\"\n\t\t\t\talt=\"Innovaci\u00f3n, emprendimiento y talento: las claves de eXpo GANVAM 2025\"\n\t\t\t\tsrc=\"https:\/\/ganvam.es\/expoganvam\/wp-content\/uploads\/2025\/10\/eXpo-2025-5.png\"\/>\n\t\t\n\t\t<div class=\"anwp-pg-post-teaser__thumbnail-bg anwp-position-cover\"><\/div>\n\n\t\t<a class=\"anwp-position-cover anwp-link-without-effects\" href=\"https:\/\/ganvam.es\/expoganvam\/innovacion-emprendimiento-y-talento-las-claves-de-expo-ganvam-2025\/\" aria-hidden=\"true\" ><\/a>\n\t<\/div>\n\n\t<div class=\"anwp-pg-post-teaser__content flex-grow-1 pt-1 d-flex flex-column\">\n\n\t\t<div class=\"anwp-pg-post-teaser__title anwp-font-heading mt-2\">\n\t\t\t<a class=\"anwp-link-without-effects\" href=\"https:\/\/ganvam.es\/expoganvam\/innovacion-emprendimiento-y-talento-las-claves-de-expo-ganvam-2025\/\" aria-hidden=\"true\" >\n\t\t\t\tInnovaci\u00f3n, emprendimiento y talento: las claves de eXpo GANVAM 2025\t\t\t<\/a>\n\t\t<\/div>\n\n\t\t<div class=\"anwp-pg-post-teaser__bottom-meta d-flex flex-wrap\">\n\n\t\t\t\t\t\t\t<div class=\"anwp-pg-post-teaser__bottom-meta-item d-flex align-items-center mr-3\">\n\t\t\t\t\t<svg class=\"anwp-pg-icon anwp-pg-icon--s16 mr-1\">\n\t\t\t\t\t\t<use xlink:href=\"#icon-anwp-pg-calendar\"><\/use>\n\t\t\t\t\t<\/svg>\n\t\t\t\t\t<span class=\"posted-on m-0\"><span class=\"screen-reader-text\">Posted on<\/span><time class=\"anwp-pg-published\" datetime=\"2025-11-04T12:34:03+02:00\">noviembre 4, 2025<\/time><time class=\"anwp-pg-updated\" datetime=\"2025-11-04T12:34:03+02:00\">noviembre 4, 2025<\/time><\/span>\n\t\t\t\t<\/div>\n\t\t\t\t\n\t\t\t\t\t<\/div>\n\n\t\t\t\t\t<div class=\"anwp-pg-post-teaser__excerpt mb-2\">\n\t\t\t\tEl Centro de Convenciones Norte de IFEMA acoger\u00e1 ma\u00f1ana, 5 de noviembre la quinta edici\u00f3n del encuentro anual del sector de la venta y reparaci\u00f3n de veh\u00edculos Este a\u00f1o eXpo ...\t\t\t<\/div>\n\t\t\n\t\t\t\t\t<div class=\"w-100 anwp-pg-read-more mt-auto\">\n\t\t\t\t<a href=\"https:\/\/ganvam.es\/expoganvam\/innovacion-emprendimiento-y-talento-las-claves-de-expo-ganvam-2025\/\" \t\t\t\t\tclass=\"anwp-pg-read-more__btn mt-3 mb-0 btn btn-sm btn-outline-info w-100 text-decoration-none\">\n\t\t\t\t\tLeer m\u00e1s\t\t\t\t<\/a>\n\t\t\t<\/div>\n\t\t\n\t<\/div>\n\n<\/div>\n<div class=\"anwp-pg-post-teaser anwp-pg-post-teaser--inner-cover-link anwp-pg-post-teaser--layout-d d-flex flex-column anwp-col-lg-4 anwp-col-sm-6 anwp-col-12 anwp-pg-post-teaser--with-read-more \">\n\t<div class=\"anwp-pg-post-teaser__thumbnail position-relative\">\n\n\t\t\n\t\t\n\t\t\t\t\t<img loading=\"lazy\" class=\"anwp-pg-post-teaser__thumbnail-img d-block anwp-pg-height-180 anwp-object-cover m-0 w-100\"\n\t\t\t\talt=\"eXpo GANVAM 2025 facilitar\u00e1 la integraci\u00f3n laboral de j\u00f3venes estudiantes gracias a Enterprise Mobility y Aldeas Infantiles\"\n\t\t\t\tsrc=\"https:\/\/ganvam.es\/expoganvam\/wp-content\/uploads\/2025\/11\/Foto-noticia-eXpo-GANVAM-17-1024x576.png\"\/>\n\t\t\n\t\t<div class=\"anwp-pg-post-teaser__thumbnail-bg anwp-position-cover\"><\/div>\n\n\t\t<a class=\"anwp-position-cover anwp-link-without-effects\" href=\"https:\/\/ganvam.es\/expoganvam\/expo-ganvam-2025-facilitara-la-integracion-laboral-de-jovenes-estudiantes-gracias-a-enterprise-mobility-y-aldeas-infantiles\/\" aria-hidden=\"true\" ><\/a>\n\t<\/div>\n\n\t<div class=\"anwp-pg-post-teaser__content flex-grow-1 pt-1 d-flex flex-column\">\n\n\t\t<div class=\"anwp-pg-post-teaser__title anwp-font-heading mt-2\">\n\t\t\t<a class=\"anwp-link-without-effects\" href=\"https:\/\/ganvam.es\/expoganvam\/expo-ganvam-2025-facilitara-la-integracion-laboral-de-jovenes-estudiantes-gracias-a-enterprise-mobility-y-aldeas-infantiles\/\" aria-hidden=\"true\" >\n\t\t\t\teXpo GANVAM 2025 facilitar\u00e1 la integraci\u00f3n laboral de j\u00f3venes estudiantes gracias a Enterprise Mobility y Aldeas Infantiles\t\t\t<\/a>\n\t\t<\/div>\n\n\t\t<div class=\"anwp-pg-post-teaser__bottom-meta d-flex flex-wrap\">\n\n\t\t\t\t\t\t\t<div class=\"anwp-pg-post-teaser__bottom-meta-item d-flex align-items-center mr-3\">\n\t\t\t\t\t<svg class=\"anwp-pg-icon anwp-pg-icon--s16 mr-1\">\n\t\t\t\t\t\t<use xlink:href=\"#icon-anwp-pg-calendar\"><\/use>\n\t\t\t\t\t<\/svg>\n\t\t\t\t\t<span class=\"posted-on m-0\"><span class=\"screen-reader-text\">Posted on<\/span><time class=\"anwp-pg-published\" datetime=\"2025-11-03T12:30:08+02:00\">noviembre 3, 2025<\/time><time class=\"anwp-pg-updated\" datetime=\"2025-11-03T12:30:08+02:00\">noviembre 3, 2025<\/time><\/span>\n\t\t\t\t<\/div>\n\t\t\t\t\n\t\t\t\t\t<\/div>\n\n\t\t\t\t\t<div class=\"anwp-pg-post-teaser__excerpt mb-2\">\n\t\t\t\teXpo GANVAM 2025, el congreso anual de la Asociaci\u00f3n Nacional de Vendedores y Reparadores de Veh\u00edculos (GANVAM), abrir\u00e1 sus puertas el mi\u00e9rcoles 5 de noviembre en IFEMA con una mirada ...\t\t\t<\/div>\n\t\t\n\t\t\t\t\t<div class=\"w-100 anwp-pg-read-more mt-auto\">\n\t\t\t\t<a href=\"https:\/\/ganvam.es\/expoganvam\/expo-ganvam-2025-facilitara-la-integracion-laboral-de-jovenes-estudiantes-gracias-a-enterprise-mobility-y-aldeas-infantiles\/\" \t\t\t\t\tclass=\"anwp-pg-read-more__btn mt-3 mb-0 btn btn-sm btn-outline-info w-100 text-decoration-none\">\n\t\t\t\t\tLeer m\u00e1s\t\t\t\t<\/a>\n\t\t\t<\/div>\n\t\t\n\t<\/div>\n\n<\/div>\n<div class=\"anwp-pg-post-teaser anwp-pg-post-teaser--inner-cover-link anwp-pg-post-teaser--layout-d d-flex flex-column anwp-col-lg-4 anwp-col-sm-6 anwp-col-12 anwp-pg-post-teaser--with-read-more \">\n\t<div class=\"anwp-pg-post-teaser__thumbnail position-relative\">\n\n\t\t\n\t\t\n\t\t\t\t\t<img loading=\"lazy\" class=\"anwp-pg-post-teaser__thumbnail-img d-block anwp-pg-height-180 anwp-object-cover m-0 w-100\"\n\t\t\t\talt=\"Crisalion, Vertiports o Eranovum: iniciativas pioneras de emprendedores que est\u00e1n transformando la movilidad se dan cita en eXpo GANVAM 2025\"\n\t\t\t\tsrc=\"https:\/\/ganvam.es\/expoganvam\/wp-content\/uploads\/2025\/10\/Foto-noticia-eXpo-GANVAM-16-1024x576.png\"\/>\n\t\t\n\t\t<div class=\"anwp-pg-post-teaser__thumbnail-bg anwp-position-cover\"><\/div>\n\n\t\t<a class=\"anwp-position-cover anwp-link-without-effects\" href=\"https:\/\/ganvam.es\/expoganvam\/crisalion-vertiports-o-eranovum-iniciativas-pioneras-de-emprendedores-que-estan-transformando-la-movilidad-se-dan-cita-en-expo-ganvam-2025\/\" aria-hidden=\"true\" ><\/a>\n\t<\/div>\n\n\t<div class=\"anwp-pg-post-teaser__content flex-grow-1 pt-1 d-flex flex-column\">\n\n\t\t<div class=\"anwp-pg-post-teaser__title anwp-font-heading mt-2\">\n\t\t\t<a class=\"anwp-link-without-effects\" href=\"https:\/\/ganvam.es\/expoganvam\/crisalion-vertiports-o-eranovum-iniciativas-pioneras-de-emprendedores-que-estan-transformando-la-movilidad-se-dan-cita-en-expo-ganvam-2025\/\" aria-hidden=\"true\" >\n\t\t\t\tCrisalion, Vertiports o Eranovum: iniciativas pioneras de emprendedores que est\u00e1n transformando la movilidad se dan cita en eXpo GANVAM 2025\t\t\t<\/a>\n\t\t<\/div>\n\n\t\t<div class=\"anwp-pg-post-teaser__bottom-meta d-flex flex-wrap\">\n\n\t\t\t\t\t\t\t<div class=\"anwp-pg-post-teaser__bottom-meta-item d-flex align-items-center mr-3\">\n\t\t\t\t\t<svg class=\"anwp-pg-icon anwp-pg-icon--s16 mr-1\">\n\t\t\t\t\t\t<use xlink:href=\"#icon-anwp-pg-calendar\"><\/use>\n\t\t\t\t\t<\/svg>\n\t\t\t\t\t<span class=\"posted-on m-0\"><span class=\"screen-reader-text\">Posted on<\/span><time class=\"anwp-pg-published\" datetime=\"2025-10-30T20:12:55+02:00\">octubre 30, 2025<\/time><time class=\"anwp-pg-updated\" datetime=\"2025-10-31T10:48:39+02:00\">octubre 31, 2025<\/time><\/span>\n\t\t\t\t<\/div>\n\t\t\t\t\n\t\t\t\t\t<\/div>\n\n\t\t\t\t\t<div class=\"anwp-pg-post-teaser__excerpt mb-2\">\n\t\t\t\tBajo el lema \u201ce-moci\u00f3n\u201d, eXpo GANVAM 2025 se prepara para seguir siendo un referente en innovaci\u00f3n tecnol\u00f3gica, sostenibilidad y colaboraci\u00f3n empresarial. El pr\u00f3ximo 5 de noviembre en IFEMA, el evento ...\t\t\t<\/div>\n\t\t\n\t\t\t\t\t<div class=\"w-100 anwp-pg-read-more mt-auto\">\n\t\t\t\t<a href=\"https:\/\/ganvam.es\/expoganvam\/crisalion-vertiports-o-eranovum-iniciativas-pioneras-de-emprendedores-que-estan-transformando-la-movilidad-se-dan-cita-en-expo-ganvam-2025\/\" \t\t\t\t\tclass=\"anwp-pg-read-more__btn mt-3 mb-0 btn btn-sm btn-outline-info w-100 text-decoration-none\">\n\t\t\t\t\tLeer m\u00e1s\t\t\t\t<\/a>\n\t\t\t<\/div>\n\t\t\n\t<\/div>\n\n<\/div>\n<div class=\"anwp-pg-post-teaser anwp-pg-post-teaser--inner-cover-link anwp-pg-post-teaser--layout-d d-flex flex-column anwp-col-lg-4 anwp-col-sm-6 anwp-col-12 anwp-pg-post-teaser--with-read-more \">\n\t<div class=\"anwp-pg-post-teaser__thumbnail position-relative\">\n\n\t\t\n\t\t\n\t\t\t\t\t<img loading=\"lazy\" class=\"anwp-pg-post-teaser__thumbnail-img d-block anwp-pg-height-180 anwp-object-cover m-0 w-100\"\n\t\t\t\talt=\"El desaf\u00edo chino, a debate en eXpo GANVAM 2025\"\n\t\t\t\tsrc=\"https:\/\/ganvam.es\/expoganvam\/wp-content\/uploads\/2025\/10\/Foto-noticia-eXpo-GANVAM-13-1024x576.png\"\/>\n\t\t\n\t\t<div class=\"anwp-pg-post-teaser__thumbnail-bg anwp-position-cover\"><\/div>\n\n\t\t<a class=\"anwp-position-cover anwp-link-without-effects\" href=\"https:\/\/ganvam.es\/expoganvam\/un-vehiculo-chino-mantiene-de-media-el-61-de-su-valor-inicial-pasados-tres-anos\/\" aria-hidden=\"true\" ><\/a>\n\t<\/div>\n\n\t<div class=\"anwp-pg-post-teaser__content flex-grow-1 pt-1 d-flex flex-column\">\n\n\t\t<div class=\"anwp-pg-post-teaser__title anwp-font-heading mt-2\">\n\t\t\t<a class=\"anwp-link-without-effects\" href=\"https:\/\/ganvam.es\/expoganvam\/un-vehiculo-chino-mantiene-de-media-el-61-de-su-valor-inicial-pasados-tres-anos\/\" aria-hidden=\"true\" >\n\t\t\t\tEl desaf\u00edo chino, a debate en eXpo GANVAM 2025\t\t\t<\/a>\n\t\t<\/div>\n\n\t\t<div class=\"anwp-pg-post-teaser__bottom-meta d-flex flex-wrap\">\n\n\t\t\t\t\t\t\t<div class=\"anwp-pg-post-teaser__bottom-meta-item d-flex align-items-center mr-3\">\n\t\t\t\t\t<svg class=\"anwp-pg-icon anwp-pg-icon--s16 mr-1\">\n\t\t\t\t\t\t<use xlink:href=\"#icon-anwp-pg-calendar\"><\/use>\n\t\t\t\t\t<\/svg>\n\t\t\t\t\t<span class=\"posted-on m-0\"><span class=\"screen-reader-text\">Posted on<\/span><time class=\"anwp-pg-published\" datetime=\"2025-10-28T14:55:15+02:00\">octubre 28, 2025<\/time><time class=\"anwp-pg-updated\" datetime=\"2025-10-31T10:03:37+02:00\">octubre 31, 2025<\/time><\/span>\n\t\t\t\t<\/div>\n\t\t\t\t\n\t\t\t\t\t<\/div>\n\n\t\t\t\t\t<div class=\"anwp-pg-post-teaser__excerpt mb-2\">\n\t\t\t\tUn veh\u00edculo chino mantiene de media el 61% de su valor inicial pasados tres a\u00f1os Seg\u00fan datos de GANVAM-DAT, referencia oficial del valor en el mercado de ocasi\u00f3n En un ...\t\t\t<\/div>\n\t\t\n\t\t\t\t\t<div class=\"w-100 anwp-pg-read-more mt-auto\">\n\t\t\t\t<a href=\"https:\/\/ganvam.es\/expoganvam\/un-vehiculo-chino-mantiene-de-media-el-61-de-su-valor-inicial-pasados-tres-anos\/\" \t\t\t\t\tclass=\"anwp-pg-read-more__btn mt-3 mb-0 btn btn-sm btn-outline-info w-100 text-decoration-none\">\n\t\t\t\t\tLeer m\u00e1s\t\t\t\t<\/a>\n\t\t\t<\/div>\n\t\t\n\t<\/div>\n\n<\/div>\n<div class=\"anwp-pg-post-teaser anwp-pg-post-teaser--inner-cover-link anwp-pg-post-teaser--layout-d d-flex flex-column anwp-col-lg-4 anwp-col-sm-6 anwp-col-12 anwp-pg-post-teaser--with-read-more \">\n\t<div class=\"anwp-pg-post-teaser__thumbnail position-relative\">\n\n\t\t\n\t\t\n\t\t\t\t\t<img loading=\"lazy\" class=\"anwp-pg-post-teaser__thumbnail-img d-block anwp-pg-height-180 anwp-object-cover m-0 w-100\"\n\t\t\t\talt=\"Los asistentes a eXpo GANVAM 2025 cuentan, un a\u00f1o m\u00e1s, con el seguro de viaje de ERSM\"\n\t\t\t\tsrc=\"https:\/\/ganvam.es\/expoganvam\/wp-content\/uploads\/2025\/10\/Foto-noticia-eXpo-GANVAM-12-1024x576.png\"\/>\n\t\t\n\t\t<div class=\"anwp-pg-post-teaser__thumbnail-bg anwp-position-cover\"><\/div>\n\n\t\t<a class=\"anwp-position-cover anwp-link-without-effects\" href=\"https:\/\/ganvam.es\/expoganvam\/los-asistentes-a-expo-ganvam-2025-volveran-a-contar-con-el-seguro-de-viaje-de-ersm\/\" aria-hidden=\"true\" ><\/a>\n\t<\/div>\n\n\t<div class=\"anwp-pg-post-teaser__content flex-grow-1 pt-1 d-flex flex-column\">\n\n\t\t<div class=\"anwp-pg-post-teaser__title anwp-font-heading mt-2\">\n\t\t\t<a class=\"anwp-link-without-effects\" href=\"https:\/\/ganvam.es\/expoganvam\/los-asistentes-a-expo-ganvam-2025-volveran-a-contar-con-el-seguro-de-viaje-de-ersm\/\" aria-hidden=\"true\" >\n\t\t\t\tLos asistentes a eXpo GANVAM 2025 cuentan, un a\u00f1o m\u00e1s, con el seguro de viaje de ERSM\t\t\t<\/a>\n\t\t<\/div>\n\n\t\t<div class=\"anwp-pg-post-teaser__bottom-meta d-flex flex-wrap\">\n\n\t\t\t\t\t\t\t<div class=\"anwp-pg-post-teaser__bottom-meta-item d-flex align-items-center mr-3\">\n\t\t\t\t\t<svg class=\"anwp-pg-icon anwp-pg-icon--s16 mr-1\">\n\t\t\t\t\t\t<use xlink:href=\"#icon-anwp-pg-calendar\"><\/use>\n\t\t\t\t\t<\/svg>\n\t\t\t\t\t<span class=\"posted-on m-0\"><span class=\"screen-reader-text\">Posted on<\/span><time class=\"anwp-pg-published\" datetime=\"2025-10-21T11:13:58+02:00\">octubre 21, 2025<\/time><time class=\"anwp-pg-updated\" datetime=\"2025-10-21T13:20:40+02:00\">octubre 21, 2025<\/time><\/span>\n\t\t\t\t<\/div>\n\t\t\t\t\n\t\t\t\t\t<\/div>\n\n\t\t\t\t\t<div class=\"anwp-pg-post-teaser__excerpt mb-2\">\n\t\t\t\tCon el lema \u201cX la movilidad de todos\u201d, eXpo GANVAM 2024 se prepara para ser un punto de referencia de la movilidad.\t\t\t<\/div>\n\t\t\n\t\t\t\t\t<div class=\"w-100 anwp-pg-read-more mt-auto\">\n\t\t\t\t<a href=\"https:\/\/ganvam.es\/expoganvam\/los-asistentes-a-expo-ganvam-2025-volveran-a-contar-con-el-seguro-de-viaje-de-ersm\/\" \t\t\t\t\tclass=\"anwp-pg-read-more__btn mt-3 mb-0 btn btn-sm btn-outline-info w-100 text-decoration-none\">\n\t\t\t\t\tLeer m\u00e1s\t\t\t\t<\/a>\n\t\t\t<\/div>\n\t\t\n\t<\/div>\n\n<\/div>\n<div class=\"anwp-pg-post-teaser anwp-pg-post-teaser--inner-cover-link anwp-pg-post-teaser--layout-d d-flex flex-column anwp-col-lg-4 anwp-col-sm-6 anwp-col-12 anwp-pg-post-teaser--with-read-more \">\n\t<div class=\"anwp-pg-post-teaser__thumbnail position-relative\">\n\n\t\t\n\t\t\n\t\t\t\t\t<img loading=\"lazy\" class=\"anwp-pg-post-teaser__thumbnail-img d-block anwp-pg-height-180 anwp-object-cover m-0 w-100\"\n\t\t\t\talt=\"Toda la informaci\u00f3n de eXpo GANVAM en la palma de tu mano\"\n\t\t\t\tsrc=\"https:\/\/ganvam.es\/expoganvam\/wp-content\/uploads\/2025\/10\/Foto-noticia-eXpo-GANVAM-10-1024x576.png\"\/>\n\t\t\n\t\t<div class=\"anwp-pg-post-teaser__thumbnail-bg anwp-position-cover\"><\/div>\n\n\t\t<a class=\"anwp-position-cover anwp-link-without-effects\" href=\"https:\/\/ganvam.es\/expoganvam\/toda-la-informacion-de-expo-ganvam-en-la-palma-de-tu-mano\/\" aria-hidden=\"true\" ><\/a>\n\t<\/div>\n\n\t<div class=\"anwp-pg-post-teaser__content flex-grow-1 pt-1 d-flex flex-column\">\n\n\t\t<div class=\"anwp-pg-post-teaser__title anwp-font-heading mt-2\">\n\t\t\t<a class=\"anwp-link-without-effects\" href=\"https:\/\/ganvam.es\/expoganvam\/toda-la-informacion-de-expo-ganvam-en-la-palma-de-tu-mano\/\" aria-hidden=\"true\" >\n\t\t\t\tToda la informaci\u00f3n de eXpo GANVAM en la palma de tu mano\t\t\t<\/a>\n\t\t<\/div>\n\n\t\t<div class=\"anwp-pg-post-teaser__bottom-meta d-flex flex-wrap\">\n\n\t\t\t\t\t\t\t<div class=\"anwp-pg-post-teaser__bottom-meta-item d-flex align-items-center mr-3\">\n\t\t\t\t\t<svg class=\"anwp-pg-icon anwp-pg-icon--s16 mr-1\">\n\t\t\t\t\t\t<use xlink:href=\"#icon-anwp-pg-calendar\"><\/use>\n\t\t\t\t\t<\/svg>\n\t\t\t\t\t<span class=\"posted-on m-0\"><span class=\"screen-reader-text\">Posted on<\/span><time class=\"anwp-pg-published\" datetime=\"2025-10-16T10:47:01+02:00\">octubre 16, 2025<\/time><time class=\"anwp-pg-updated\" datetime=\"2025-11-06T10:13:58+02:00\">noviembre 6, 2025<\/time><\/span>\n\t\t\t\t<\/div>\n\t\t\t\t\n\t\t\t\t\t<\/div>\n\n\t\t\t\t\t<div class=\"anwp-pg-post-teaser__excerpt mb-2\">\n\t\t\t\teXpo GANVAM, que el pr\u00f3ximo d\u00eda\u00a05 de noviembre\u00a0volver\u00e1 a convertir el Centro de Convenciones Norte de\u00a0IFEMA MADRID\u00a0en el punto de encuentro de la distribuci\u00f3n de veh\u00edculos, ya dispone de su ...\t\t\t<\/div>\n\t\t\n\t\t\t\t\t<div class=\"w-100 anwp-pg-read-more mt-auto\">\n\t\t\t\t<a href=\"https:\/\/ganvam.es\/expoganvam\/toda-la-informacion-de-expo-ganvam-en-la-palma-de-tu-mano\/\" \t\t\t\t\tclass=\"anwp-pg-read-more__btn mt-3 mb-0 btn btn-sm btn-outline-info w-100 text-decoration-none\">\n\t\t\t\t\tLeer m\u00e1s\t\t\t\t<\/a>\n\t\t\t<\/div>\n\t\t\n\t<\/div>\n\n<\/div>\n<div class=\"anwp-pg-post-teaser anwp-pg-post-teaser--inner-cover-link anwp-pg-post-teaser--layout-d d-flex flex-column anwp-col-lg-4 anwp-col-sm-6 anwp-col-12 anwp-pg-post-teaser--with-read-more \">\n\t<div class=\"anwp-pg-post-teaser__thumbnail position-relative\">\n\n\t\t\n\t\t\n\t\t\t\t\t<img loading=\"lazy\" class=\"anwp-pg-post-teaser__thumbnail-img d-block anwp-pg-height-180 anwp-object-cover m-0 w-100\"\n\t\t\t\talt=\"Los asistentes a eXpo GANVAM contar\u00e1n con un descuento especial para billetes de RENFE\"\n\t\t\t\tsrc=\"https:\/\/ganvam.es\/expoganvam\/wp-content\/uploads\/2025\/10\/Foto-noticia-eXpo-GANVAM-7-1024x576.png\"\/>\n\t\t\n\t\t<div class=\"anwp-pg-post-teaser__thumbnail-bg anwp-position-cover\"><\/div>\n\n\t\t<a class=\"anwp-position-cover anwp-link-without-effects\" href=\"https:\/\/ganvam.es\/expoganvam\/los-asistentes-a-expo-ganvam-contaran-con-un-descuento-especial-para-billetes-de-renfe\/\" aria-hidden=\"true\" ><\/a>\n\t<\/div>\n\n\t<div class=\"anwp-pg-post-teaser__content flex-grow-1 pt-1 d-flex flex-column\">\n\n\t\t<div class=\"anwp-pg-post-teaser__title anwp-font-heading mt-2\">\n\t\t\t<a class=\"anwp-link-without-effects\" href=\"https:\/\/ganvam.es\/expoganvam\/los-asistentes-a-expo-ganvam-contaran-con-un-descuento-especial-para-billetes-de-renfe\/\" aria-hidden=\"true\" >\n\t\t\t\tLos asistentes a eXpo GANVAM contar\u00e1n con un descuento especial para billetes de RENFE\t\t\t<\/a>\n\t\t<\/div>\n\n\t\t<div class=\"anwp-pg-post-teaser__bottom-meta d-flex flex-wrap\">\n\n\t\t\t\t\t\t\t<div class=\"anwp-pg-post-teaser__bottom-meta-item d-flex align-items-center mr-3\">\n\t\t\t\t\t<svg class=\"anwp-pg-icon anwp-pg-icon--s16 mr-1\">\n\t\t\t\t\t\t<use xlink:href=\"#icon-anwp-pg-calendar\"><\/use>\n\t\t\t\t\t<\/svg>\n\t\t\t\t\t<span class=\"posted-on m-0\"><span class=\"screen-reader-text\">Posted on<\/span><time class=\"anwp-pg-published\" datetime=\"2025-10-09T12:03:26+02:00\">octubre 9, 2025<\/time><time class=\"anwp-pg-updated\" datetime=\"2025-10-09T12:03:26+02:00\">octubre 9, 2025<\/time><\/span>\n\t\t\t\t<\/div>\n\t\t\t\t\n\t\t\t\t\t<\/div>\n\n\t\t\t\t\t<div class=\"anwp-pg-post-teaser__excerpt mb-2\">\n\t\t\t\tLa Asociaci\u00f3n Nacional de Vendedores y Reparadores de Veh\u00edculos (GANVAM) ofrecer\u00e1 a todos los asistentes a la quinta edici\u00f3n de eXpo GANVAM, que se celebrar\u00e1 el pr\u00f3ximo 5 de noviembre ...\t\t\t<\/div>\n\t\t\n\t\t\t\t\t<div class=\"w-100 anwp-pg-read-more mt-auto\">\n\t\t\t\t<a href=\"https:\/\/ganvam.es\/expoganvam\/los-asistentes-a-expo-ganvam-contaran-con-un-descuento-especial-para-billetes-de-renfe\/\" \t\t\t\t\tclass=\"anwp-pg-read-more__btn mt-3 mb-0 btn btn-sm btn-outline-info w-100 text-decoration-none\">\n\t\t\t\t\tLeer m\u00e1s\t\t\t\t<\/a>\n\t\t\t<\/div>\n\t\t\n\t<\/div>\n\n<\/div>\n<div class=\"anwp-pg-post-teaser anwp-pg-post-teaser--inner-cover-link anwp-pg-post-teaser--layout-d d-flex flex-column anwp-col-lg-4 anwp-col-sm-6 anwp-col-12 anwp-pg-post-teaser--with-read-more \">\n\t<div class=\"anwp-pg-post-teaser__thumbnail position-relative\">\n\n\t\t\n\t\t\n\t\t\t\t\t<img loading=\"lazy\" class=\"anwp-pg-post-teaser__thumbnail-img d-block anwp-pg-height-180 anwp-object-cover m-0 w-100\"\n\t\t\t\talt=\"eXpo GANVAM 2025 ofrece condiciones preferentes de alojamiento a expositores y visitantes\"\n\t\t\t\tsrc=\"https:\/\/ganvam.es\/expoganvam\/wp-content\/uploads\/2025\/10\/eXpo-2025-5.png\"\/>\n\t\t\n\t\t<div class=\"anwp-pg-post-teaser__thumbnail-bg anwp-position-cover\"><\/div>\n\n\t\t<a class=\"anwp-position-cover anwp-link-without-effects\" href=\"https:\/\/ganvam.es\/expoganvam\/expo-ganvam-2025-ofrece-un-10-de-descuento-en-hoteles-para-sus-asistentes\/\" aria-hidden=\"true\" ><\/a>\n\t<\/div>\n\n\t<div class=\"anwp-pg-post-teaser__content flex-grow-1 pt-1 d-flex flex-column\">\n\n\t\t<div class=\"anwp-pg-post-teaser__title anwp-font-heading mt-2\">\n\t\t\t<a class=\"anwp-link-without-effects\" href=\"https:\/\/ganvam.es\/expoganvam\/expo-ganvam-2025-ofrece-un-10-de-descuento-en-hoteles-para-sus-asistentes\/\" aria-hidden=\"true\" >\n\t\t\t\teXpo GANVAM 2025 ofrece condiciones preferentes de alojamiento a expositores y visitantes\t\t\t<\/a>\n\t\t<\/div>\n\n\t\t<div class=\"anwp-pg-post-teaser__bottom-meta d-flex flex-wrap\">\n\n\t\t\t\t\t\t\t<div class=\"anwp-pg-post-teaser__bottom-meta-item d-flex align-items-center mr-3\">\n\t\t\t\t\t<svg class=\"anwp-pg-icon anwp-pg-icon--s16 mr-1\">\n\t\t\t\t\t\t<use xlink:href=\"#icon-anwp-pg-calendar\"><\/use>\n\t\t\t\t\t<\/svg>\n\t\t\t\t\t<span class=\"posted-on m-0\"><span class=\"screen-reader-text\">Posted on<\/span><time class=\"anwp-pg-published\" datetime=\"2025-10-07T10:28:33+02:00\">octubre 7, 2025<\/time><time class=\"anwp-pg-updated\" datetime=\"2025-10-07T13:06:10+02:00\">octubre 7, 2025<\/time><\/span>\n\t\t\t\t<\/div>\n\t\t\t\t\n\t\t\t\t\t<\/div>\n\n\t\t\t\t\t<div class=\"anwp-pg-post-teaser__excerpt mb-2\">\n\t\t\t\tCon el objetivo de facilitar la asistencia al mayor encuentro profesional de la distribuci\u00f3n y reparaci\u00f3n de veh\u00edculos, eXpo GANVAM 2025 ha cerrado un acuerdo con dos de los hoteles ...\t\t\t<\/div>\n\t\t\n\t\t\t\t\t<div class=\"w-100 anwp-pg-read-more mt-auto\">\n\t\t\t\t<a href=\"https:\/\/ganvam.es\/expoganvam\/expo-ganvam-2025-ofrece-un-10-de-descuento-en-hoteles-para-sus-asistentes\/\" \t\t\t\t\tclass=\"anwp-pg-read-more__btn mt-3 mb-0 btn btn-sm btn-outline-info w-100 text-decoration-none\">\n\t\t\t\t\tLeer m\u00e1s\t\t\t\t<\/a>\n\t\t\t<\/div>\n\t\t\n\t<\/div>\n\n<\/div>\n<div class=\"anwp-pg-post-teaser anwp-pg-post-teaser--inner-cover-link anwp-pg-post-teaser--layout-d d-flex flex-column anwp-col-lg-4 anwp-col-sm-6 anwp-col-12 anwp-pg-post-teaser--with-read-more \">\n\t<div class=\"anwp-pg-post-teaser__thumbnail position-relative\">\n\n\t\t\n\t\t\n\t\t\t\t\t<img loading=\"lazy\" class=\"anwp-pg-post-teaser__thumbnail-img d-block anwp-pg-height-180 anwp-object-cover m-0 w-100\"\n\t\t\t\talt=\"Carme Artigas analizar\u00e1 en eXpo GANVAM 2025 c\u00f3mo la IA y la gesti\u00f3n del dato van a transformar tu negocio\"\n\t\t\t\tsrc=\"https:\/\/ganvam.es\/expoganvam\/wp-content\/uploads\/2025\/10\/Foto-noticia-eXpo-GANVAM-Carme-Artigas-1024x576.png\"\/>\n\t\t\n\t\t<div class=\"anwp-pg-post-teaser__thumbnail-bg anwp-position-cover\"><\/div>\n\n\t\t<a class=\"anwp-position-cover anwp-link-without-effects\" href=\"https:\/\/ganvam.es\/expoganvam\/carme-artigas-analizara-en-expo-ganvam-2025-como-la-ia-y-la-gestion-del-dato-van-a-transformar-tu-negocio\/\" aria-hidden=\"true\" ><\/a>\n\t<\/div>\n\n\t<div class=\"anwp-pg-post-teaser__content flex-grow-1 pt-1 d-flex flex-column\">\n\n\t\t<div class=\"anwp-pg-post-teaser__title anwp-font-heading mt-2\">\n\t\t\t<a class=\"anwp-link-without-effects\" href=\"https:\/\/ganvam.es\/expoganvam\/carme-artigas-analizara-en-expo-ganvam-2025-como-la-ia-y-la-gestion-del-dato-van-a-transformar-tu-negocio\/\" aria-hidden=\"true\" >\n\t\t\t\tCarme Artigas analizar\u00e1 en eXpo GANVAM 2025 c\u00f3mo la IA y la gesti\u00f3n del dato van a transformar tu negocio\t\t\t<\/a>\n\t\t<\/div>\n\n\t\t<div class=\"anwp-pg-post-teaser__bottom-meta d-flex flex-wrap\">\n\n\t\t\t\t\t\t\t<div class=\"anwp-pg-post-teaser__bottom-meta-item d-flex align-items-center mr-3\">\n\t\t\t\t\t<svg class=\"anwp-pg-icon anwp-pg-icon--s16 mr-1\">\n\t\t\t\t\t\t<use xlink:href=\"#icon-anwp-pg-calendar\"><\/use>\n\t\t\t\t\t<\/svg>\n\t\t\t\t\t<span class=\"posted-on m-0\"><span class=\"screen-reader-text\">Posted on<\/span><time class=\"anwp-pg-published\" datetime=\"2025-10-07T10:26:55+02:00\">octubre 7, 2025<\/time><time class=\"anwp-pg-updated\" datetime=\"2025-10-07T10:26:55+02:00\">octubre 7, 2025<\/time><\/span>\n\t\t\t\t<\/div>\n\t\t\t\t\n\t\t\t\t\t<\/div>\n\n\t\t\t\t\t<div class=\"anwp-pg-post-teaser__excerpt mb-2\">\n\t\t\t\teXpo GANVAM 2025, que reunir\u00e1 en IFEMA Madrid el pr\u00f3ximo 5 de noviembre a m\u00e1s de 1.500 profesionales del sector de la automoci\u00f3n y la movilidad, contar\u00e1 con Carme Artigas, ...\t\t\t<\/div>\n\t\t\n\t\t\t\t\t<div class=\"w-100 anwp-pg-read-more mt-auto\">\n\t\t\t\t<a href=\"https:\/\/ganvam.es\/expoganvam\/carme-artigas-analizara-en-expo-ganvam-2025-como-la-ia-y-la-gestion-del-dato-van-a-transformar-tu-negocio\/\" \t\t\t\t\tclass=\"anwp-pg-read-more__btn mt-3 mb-0 btn btn-sm btn-outline-info w-100 text-decoration-none\">\n\t\t\t\t\tLeer m\u00e1s\t\t\t\t<\/a>\n\t\t\t<\/div>\n\t\t\n\t<\/div>\n\n<\/div>\n<div class=\"anwp-pg-post-teaser anwp-pg-post-teaser--inner-cover-link anwp-pg-post-teaser--layout-d d-flex flex-column anwp-col-lg-4 anwp-col-sm-6 anwp-col-12 anwp-pg-post-teaser--with-read-more \">\n\t<div class=\"anwp-pg-post-teaser__thumbnail position-relative\">\n\n\t\t\n\t\t\n\t\t\t\t\t<img loading=\"lazy\" class=\"anwp-pg-post-teaser__thumbnail-img d-block anwp-pg-height-180 anwp-object-cover m-0 w-100\"\n\t\t\t\talt=\"Sergio Scariolo dar\u00e1 las claves del liderazgo en eXpo GANVAM 2025\"\n\t\t\t\tsrc=\"https:\/\/ganvam.es\/expoganvam\/wp-content\/uploads\/2025\/10\/Foto-noticia-eXpo-GANVAM-1-1024x576.jpg\"\/>\n\t\t\n\t\t<div class=\"anwp-pg-post-teaser__thumbnail-bg anwp-position-cover\"><\/div>\n\n\t\t<a class=\"anwp-position-cover anwp-link-without-effects\" href=\"https:\/\/ganvam.es\/expoganvam\/sergio-scariolo-dara-las-claves-del-liderazgo-en-expo-ganvam-2025\/\" aria-hidden=\"true\" ><\/a>\n\t<\/div>\n\n\t<div class=\"anwp-pg-post-teaser__content flex-grow-1 pt-1 d-flex flex-column\">\n\n\t\t<div class=\"anwp-pg-post-teaser__title anwp-font-heading mt-2\">\n\t\t\t<a class=\"anwp-link-without-effects\" href=\"https:\/\/ganvam.es\/expoganvam\/sergio-scariolo-dara-las-claves-del-liderazgo-en-expo-ganvam-2025\/\" aria-hidden=\"true\" >\n\t\t\t\tSergio Scariolo dar\u00e1 las claves del liderazgo en eXpo GANVAM 2025\t\t\t<\/a>\n\t\t<\/div>\n\n\t\t<div class=\"anwp-pg-post-teaser__bottom-meta d-flex flex-wrap\">\n\n\t\t\t\t\t\t\t<div class=\"anwp-pg-post-teaser__bottom-meta-item d-flex align-items-center mr-3\">\n\t\t\t\t\t<svg class=\"anwp-pg-icon anwp-pg-icon--s16 mr-1\">\n\t\t\t\t\t\t<use xlink:href=\"#icon-anwp-pg-calendar\"><\/use>\n\t\t\t\t\t<\/svg>\n\t\t\t\t\t<span class=\"posted-on m-0\"><span class=\"screen-reader-text\">Posted on<\/span><time class=\"anwp-pg-published\" datetime=\"2025-10-02T11:50:24+02:00\">octubre 2, 2025<\/time><time class=\"anwp-pg-updated\" datetime=\"2025-10-06T11:11:39+02:00\">octubre 6, 2025<\/time><\/span>\n\t\t\t\t<\/div>\n\t\t\t\t\n\t\t\t\t\t<\/div>\n\n\t\t\t\t\t<div class=\"anwp-pg-post-teaser__excerpt mb-2\">\n\t\t\t\tLa quinta edici\u00f3n de eXpo GANVAM, que se celebra el pr\u00f3ximo 5 de noviembre, en el Centro de Convenciones Norte de IFEMA Madrid, contar\u00e1 con la participaci\u00f3n de Sergio Scariolo, ...\t\t\t<\/div>\n\t\t\n\t\t\t\t\t<div class=\"w-100 anwp-pg-read-more mt-auto\">\n\t\t\t\t<a href=\"https:\/\/ganvam.es\/expoganvam\/sergio-scariolo-dara-las-claves-del-liderazgo-en-expo-ganvam-2025\/\" \t\t\t\t\tclass=\"anwp-pg-read-more__btn mt-3 mb-0 btn btn-sm btn-outline-info w-100 text-decoration-none\">\n\t\t\t\t\tLeer m\u00e1s\t\t\t\t<\/a>\n\t\t\t<\/div>\n\t\t\n\t<\/div>\n\n<\/div>\n<div class=\"anwp-pg-post-teaser anwp-pg-post-teaser--inner-cover-link anwp-pg-post-teaser--layout-d d-flex flex-column anwp-col-lg-4 anwp-col-sm-6 anwp-col-12 anwp-pg-post-teaser--with-read-more \">\n\t<div class=\"anwp-pg-post-teaser__thumbnail position-relative\">\n\n\t\t\n\t\t\n\t\t\t\t\t<img loading=\"lazy\" class=\"anwp-pg-post-teaser__thumbnail-img d-block anwp-pg-height-180 anwp-object-cover m-0 w-100\"\n\t\t\t\talt=\"La quinta edici\u00f3n de eXpo GANVAM cuenta ya con m\u00e1s de medio centenar de empresas colaboradoras\"\n\t\t\t\tsrc=\"https:\/\/ganvam.es\/expoganvam\/wp-content\/uploads\/2025\/09\/Noticia-patrocinadores-1024x476.jpg\"\/>\n\t\t\n\t\t<div class=\"anwp-pg-post-teaser__thumbnail-bg anwp-position-cover\"><\/div>\n\n\t\t<a class=\"anwp-position-cover anwp-link-without-effects\" href=\"https:\/\/ganvam.es\/expoganvam\/la-quinta-edicion-de-expo-ganvam-cuenta-ya-con-mas-de-medio-centenar-de-empresas-colaboradoras\/\" aria-hidden=\"true\" ><\/a>\n\t<\/div>\n\n\t<div class=\"anwp-pg-post-teaser__content flex-grow-1 pt-1 d-flex flex-column\">\n\n\t\t<div class=\"anwp-pg-post-teaser__title anwp-font-heading mt-2\">\n\t\t\t<a class=\"anwp-link-without-effects\" href=\"https:\/\/ganvam.es\/expoganvam\/la-quinta-edicion-de-expo-ganvam-cuenta-ya-con-mas-de-medio-centenar-de-empresas-colaboradoras\/\" aria-hidden=\"true\" >\n\t\t\t\tLa quinta edici\u00f3n de eXpo GANVAM cuenta ya con m\u00e1s de medio centenar de empresas colaboradoras\t\t\t<\/a>\n\t\t<\/div>\n\n\t\t<div class=\"anwp-pg-post-teaser__bottom-meta d-flex flex-wrap\">\n\n\t\t\t\t\t\t\t<div class=\"anwp-pg-post-teaser__bottom-meta-item d-flex align-items-center mr-3\">\n\t\t\t\t\t<svg class=\"anwp-pg-icon anwp-pg-icon--s16 mr-1\">\n\t\t\t\t\t\t<use xlink:href=\"#icon-anwp-pg-calendar\"><\/use>\n\t\t\t\t\t<\/svg>\n\t\t\t\t\t<span class=\"posted-on m-0\"><span class=\"screen-reader-text\">Posted on<\/span><time class=\"anwp-pg-published\" datetime=\"2025-09-10T11:49:28+02:00\">septiembre 10, 2025<\/time><time class=\"anwp-pg-updated\" datetime=\"2025-10-24T14:31:07+02:00\">octubre 24, 2025<\/time><\/span>\n\t\t\t\t<\/div>\n\t\t\t\t\n\t\t\t\t\t<\/div>\n\n\t\t\t\t\t<div class=\"anwp-pg-post-teaser__excerpt mb-2\">\n\t\t\t\tLa quinta edici\u00f3n de eXpo GANVAM, que se celebra el pr\u00f3ximo 5 de noviembre, volver\u00e1 a convertir el Centro de Convenciones Norte de IFEMA Madrid en el punto de encuentro ...\t\t\t<\/div>\n\t\t\n\t\t\t\t\t<div class=\"w-100 anwp-pg-read-more mt-auto\">\n\t\t\t\t<a href=\"https:\/\/ganvam.es\/expoganvam\/la-quinta-edicion-de-expo-ganvam-cuenta-ya-con-mas-de-medio-centenar-de-empresas-colaboradoras\/\" \t\t\t\t\tclass=\"anwp-pg-read-more__btn mt-3 mb-0 btn btn-sm btn-outline-info w-100 text-decoration-none\">\n\t\t\t\t\tLeer m\u00e1s\t\t\t\t<\/a>\n\t\t\t<\/div>\n\t\t\n\t<\/div>\n\n<\/div>\n<div class=\"anwp-pg-post-teaser anwp-pg-post-teaser--inner-cover-link anwp-pg-post-teaser--layout-d d-flex flex-column anwp-col-lg-4 anwp-col-sm-6 anwp-col-12 anwp-pg-post-teaser--with-read-more \">\n\t<div class=\"anwp-pg-post-teaser__thumbnail position-relative\">\n\n\t\t\n\t\t\n\t\t\t\t\t<img loading=\"lazy\" class=\"anwp-pg-post-teaser__thumbnail-img d-block anwp-pg-height-180 anwp-object-cover m-0 w-100\"\n\t\t\t\talt=\"Ya est\u00e1n disponibles las entradas para la quinta edici\u00f3n de eXpo GANVAM\"\n\t\t\t\tsrc=\"https:\/\/ganvam.es\/expoganvam\/wp-content\/uploads\/2025\/09\/Foto-noticia-eXpo-GANVAM-Compra-de-entradas-1024x576.png\"\/>\n\t\t\n\t\t<div class=\"anwp-pg-post-teaser__thumbnail-bg anwp-position-cover\"><\/div>\n\n\t\t<a class=\"anwp-position-cover anwp-link-without-effects\" href=\"https:\/\/ganvam.es\/expoganvam\/ya-estan-disponibles-las-entradas-para-la-quinta-edicion-de-expo-ganvam\/\" aria-hidden=\"true\" ><\/a>\n\t<\/div>\n\n\t<div class=\"anwp-pg-post-teaser__content flex-grow-1 pt-1 d-flex flex-column\">\n\n\t\t<div class=\"anwp-pg-post-teaser__title anwp-font-heading mt-2\">\n\t\t\t<a class=\"anwp-link-without-effects\" href=\"https:\/\/ganvam.es\/expoganvam\/ya-estan-disponibles-las-entradas-para-la-quinta-edicion-de-expo-ganvam\/\" aria-hidden=\"true\" >\n\t\t\t\tYa est\u00e1n disponibles las entradas para la quinta edici\u00f3n de eXpo GANVAM\t\t\t<\/a>\n\t\t<\/div>\n\n\t\t<div class=\"anwp-pg-post-teaser__bottom-meta d-flex flex-wrap\">\n\n\t\t\t\t\t\t\t<div class=\"anwp-pg-post-teaser__bottom-meta-item d-flex align-items-center mr-3\">\n\t\t\t\t\t<svg class=\"anwp-pg-icon anwp-pg-icon--s16 mr-1\">\n\t\t\t\t\t\t<use xlink:href=\"#icon-anwp-pg-calendar\"><\/use>\n\t\t\t\t\t<\/svg>\n\t\t\t\t\t<span class=\"posted-on m-0\"><span class=\"screen-reader-text\">Posted on<\/span><time class=\"anwp-pg-published\" datetime=\"2025-09-10T11:45:02+02:00\">septiembre 10, 2025<\/time><time class=\"anwp-pg-updated\" datetime=\"2025-09-10T11:45:02+02:00\">septiembre 10, 2025<\/time><\/span>\n\t\t\t\t<\/div>\n\t\t\t\t\n\t\t\t\t\t<\/div>\n\n\t\t\t\t\t<div class=\"anwp-pg-post-teaser__excerpt mb-2\">\n\t\t\t\teXpo Ganvam 2025, el congreso anual de la Asociaci\u00f3n Nacional de Vendedores y Reparadores de Veh\u00edculos (GANVAM), ya ha puesto a la venta las entradas para asistir a su quinta ...\t\t\t<\/div>\n\t\t\n\t\t\t\t\t<div class=\"w-100 anwp-pg-read-more mt-auto\">\n\t\t\t\t<a href=\"https:\/\/ganvam.es\/expoganvam\/ya-estan-disponibles-las-entradas-para-la-quinta-edicion-de-expo-ganvam\/\" \t\t\t\t\tclass=\"anwp-pg-read-more__btn mt-3 mb-0 btn btn-sm btn-outline-info w-100 text-decoration-none\">\n\t\t\t\t\tLeer m\u00e1s\t\t\t\t<\/a>\n\t\t\t<\/div>\n\t\t\n\t<\/div>\n\n<\/div>\n<div class=\"anwp-pg-post-teaser anwp-pg-post-teaser--inner-cover-link anwp-pg-post-teaser--layout-d d-flex flex-column anwp-col-lg-4 anwp-col-sm-6 anwp-col-12 anwp-pg-post-teaser--with-read-more \">\n\t<div class=\"anwp-pg-post-teaser__thumbnail position-relative\">\n\n\t\t\n\t\t\n\t\t\t\t\t<img loading=\"lazy\" class=\"anwp-pg-post-teaser__thumbnail-img d-block anwp-pg-height-180 anwp-object-cover m-0 w-100\"\n\t\t\t\talt=\"Santander Consumer Finance: \u201cla financiaci\u00f3n garantiza la movilidad de todos\u201d\"\n\t\t\t\tsrc=\"https:\/\/ganvam.es\/expoganvam\/wp-content\/uploads\/2024\/10\/ExpoGanvam24-116_websize-1024x683.jpg\"\/>\n\t\t\n\t\t<div class=\"anwp-pg-post-teaser__thumbnail-bg anwp-position-cover\"><\/div>\n\n\t\t<a class=\"anwp-position-cover anwp-link-without-effects\" href=\"https:\/\/ganvam.es\/expoganvam\/santander-consumer-finance-la-financiacion-garantiza-la-movilidad-de-todos\/\" aria-hidden=\"true\" ><\/a>\n\t<\/div>\n\n\t<div class=\"anwp-pg-post-teaser__content flex-grow-1 pt-1 d-flex flex-column\">\n\n\t\t<div class=\"anwp-pg-post-teaser__title anwp-font-heading mt-2\">\n\t\t\t<a class=\"anwp-link-without-effects\" href=\"https:\/\/ganvam.es\/expoganvam\/santander-consumer-finance-la-financiacion-garantiza-la-movilidad-de-todos\/\" aria-hidden=\"true\" >\n\t\t\t\tSantander Consumer Finance: \u201cla financiaci\u00f3n garantiza la movilidad de todos\u201d\t\t\t<\/a>\n\t\t<\/div>\n\n\t\t<div class=\"anwp-pg-post-teaser__bottom-meta d-flex flex-wrap\">\n\n\t\t\t\t\t\t\t<div class=\"anwp-pg-post-teaser__bottom-meta-item d-flex align-items-center mr-3\">\n\t\t\t\t\t<svg class=\"anwp-pg-icon anwp-pg-icon--s16 mr-1\">\n\t\t\t\t\t\t<use xlink:href=\"#icon-anwp-pg-calendar\"><\/use>\n\t\t\t\t\t<\/svg>\n\t\t\t\t\t<span class=\"posted-on m-0\"><span class=\"screen-reader-text\">Posted on<\/span><time class=\"anwp-pg-published\" datetime=\"2024-10-29T13:43:53+02:00\">octubre 29, 2024<\/time><time class=\"anwp-pg-updated\" datetime=\"2024-10-30T12:35:13+02:00\">octubre 30, 2024<\/time><\/span>\n\t\t\t\t<\/div>\n\t\t\t\t\n\t\t\t\t\t<\/div>\n\n\t\t\t\t\t<div class=\"anwp-pg-post-teaser__excerpt mb-2\">\n\t\t\t\tLas principales entidades que operan en el mercado espa\u00f1ol debatieron en eXpo GANVAM 2024 sobre el papel que juegan en el ecosistema de la movilidad Los participantes coincidieron en la ...\t\t\t<\/div>\n\t\t\n\t\t\t\t\t<div class=\"w-100 anwp-pg-read-more mt-auto\">\n\t\t\t\t<a href=\"https:\/\/ganvam.es\/expoganvam\/santander-consumer-finance-la-financiacion-garantiza-la-movilidad-de-todos\/\" \t\t\t\t\tclass=\"anwp-pg-read-more__btn mt-3 mb-0 btn btn-sm btn-outline-info w-100 text-decoration-none\">\n\t\t\t\t\tLeer m\u00e1s\t\t\t\t<\/a>\n\t\t\t<\/div>\n\t\t\n\t<\/div>\n\n<\/div>\n<div class=\"anwp-pg-post-teaser anwp-pg-post-teaser--inner-cover-link anwp-pg-post-teaser--layout-d d-flex flex-column anwp-col-lg-4 anwp-col-sm-6 anwp-col-12 anwp-pg-post-teaser--with-read-more \">\n\t<div class=\"anwp-pg-post-teaser__thumbnail position-relative\">\n\n\t\t\n\t\t\n\t\t\t\t\t<img loading=\"lazy\" class=\"anwp-pg-post-teaser__thumbnail-img d-block anwp-pg-height-180 anwp-object-cover m-0 w-100\"\n\t\t\t\talt=\"GDV Mobility y Ringr, mejores proyectos de la primera edici\u00f3n GANVAM Auto Startups en eXpo GANVAM 2024\"\n\t\t\t\tsrc=\"https:\/\/ganvam.es\/expoganvam\/wp-content\/uploads\/2024\/10\/ExpoGanvam24-186_websize-1024x683.jpg\"\/>\n\t\t\n\t\t<div class=\"anwp-pg-post-teaser__thumbnail-bg anwp-position-cover\"><\/div>\n\n\t\t<a class=\"anwp-position-cover anwp-link-without-effects\" href=\"https:\/\/ganvam.es\/expoganvam\/gdv-mobility-y-ringr-mejores-proyectos-de-la-primera-edicion-ganvam-auto-startups-en-expo-ganvam-2024\/\" aria-hidden=\"true\" ><\/a>\n\t<\/div>\n\n\t<div class=\"anwp-pg-post-teaser__content flex-grow-1 pt-1 d-flex flex-column\">\n\n\t\t<div class=\"anwp-pg-post-teaser__title anwp-font-heading mt-2\">\n\t\t\t<a class=\"anwp-link-without-effects\" href=\"https:\/\/ganvam.es\/expoganvam\/gdv-mobility-y-ringr-mejores-proyectos-de-la-primera-edicion-ganvam-auto-startups-en-expo-ganvam-2024\/\" aria-hidden=\"true\" >\n\t\t\t\tGDV Mobility y Ringr, mejores proyectos de la primera edici\u00f3n GANVAM Auto Startups en eXpo GANVAM 2024\t\t\t<\/a>\n\t\t<\/div>\n\n\t\t<div class=\"anwp-pg-post-teaser__bottom-meta d-flex flex-wrap\">\n\n\t\t\t\t\t\t\t<div class=\"anwp-pg-post-teaser__bottom-meta-item d-flex align-items-center mr-3\">\n\t\t\t\t\t<svg class=\"anwp-pg-icon anwp-pg-icon--s16 mr-1\">\n\t\t\t\t\t\t<use xlink:href=\"#icon-anwp-pg-calendar\"><\/use>\n\t\t\t\t\t<\/svg>\n\t\t\t\t\t<span class=\"posted-on m-0\"><span class=\"screen-reader-text\">Posted on<\/span><time class=\"anwp-pg-published\" datetime=\"2024-10-21T13:59:43+02:00\">octubre 21, 2024<\/time><time class=\"anwp-pg-updated\" datetime=\"2024-10-21T13:59:43+02:00\">octubre 21, 2024<\/time><\/span>\n\t\t\t\t<\/div>\n\t\t\t\t\n\t\t\t\t\t<\/div>\n\n\t\t\t\t\t<div class=\"anwp-pg-post-teaser__excerpt mb-2\">\n\t\t\t\tEl reacondicionamiento de bater\u00edas de veh\u00edculos el\u00e9ctricos y la inteligencia artificial aplicada a la atenci\u00f3n telef\u00f3nica se alzaron como las propuestas m\u00e1s disruptivas del sector automoci\u00f3n. El objetivo de la ...\t\t\t<\/div>\n\t\t\n\t\t\t\t\t<div class=\"w-100 anwp-pg-read-more mt-auto\">\n\t\t\t\t<a href=\"https:\/\/ganvam.es\/expoganvam\/gdv-mobility-y-ringr-mejores-proyectos-de-la-primera-edicion-ganvam-auto-startups-en-expo-ganvam-2024\/\" \t\t\t\t\tclass=\"anwp-pg-read-more__btn mt-3 mb-0 btn btn-sm btn-outline-info w-100 text-decoration-none\">\n\t\t\t\t\tLeer m\u00e1s\t\t\t\t<\/a>\n\t\t\t<\/div>\n\t\t\n\t<\/div>\n\n<\/div>\n<div class=\"anwp-pg-post-teaser anwp-pg-post-teaser--inner-cover-link anwp-pg-post-teaser--layout-d d-flex flex-column anwp-col-lg-4 anwp-col-sm-6 anwp-col-12 anwp-pg-post-teaser--with-read-more \">\n\t<div class=\"anwp-pg-post-teaser__thumbnail position-relative\">\n\n\t\t\n\t\t\n\t\t\t\t\t<img loading=\"lazy\" class=\"anwp-pg-post-teaser__thumbnail-img d-block anwp-pg-height-180 anwp-object-cover m-0 w-100\"\n\t\t\t\talt=\"La cuarta edici\u00f3n de los premios GANVAM reconoce a los protagonistas del sector\"\n\t\t\t\tsrc=\"https:\/\/ganvam.es\/expoganvam\/wp-content\/uploads\/2024\/10\/ExpoGanvam24-336_websize-1024x683.jpg\"\/>\n\t\t\n\t\t<div class=\"anwp-pg-post-teaser__thumbnail-bg anwp-position-cover\"><\/div>\n\n\t\t<a class=\"anwp-position-cover anwp-link-without-effects\" href=\"https:\/\/ganvam.es\/expoganvam\/la-cuarta-edicion-de-los-premios-ganvam-reconoce-a-los-protagonistas-del-sector\/\" aria-hidden=\"true\" ><\/a>\n\t<\/div>\n\n\t<div class=\"anwp-pg-post-teaser__content flex-grow-1 pt-1 d-flex flex-column\">\n\n\t\t<div class=\"anwp-pg-post-teaser__title anwp-font-heading mt-2\">\n\t\t\t<a class=\"anwp-link-without-effects\" href=\"https:\/\/ganvam.es\/expoganvam\/la-cuarta-edicion-de-los-premios-ganvam-reconoce-a-los-protagonistas-del-sector\/\" aria-hidden=\"true\" >\n\t\t\t\tLa cuarta edici\u00f3n de los premios GANVAM reconoce a los protagonistas del sector\t\t\t<\/a>\n\t\t<\/div>\n\n\t\t<div class=\"anwp-pg-post-teaser__bottom-meta d-flex flex-wrap\">\n\n\t\t\t\t\t\t\t<div class=\"anwp-pg-post-teaser__bottom-meta-item d-flex align-items-center mr-3\">\n\t\t\t\t\t<svg class=\"anwp-pg-icon anwp-pg-icon--s16 mr-1\">\n\t\t\t\t\t\t<use xlink:href=\"#icon-anwp-pg-calendar\"><\/use>\n\t\t\t\t\t<\/svg>\n\t\t\t\t\t<span class=\"posted-on m-0\"><span class=\"screen-reader-text\">Posted on<\/span><time class=\"anwp-pg-published\" datetime=\"2024-10-11T14:07:20+02:00\">octubre 11, 2024<\/time><time class=\"anwp-pg-updated\" datetime=\"2024-10-11T14:07:20+02:00\">octubre 11, 2024<\/time><\/span>\n\t\t\t\t<\/div>\n\t\t\t\t\n\t\t\t\t\t<\/div>\n\n\t\t\t\t\t<div class=\"anwp-pg-post-teaser__excerpt mb-2\">\n\t\t\t\tEn total se ha reconocido a nueve protagonistas dentro de cinco categor\u00edas diferentes En esta edici\u00f3n se ha incluido, como novedad, el premio a la proximidad Madrid, 11 de octubre ...\t\t\t<\/div>\n\t\t\n\t\t\t\t\t<div class=\"w-100 anwp-pg-read-more mt-auto\">\n\t\t\t\t<a href=\"https:\/\/ganvam.es\/expoganvam\/la-cuarta-edicion-de-los-premios-ganvam-reconoce-a-los-protagonistas-del-sector\/\" \t\t\t\t\tclass=\"anwp-pg-read-more__btn mt-3 mb-0 btn btn-sm btn-outline-info w-100 text-decoration-none\">\n\t\t\t\t\tLeer m\u00e1s\t\t\t\t<\/a>\n\t\t\t<\/div>\n\t\t\n\t<\/div>\n\n<\/div>\n<div class=\"anwp-pg-post-teaser anwp-pg-post-teaser--inner-cover-link anwp-pg-post-teaser--layout-d d-flex flex-column anwp-col-lg-4 anwp-col-sm-6 anwp-col-12 anwp-pg-post-teaser--with-read-more \">\n\t<div class=\"anwp-pg-post-teaser__thumbnail position-relative\">\n\n\t\t\n\t\t\n\t\t\t\t\t<img loading=\"lazy\" class=\"anwp-pg-post-teaser__thumbnail-img d-block anwp-pg-height-180 anwp-object-cover m-0 w-100\"\n\t\t\t\talt=\"eXpo GANVAM 2024 se reafirma como punto de encuentro clave para el sector de la movilidad en Espa\u00f1a\"\n\t\t\t\tsrc=\"https:\/\/ganvam.es\/expoganvam\/wp-content\/uploads\/2024\/10\/ExpoGanvam24-99_websize-1024x683.jpg\"\/>\n\t\t\n\t\t<div class=\"anwp-pg-post-teaser__thumbnail-bg anwp-position-cover\"><\/div>\n\n\t\t<a class=\"anwp-position-cover anwp-link-without-effects\" href=\"https:\/\/ganvam.es\/expoganvam\/expo-ganvam-2024-se-reafirma-como-punto-de-encuentro-clave-para-el-sector-de-la-movilidad-en-espana\/\" aria-hidden=\"true\" ><\/a>\n\t<\/div>\n\n\t<div class=\"anwp-pg-post-teaser__content flex-grow-1 pt-1 d-flex flex-column\">\n\n\t\t<div class=\"anwp-pg-post-teaser__title anwp-font-heading mt-2\">\n\t\t\t<a class=\"anwp-link-without-effects\" href=\"https:\/\/ganvam.es\/expoganvam\/expo-ganvam-2024-se-reafirma-como-punto-de-encuentro-clave-para-el-sector-de-la-movilidad-en-espana\/\" aria-hidden=\"true\" >\n\t\t\t\teXpo GANVAM 2024 se reafirma como punto de encuentro clave para el sector de la movilidad en Espa\u00f1a\t\t\t<\/a>\n\t\t<\/div>\n\n\t\t<div class=\"anwp-pg-post-teaser__bottom-meta d-flex flex-wrap\">\n\n\t\t\t\t\t\t\t<div class=\"anwp-pg-post-teaser__bottom-meta-item d-flex align-items-center mr-3\">\n\t\t\t\t\t<svg class=\"anwp-pg-icon anwp-pg-icon--s16 mr-1\">\n\t\t\t\t\t\t<use xlink:href=\"#icon-anwp-pg-calendar\"><\/use>\n\t\t\t\t\t<\/svg>\n\t\t\t\t\t<span class=\"posted-on m-0\"><span class=\"screen-reader-text\">Posted on<\/span><time class=\"anwp-pg-published\" datetime=\"2024-10-11T11:37:57+02:00\">octubre 11, 2024<\/time><time class=\"anwp-pg-updated\" datetime=\"2024-10-11T13:18:17+02:00\">octubre 11, 2024<\/time><\/span>\n\t\t\t\t<\/div>\n\t\t\t\t\n\t\t\t\t\t<\/div>\n\n\t\t\t\t\t<div class=\"anwp-pg-post-teaser__excerpt mb-2\">\n\t\t\t\tM\u00e1s de 2.000 personas pasaron por esta jornada que cuenta con el apoyo de casi 60 empresas. La cuarta edici\u00f3n del congreso se celebr\u00f3 en formato de programa de TV ...\t\t\t<\/div>\n\t\t\n\t\t\t\t\t<div class=\"w-100 anwp-pg-read-more mt-auto\">\n\t\t\t\t<a href=\"https:\/\/ganvam.es\/expoganvam\/expo-ganvam-2024-se-reafirma-como-punto-de-encuentro-clave-para-el-sector-de-la-movilidad-en-espana\/\" \t\t\t\t\tclass=\"anwp-pg-read-more__btn mt-3 mb-0 btn btn-sm btn-outline-info w-100 text-decoration-none\">\n\t\t\t\t\tLeer m\u00e1s\t\t\t\t<\/a>\n\t\t\t<\/div>\n\t\t\n\t<\/div>\n\n<\/div>\n<div class=\"anwp-pg-post-teaser anwp-pg-post-teaser--inner-cover-link anwp-pg-post-teaser--layout-d d-flex flex-column anwp-col-lg-4 anwp-col-sm-6 anwp-col-12 anwp-pg-post-teaser--with-read-more \">\n\t<div class=\"anwp-pg-post-teaser__thumbnail position-relative\">\n\n\t\t\n\t\t\n\t\t\t\t\t<img loading=\"lazy\" class=\"anwp-pg-post-teaser__thumbnail-img d-block anwp-pg-height-180 anwp-object-cover m-0 w-100\"\n\t\t\t\talt=\"GANVAM Auto Startups: la aceleradora de empresas del sector de la movilidad\"\n\t\t\t\tsrc=\"https:\/\/ganvam.es\/expoganvam\/wp-content\/uploads\/2024\/10\/Foto-noticia-8-1024x576.png\"\/>\n\t\t\n\t\t<div class=\"anwp-pg-post-teaser__thumbnail-bg anwp-position-cover\"><\/div>\n\n\t\t<a class=\"anwp-position-cover anwp-link-without-effects\" href=\"https:\/\/ganvam.es\/expoganvam\/ganvam-auto-startups-la-aceleradora-de-startups-del-sector-de-la-movilidad\/\" aria-hidden=\"true\" ><\/a>\n\t<\/div>\n\n\t<div class=\"anwp-pg-post-teaser__content flex-grow-1 pt-1 d-flex flex-column\">\n\n\t\t<div class=\"anwp-pg-post-teaser__title anwp-font-heading mt-2\">\n\t\t\t<a class=\"anwp-link-without-effects\" href=\"https:\/\/ganvam.es\/expoganvam\/ganvam-auto-startups-la-aceleradora-de-startups-del-sector-de-la-movilidad\/\" aria-hidden=\"true\" >\n\t\t\t\tGANVAM Auto Startups: la aceleradora de empresas del sector de la movilidad\t\t\t<\/a>\n\t\t<\/div>\n\n\t\t<div class=\"anwp-pg-post-teaser__bottom-meta d-flex flex-wrap\">\n\n\t\t\t\t\t\t\t<div class=\"anwp-pg-post-teaser__bottom-meta-item d-flex align-items-center mr-3\">\n\t\t\t\t\t<svg class=\"anwp-pg-icon anwp-pg-icon--s16 mr-1\">\n\t\t\t\t\t\t<use xlink:href=\"#icon-anwp-pg-calendar\"><\/use>\n\t\t\t\t\t<\/svg>\n\t\t\t\t\t<span class=\"posted-on m-0\"><span class=\"screen-reader-text\">Posted on<\/span><time class=\"anwp-pg-published\" datetime=\"2024-10-01T16:42:16+02:00\">octubre 1, 2024<\/time><time class=\"anwp-pg-updated\" datetime=\"2024-10-02T09:45:04+02:00\">octubre 2, 2024<\/time><\/span>\n\t\t\t\t<\/div>\n\t\t\t\t\n\t\t\t\t\t<\/div>\n\n\t\t\t\t\t<div class=\"anwp-pg-post-teaser__excerpt mb-2\">\n\t\t\t\tEl pr\u00f3ximo 10 de octubre, el Centro de Convenciones Norte de IFEMA se convertir\u00e1 en el epicentro de la innovaci\u00f3n de la distribuci\u00f3n de veh\u00edculos con la celebraci\u00f3n de eXpo ...\t\t\t<\/div>\n\t\t\n\t\t\t\t\t<div class=\"w-100 anwp-pg-read-more mt-auto\">\n\t\t\t\t<a href=\"https:\/\/ganvam.es\/expoganvam\/ganvam-auto-startups-la-aceleradora-de-startups-del-sector-de-la-movilidad\/\" \t\t\t\t\tclass=\"anwp-pg-read-more__btn mt-3 mb-0 btn btn-sm btn-outline-info w-100 text-decoration-none\">\n\t\t\t\t\tLeer m\u00e1s\t\t\t\t<\/a>\n\t\t\t<\/div>\n\t\t\n\t<\/div>\n\n<\/div>\n<div class=\"anwp-pg-post-teaser anwp-pg-post-teaser--inner-cover-link anwp-pg-post-teaser--layout-d d-flex flex-column anwp-col-lg-4 anwp-col-sm-6 anwp-col-12 anwp-pg-post-teaser--with-read-more \">\n\t<div class=\"anwp-pg-post-teaser__thumbnail position-relative\">\n\n\t\t\n\t\t\n\t\t\t\t\t<img loading=\"lazy\" class=\"anwp-pg-post-teaser__thumbnail-img d-block anwp-pg-height-180 anwp-object-cover m-0 w-100\"\n\t\t\t\talt=\"Solera abordar\u00e1 la realidad del parque automovil\u00edstico en Espa\u00f1a en eXpo Ganvam 2024\"\n\t\t\t\tsrc=\"https:\/\/ganvam.es\/expoganvam\/wp-content\/uploads\/2024\/09\/Foto-noticia-7-1024x576.png\"\/>\n\t\t\n\t\t<div class=\"anwp-pg-post-teaser__thumbnail-bg anwp-position-cover\"><\/div>\n\n\t\t<a class=\"anwp-position-cover anwp-link-without-effects\" href=\"https:\/\/ganvam.es\/expoganvam\/solera-abordara-la-realidad-del-parque-automovilistico-en-espana-en-expo-ganvam-2024\/\" aria-hidden=\"true\" ><\/a>\n\t<\/div>\n\n\t<div class=\"anwp-pg-post-teaser__content flex-grow-1 pt-1 d-flex flex-column\">\n\n\t\t<div class=\"anwp-pg-post-teaser__title anwp-font-heading mt-2\">\n\t\t\t<a class=\"anwp-link-without-effects\" href=\"https:\/\/ganvam.es\/expoganvam\/solera-abordara-la-realidad-del-parque-automovilistico-en-espana-en-expo-ganvam-2024\/\" aria-hidden=\"true\" >\n\t\t\t\tSolera abordar\u00e1 la realidad del parque automovil\u00edstico en Espa\u00f1a en eXpo Ganvam 2024\t\t\t<\/a>\n\t\t<\/div>\n\n\t\t<div class=\"anwp-pg-post-teaser__bottom-meta d-flex flex-wrap\">\n\n\t\t\t\t\t\t\t<div class=\"anwp-pg-post-teaser__bottom-meta-item d-flex align-items-center mr-3\">\n\t\t\t\t\t<svg class=\"anwp-pg-icon anwp-pg-icon--s16 mr-1\">\n\t\t\t\t\t\t<use xlink:href=\"#icon-anwp-pg-calendar\"><\/use>\n\t\t\t\t\t<\/svg>\n\t\t\t\t\t<span class=\"posted-on m-0\"><span class=\"screen-reader-text\">Posted on<\/span><time class=\"anwp-pg-published\" datetime=\"2024-09-30T13:35:45+02:00\">septiembre 30, 2024<\/time><time class=\"anwp-pg-updated\" datetime=\"2024-09-30T13:35:45+02:00\">septiembre 30, 2024<\/time><\/span>\n\t\t\t\t<\/div>\n\t\t\t\t\n\t\t\t\t\t<\/div>\n\n\t\t\t\t\t<div class=\"anwp-pg-post-teaser__excerpt mb-2\">\n\t\t\t\teXpo GANVAM 2024, que se celebrar\u00e1 el pr\u00f3ximo 10 de octubre en IFEMA Madrid, reunir\u00e1 a m\u00e1s de mil profesionales del sector de la distribuci\u00f3n de veh\u00edculos. El evento, que ...\t\t\t<\/div>\n\t\t\n\t\t\t\t\t<div class=\"w-100 anwp-pg-read-more mt-auto\">\n\t\t\t\t<a href=\"https:\/\/ganvam.es\/expoganvam\/solera-abordara-la-realidad-del-parque-automovilistico-en-espana-en-expo-ganvam-2024\/\" \t\t\t\t\tclass=\"anwp-pg-read-more__btn mt-3 mb-0 btn btn-sm btn-outline-info w-100 text-decoration-none\">\n\t\t\t\t\tLeer m\u00e1s\t\t\t\t<\/a>\n\t\t\t<\/div>\n\t\t\n\t<\/div>\n\n<\/div>\n<div class=\"anwp-pg-post-teaser anwp-pg-post-teaser--inner-cover-link anwp-pg-post-teaser--layout-d d-flex flex-column anwp-col-lg-4 anwp-col-sm-6 anwp-col-12 anwp-pg-post-teaser--with-read-more \">\n\t<div class=\"anwp-pg-post-teaser__thumbnail position-relative\">\n\n\t\t\n\t\t\n\t\t\t\t\t<img loading=\"lazy\" class=\"anwp-pg-post-teaser__thumbnail-img d-block anwp-pg-height-180 anwp-object-cover m-0 w-100\"\n\t\t\t\talt=\"GANVAM y Garant\u00eda Global reconocen a los peque\u00f1os y medianos distribuidores multimarca con la creaci\u00f3n del Premio \u00abProximidad\u00bb\"\n\t\t\t\tsrc=\"https:\/\/ganvam.es\/expoganvam\/wp-content\/uploads\/2024\/09\/Foto-noticia-6-1024x576.png\"\/>\n\t\t\n\t\t<div class=\"anwp-pg-post-teaser__thumbnail-bg anwp-position-cover\"><\/div>\n\n\t\t<a class=\"anwp-position-cover anwp-link-without-effects\" href=\"https:\/\/ganvam.es\/expoganvam\/ganvam-y-garantia-global-reconocen-a-los-pequenos-y-medianos-distribuidores-multimarca-con-la-creacion-del-premio-proximidad\/\" aria-hidden=\"true\" ><\/a>\n\t<\/div>\n\n\t<div class=\"anwp-pg-post-teaser__content flex-grow-1 pt-1 d-flex flex-column\">\n\n\t\t<div class=\"anwp-pg-post-teaser__title anwp-font-heading mt-2\">\n\t\t\t<a class=\"anwp-link-without-effects\" href=\"https:\/\/ganvam.es\/expoganvam\/ganvam-y-garantia-global-reconocen-a-los-pequenos-y-medianos-distribuidores-multimarca-con-la-creacion-del-premio-proximidad\/\" aria-hidden=\"true\" >\n\t\t\t\tGANVAM y Garant\u00eda Global reconocen a los peque\u00f1os y medianos distribuidores multimarca con la creaci\u00f3n del Premio \u00abProximidad\u00bb\t\t\t<\/a>\n\t\t<\/div>\n\n\t\t<div class=\"anwp-pg-post-teaser__bottom-meta d-flex flex-wrap\">\n\n\t\t\t\t\t\t\t<div class=\"anwp-pg-post-teaser__bottom-meta-item d-flex align-items-center mr-3\">\n\t\t\t\t\t<svg class=\"anwp-pg-icon anwp-pg-icon--s16 mr-1\">\n\t\t\t\t\t\t<use xlink:href=\"#icon-anwp-pg-calendar\"><\/use>\n\t\t\t\t\t<\/svg>\n\t\t\t\t\t<span class=\"posted-on m-0\"><span class=\"screen-reader-text\">Posted on<\/span><time class=\"anwp-pg-published\" datetime=\"2024-09-25T12:41:12+02:00\">septiembre 25, 2024<\/time><time class=\"anwp-pg-updated\" datetime=\"2024-09-25T12:41:12+02:00\">septiembre 25, 2024<\/time><\/span>\n\t\t\t\t<\/div>\n\t\t\t\t\n\t\t\t\t\t<\/div>\n\n\t\t\t\t\t<div class=\"anwp-pg-post-teaser__excerpt mb-2\">\n\t\t\t\tEl ganador del galard\u00f3n recibir\u00e1 un reconocimiento oficial en eXpo GANVAM, evento de referencia en el sector de la automoci\u00f3n que tendr\u00e1 lugar el pr\u00f3ximo 10 de octubre en Centro ...\t\t\t<\/div>\n\t\t\n\t\t\t\t\t<div class=\"w-100 anwp-pg-read-more mt-auto\">\n\t\t\t\t<a href=\"https:\/\/ganvam.es\/expoganvam\/ganvam-y-garantia-global-reconocen-a-los-pequenos-y-medianos-distribuidores-multimarca-con-la-creacion-del-premio-proximidad\/\" \t\t\t\t\tclass=\"anwp-pg-read-more__btn mt-3 mb-0 btn btn-sm btn-outline-info w-100 text-decoration-none\">\n\t\t\t\t\tLeer m\u00e1s\t\t\t\t<\/a>\n\t\t\t<\/div>\n\t\t\n\t<\/div>\n\n<\/div>\n<div class=\"anwp-pg-post-teaser anwp-pg-post-teaser--inner-cover-link anwp-pg-post-teaser--layout-d d-flex flex-column anwp-col-lg-4 anwp-col-sm-6 anwp-col-12 anwp-pg-post-teaser--with-read-more \">\n\t<div class=\"anwp-pg-post-teaser__thumbnail position-relative\">\n\n\t\t\n\t\t\n\t\t\t\t\t<img loading=\"lazy\" class=\"anwp-pg-post-teaser__thumbnail-img d-block anwp-pg-height-180 anwp-object-cover m-0 w-100\"\n\t\t\t\talt=\"\u00bfQu\u00e9 puede pedirle tu empresa a la IA? Enrique Dans te lo cuenta en eXpo Ganvam 2024\"\n\t\t\t\tsrc=\"https:\/\/ganvam.es\/expoganvam\/wp-content\/uploads\/2024\/09\/Foto-noticia-5-1024x576.png\"\/>\n\t\t\n\t\t<div class=\"anwp-pg-post-teaser__thumbnail-bg anwp-position-cover\"><\/div>\n\n\t\t<a class=\"anwp-position-cover anwp-link-without-effects\" href=\"https:\/\/ganvam.es\/expoganvam\/que-puede-pedirle-tu-empresa-a-la-ia-enrique-dans-te-lo-cuenta-en-expo-ganvam-2024\/\" aria-hidden=\"true\" ><\/a>\n\t<\/div>\n\n\t<div class=\"anwp-pg-post-teaser__content flex-grow-1 pt-1 d-flex flex-column\">\n\n\t\t<div class=\"anwp-pg-post-teaser__title anwp-font-heading mt-2\">\n\t\t\t<a class=\"anwp-link-without-effects\" href=\"https:\/\/ganvam.es\/expoganvam\/que-puede-pedirle-tu-empresa-a-la-ia-enrique-dans-te-lo-cuenta-en-expo-ganvam-2024\/\" aria-hidden=\"true\" >\n\t\t\t\t\u00bfQu\u00e9 puede pedirle tu empresa a la IA? Enrique Dans te lo cuenta en eXpo Ganvam 2024\t\t\t<\/a>\n\t\t<\/div>\n\n\t\t<div class=\"anwp-pg-post-teaser__bottom-meta d-flex flex-wrap\">\n\n\t\t\t\t\t\t\t<div class=\"anwp-pg-post-teaser__bottom-meta-item d-flex align-items-center mr-3\">\n\t\t\t\t\t<svg class=\"anwp-pg-icon anwp-pg-icon--s16 mr-1\">\n\t\t\t\t\t\t<use xlink:href=\"#icon-anwp-pg-calendar\"><\/use>\n\t\t\t\t\t<\/svg>\n\t\t\t\t\t<span class=\"posted-on m-0\"><span class=\"screen-reader-text\">Posted on<\/span><time class=\"anwp-pg-published\" datetime=\"2024-09-24T09:16:40+02:00\">septiembre 24, 2024<\/time><time class=\"anwp-pg-updated\" datetime=\"2024-09-24T09:19:35+02:00\">septiembre 24, 2024<\/time><\/span>\n\t\t\t\t<\/div>\n\t\t\t\t\n\t\t\t\t\t<\/div>\n\n\t\t\t\t\t<div class=\"anwp-pg-post-teaser__excerpt mb-2\">\n\t\t\t\teXpo GANVAM 2024, que reunir\u00e1 en IFEMA Madrid el pr\u00f3ximo 10 de octubre a m\u00e1s de mil profesionales del sector de la distribuci\u00f3n de veh\u00edculos y mantendr\u00e1 su impactante formato ...\t\t\t<\/div>\n\t\t\n\t\t\t\t\t<div class=\"w-100 anwp-pg-read-more mt-auto\">\n\t\t\t\t<a href=\"https:\/\/ganvam.es\/expoganvam\/que-puede-pedirle-tu-empresa-a-la-ia-enrique-dans-te-lo-cuenta-en-expo-ganvam-2024\/\" \t\t\t\t\tclass=\"anwp-pg-read-more__btn mt-3 mb-0 btn btn-sm btn-outline-info w-100 text-decoration-none\">\n\t\t\t\t\tLeer m\u00e1s\t\t\t\t<\/a>\n\t\t\t<\/div>\n\t\t\n\t<\/div>\n\n<\/div>\n<div class=\"anwp-pg-post-teaser anwp-pg-post-teaser--inner-cover-link anwp-pg-post-teaser--layout-d d-flex flex-column anwp-col-lg-4 anwp-col-sm-6 anwp-col-12 anwp-pg-post-teaser--with-read-more \">\n\t<div class=\"anwp-pg-post-teaser__thumbnail position-relative\">\n\n\t\t\n\t\t\n\t\t\t\t\t<img loading=\"lazy\" class=\"anwp-pg-post-teaser__thumbnail-img d-block anwp-pg-height-180 anwp-object-cover m-0 w-100\"\n\t\t\t\talt=\"GANVAM plantea un plan de incentivo al achatarramiento para reducir 300.000 toneladas de CO2 al a\u00f1o\"\n\t\t\t\tsrc=\"https:\/\/ganvam.es\/expoganvam\/wp-content\/uploads\/2024\/09\/Foto-noticia-4.png\"\/>\n\t\t\n\t\t<div class=\"anwp-pg-post-teaser__thumbnail-bg anwp-position-cover\"><\/div>\n\n\t\t<a class=\"anwp-position-cover anwp-link-without-effects\" href=\"https:\/\/ganvam.es\/expoganvam\/ganvam-plantea-un-plan-de-incentivo-al-achatarramiento-para-reducir-300-000-toneladas-de-co2-al-ano\/\" aria-hidden=\"true\" ><\/a>\n\t<\/div>\n\n\t<div class=\"anwp-pg-post-teaser__content flex-grow-1 pt-1 d-flex flex-column\">\n\n\t\t<div class=\"anwp-pg-post-teaser__title anwp-font-heading mt-2\">\n\t\t\t<a class=\"anwp-link-without-effects\" href=\"https:\/\/ganvam.es\/expoganvam\/ganvam-plantea-un-plan-de-incentivo-al-achatarramiento-para-reducir-300-000-toneladas-de-co2-al-ano\/\" aria-hidden=\"true\" >\n\t\t\t\tGANVAM plantea un plan de incentivo al achatarramiento para reducir 300.000 toneladas de CO2 al a\u00f1o\t\t\t<\/a>\n\t\t<\/div>\n\n\t\t<div class=\"anwp-pg-post-teaser__bottom-meta d-flex flex-wrap\">\n\n\t\t\t\t\t\t\t<div class=\"anwp-pg-post-teaser__bottom-meta-item d-flex align-items-center mr-3\">\n\t\t\t\t\t<svg class=\"anwp-pg-icon anwp-pg-icon--s16 mr-1\">\n\t\t\t\t\t\t<use xlink:href=\"#icon-anwp-pg-calendar\"><\/use>\n\t\t\t\t\t<\/svg>\n\t\t\t\t\t<span class=\"posted-on m-0\"><span class=\"screen-reader-text\">Posted on<\/span><time class=\"anwp-pg-published\" datetime=\"2024-09-23T13:56:41+02:00\">septiembre 23, 2024<\/time><time class=\"anwp-pg-updated\" datetime=\"2024-09-23T13:56:52+02:00\">septiembre 23, 2024<\/time><\/span>\n\t\t\t\t<\/div>\n\t\t\t\t\n\t\t\t\t\t<\/div>\n\n\t\t\t\t\t<div class=\"anwp-pg-post-teaser__excerpt mb-2\">\n\t\t\t\tDentro de su estrategia para convertir el rejuvenecimiento del parque en piedra angular de la descarbonizaci\u00f3n, la patronal plantea un plan que, con una dotaci\u00f3n de 500 millones, ayude a ...\t\t\t<\/div>\n\t\t\n\t\t\t\t\t<div class=\"w-100 anwp-pg-read-more mt-auto\">\n\t\t\t\t<a href=\"https:\/\/ganvam.es\/expoganvam\/ganvam-plantea-un-plan-de-incentivo-al-achatarramiento-para-reducir-300-000-toneladas-de-co2-al-ano\/\" \t\t\t\t\tclass=\"anwp-pg-read-more__btn mt-3 mb-0 btn btn-sm btn-outline-info w-100 text-decoration-none\">\n\t\t\t\t\tLeer m\u00e1s\t\t\t\t<\/a>\n\t\t\t<\/div>\n\t\t\n\t<\/div>\n\n<\/div>\n<div class=\"anwp-pg-post-teaser anwp-pg-post-teaser--inner-cover-link anwp-pg-post-teaser--layout-d d-flex flex-column anwp-col-lg-4 anwp-col-sm-6 anwp-col-12 anwp-pg-post-teaser--with-read-more \">\n\t<div class=\"anwp-pg-post-teaser__thumbnail position-relative\">\n\n\t\t\t\t\t<div class=\"anwp-pg-post-teaser__format-icon anwp-pg-post-teaser__format-icon--top d-flex align-items-center justify-content-center\">\n\t\t\t\t<svg class=\"anwp-pg-icon anwp-pg-icon--s18 anwp-pg-icon--white\">\n\t\t\t\t\t<use xlink:href=\"#icon-anwp-pg-play\"><\/use>\n\t\t\t\t<\/svg>\n\t\t\t<\/div>\n\t\t\n\t\t\n\t\t\t\t\t<img loading=\"lazy\" class=\"anwp-pg-post-teaser__thumbnail-img d-block anwp-pg-height-180 anwp-object-cover m-0 w-100\"\n\t\t\t\talt=\"El presidente de GANVAM te da las razones por las que no puedes perderte eXpo GANVAM 2024\"\n\t\t\t\tsrc=\"https:\/\/ganvam.es\/expoganvam\/wp-content\/uploads\/2024\/09\/Foto-noticia-3.png\"\/>\n\t\t\n\t\t<div class=\"anwp-pg-post-teaser__thumbnail-bg anwp-position-cover\"><\/div>\n\n\t\t<a class=\"anwp-position-cover anwp-link-without-effects\" href=\"https:\/\/ganvam.es\/expoganvam\/el-presidente-de-ganvam-te-da-las-razones-por-las-que-no-puedes-perderte-expo-ganvam-2024\/\" aria-hidden=\"true\" ><\/a>\n\t<\/div>\n\n\t<div class=\"anwp-pg-post-teaser__content flex-grow-1 pt-1 d-flex flex-column\">\n\n\t\t<div class=\"anwp-pg-post-teaser__title anwp-font-heading mt-2\">\n\t\t\t<a class=\"anwp-link-without-effects\" href=\"https:\/\/ganvam.es\/expoganvam\/el-presidente-de-ganvam-te-da-las-razones-por-las-que-no-puedes-perderte-expo-ganvam-2024\/\" aria-hidden=\"true\" >\n\t\t\t\tEl presidente de GANVAM te da las razones por las que no puedes perderte eXpo GANVAM 2024\t\t\t<\/a>\n\t\t<\/div>\n\n\t\t<div class=\"anwp-pg-post-teaser__bottom-meta d-flex flex-wrap\">\n\n\t\t\t\t\t\t\t<div class=\"anwp-pg-post-teaser__bottom-meta-item d-flex align-items-center mr-3\">\n\t\t\t\t\t<svg class=\"anwp-pg-icon anwp-pg-icon--s16 mr-1\">\n\t\t\t\t\t\t<use xlink:href=\"#icon-anwp-pg-calendar\"><\/use>\n\t\t\t\t\t<\/svg>\n\t\t\t\t\t<span class=\"posted-on m-0\"><span class=\"screen-reader-text\">Posted on<\/span><time class=\"anwp-pg-published\" datetime=\"2024-09-18T14:58:12+02:00\">septiembre 18, 2024<\/time><time class=\"anwp-pg-updated\" datetime=\"2024-09-25T10:59:36+02:00\">septiembre 25, 2024<\/time><\/span>\n\t\t\t\t<\/div>\n\t\t\t\t\n\t\t\t\t\t<\/div>\n\n\t\t\t\t\t<div class=\"anwp-pg-post-teaser__excerpt mb-2\">\n\t\t\t\tEl presidente de GANVAM, Ra\u00fal Palacios, te da las razones por las que no puedes perderte eXpo GANVAM 2024 el pr\u00f3ximo 10 de octubre. Raz\u00f3n 1: \u00bfQuieres seguir la estrategia ...\t\t\t<\/div>\n\t\t\n\t\t\t\t\t<div class=\"w-100 anwp-pg-read-more mt-auto\">\n\t\t\t\t<a href=\"https:\/\/ganvam.es\/expoganvam\/el-presidente-de-ganvam-te-da-las-razones-por-las-que-no-puedes-perderte-expo-ganvam-2024\/\" \t\t\t\t\tclass=\"anwp-pg-read-more__btn mt-3 mb-0 btn btn-sm btn-outline-info w-100 text-decoration-none\">\n\t\t\t\t\tLeer m\u00e1s\t\t\t\t<\/a>\n\t\t\t<\/div>\n\t\t\n\t<\/div>\n\n<\/div>\n<div class=\"anwp-pg-post-teaser anwp-pg-post-teaser--inner-cover-link anwp-pg-post-teaser--layout-d d-flex flex-column anwp-col-lg-4 anwp-col-sm-6 anwp-col-12 anwp-pg-post-teaser--with-read-more \">\n\t<div class=\"anwp-pg-post-teaser__thumbnail position-relative\">\n\n\t\t\n\t\t\n\t\t\t\t\t<img loading=\"lazy\" class=\"anwp-pg-post-teaser__thumbnail-img d-block anwp-pg-height-180 anwp-object-cover m-0 w-100\"\n\t\t\t\talt=\"Ya puedes descargar la App de eXpo GANVAM 2024\"\n\t\t\t\tsrc=\"https:\/\/ganvam.es\/expoganvam\/wp-content\/uploads\/2024\/09\/Foto-noticia-1-1024x576.jpg\"\/>\n\t\t\n\t\t<div class=\"anwp-pg-post-teaser__thumbnail-bg anwp-position-cover\"><\/div>\n\n\t\t<a class=\"anwp-position-cover anwp-link-without-effects\" href=\"https:\/\/ganvam.es\/expoganvam\/ya-puedes-descargar-la-app-de-expo-ganvam-2024\/\" aria-hidden=\"true\" ><\/a>\n\t<\/div>\n\n\t<div class=\"anwp-pg-post-teaser__content flex-grow-1 pt-1 d-flex flex-column\">\n\n\t\t<div class=\"anwp-pg-post-teaser__title anwp-font-heading mt-2\">\n\t\t\t<a class=\"anwp-link-without-effects\" href=\"https:\/\/ganvam.es\/expoganvam\/ya-puedes-descargar-la-app-de-expo-ganvam-2024\/\" aria-hidden=\"true\" >\n\t\t\t\tYa puedes descargar la App de eXpo GANVAM 2024\t\t\t<\/a>\n\t\t<\/div>\n\n\t\t<div class=\"anwp-pg-post-teaser__bottom-meta d-flex flex-wrap\">\n\n\t\t\t\t\t\t\t<div class=\"anwp-pg-post-teaser__bottom-meta-item d-flex align-items-center mr-3\">\n\t\t\t\t\t<svg class=\"anwp-pg-icon anwp-pg-icon--s16 mr-1\">\n\t\t\t\t\t\t<use xlink:href=\"#icon-anwp-pg-calendar\"><\/use>\n\t\t\t\t\t<\/svg>\n\t\t\t\t\t<span class=\"posted-on m-0\"><span class=\"screen-reader-text\">Posted on<\/span><time class=\"anwp-pg-published\" datetime=\"2024-09-18T09:41:46+02:00\">septiembre 18, 2024<\/time><time class=\"anwp-pg-updated\" datetime=\"2024-09-18T09:41:46+02:00\">septiembre 18, 2024<\/time><\/span>\n\t\t\t\t<\/div>\n\t\t\t\t\n\t\t\t\t\t<\/div>\n\n\t\t\t\t\t<div class=\"anwp-pg-post-teaser__excerpt mb-2\">\n\t\t\t\tLa Asociaci\u00f3n Nacional de Vendedores y Reparadores de Veh\u00edculos (GANVAM) ya ha lanzado la aplicaci\u00f3n exclusiva de eXpo GANVAM 2024 para los m\u00e1s de mil profesionales del sector de la ...\t\t\t<\/div>\n\t\t\n\t\t\t\t\t<div class=\"w-100 anwp-pg-read-more mt-auto\">\n\t\t\t\t<a href=\"https:\/\/ganvam.es\/expoganvam\/ya-puedes-descargar-la-app-de-expo-ganvam-2024\/\" \t\t\t\t\tclass=\"anwp-pg-read-more__btn mt-3 mb-0 btn btn-sm btn-outline-info w-100 text-decoration-none\">\n\t\t\t\t\tLeer m\u00e1s\t\t\t\t<\/a>\n\t\t\t<\/div>\n\t\t\n\t<\/div>\n\n<\/div>\n<div class=\"anwp-pg-post-teaser anwp-pg-post-teaser--inner-cover-link anwp-pg-post-teaser--layout-d d-flex flex-column anwp-col-lg-4 anwp-col-sm-6 anwp-col-12 anwp-pg-post-teaser--with-read-more \">\n\t<div class=\"anwp-pg-post-teaser__thumbnail position-relative\">\n\n\t\t\n\t\t\n\t\t\t\t\t<img loading=\"lazy\" class=\"anwp-pg-post-teaser__thumbnail-img d-block anwp-pg-height-180 anwp-object-cover m-0 w-100\"\n\t\t\t\talt=\"Patricia Betancort presentar\u00e1 eXpo GANVAM 2024\"\n\t\t\t\tsrc=\"https:\/\/ganvam.es\/expoganvam\/wp-content\/uploads\/2024\/09\/Foto-noticia-1-1024x576.png\"\/>\n\t\t\n\t\t<div class=\"anwp-pg-post-teaser__thumbnail-bg anwp-position-cover\"><\/div>\n\n\t\t<a class=\"anwp-position-cover anwp-link-without-effects\" href=\"https:\/\/ganvam.es\/expoganvam\/patricia-betancort-presentara-expo-ganvam-2024\/\" aria-hidden=\"true\" ><\/a>\n\t<\/div>\n\n\t<div class=\"anwp-pg-post-teaser__content flex-grow-1 pt-1 d-flex flex-column\">\n\n\t\t<div class=\"anwp-pg-post-teaser__title anwp-font-heading mt-2\">\n\t\t\t<a class=\"anwp-link-without-effects\" href=\"https:\/\/ganvam.es\/expoganvam\/patricia-betancort-presentara-expo-ganvam-2024\/\" aria-hidden=\"true\" >\n\t\t\t\tPatricia Betancort presentar\u00e1 eXpo GANVAM 2024\t\t\t<\/a>\n\t\t<\/div>\n\n\t\t<div class=\"anwp-pg-post-teaser__bottom-meta d-flex flex-wrap\">\n\n\t\t\t\t\t\t\t<div class=\"anwp-pg-post-teaser__bottom-meta-item d-flex align-items-center mr-3\">\n\t\t\t\t\t<svg class=\"anwp-pg-icon anwp-pg-icon--s16 mr-1\">\n\t\t\t\t\t\t<use xlink:href=\"#icon-anwp-pg-calendar\"><\/use>\n\t\t\t\t\t<\/svg>\n\t\t\t\t\t<span class=\"posted-on m-0\"><span class=\"screen-reader-text\">Posted on<\/span><time class=\"anwp-pg-published\" datetime=\"2024-09-13T13:06:15+02:00\">septiembre 13, 2024<\/time><time class=\"anwp-pg-updated\" datetime=\"2024-09-13T13:06:15+02:00\">septiembre 13, 2024<\/time><\/span>\n\t\t\t\t<\/div>\n\t\t\t\t\n\t\t\t\t\t<\/div>\n\n\t\t\t\t\t<div class=\"anwp-pg-post-teaser__excerpt mb-2\">\n\t\t\t\tLa periodista y presentadora, Patricia Betancort, ser\u00e1 la encargada de conducir la cuarta edici\u00f3n de eXpo GANVAM en un formado rompedor, inspirado en los matinales televisivos en directo, el pr\u00f3ximo ...\t\t\t<\/div>\n\t\t\n\t\t\t\t\t<div class=\"w-100 anwp-pg-read-more mt-auto\">\n\t\t\t\t<a href=\"https:\/\/ganvam.es\/expoganvam\/patricia-betancort-presentara-expo-ganvam-2024\/\" \t\t\t\t\tclass=\"anwp-pg-read-more__btn mt-3 mb-0 btn btn-sm btn-outline-info w-100 text-decoration-none\">\n\t\t\t\t\tLeer m\u00e1s\t\t\t\t<\/a>\n\t\t\t<\/div>\n\t\t\n\t<\/div>\n\n<\/div>\n<div class=\"anwp-pg-post-teaser anwp-pg-post-teaser--inner-cover-link anwp-pg-post-teaser--layout-d d-flex flex-column anwp-col-lg-4 anwp-col-sm-6 anwp-col-12 anwp-pg-post-teaser--with-read-more \">\n\t<div class=\"anwp-pg-post-teaser__thumbnail position-relative\">\n\n\t\t\n\t\t\n\t\t\t\t\t<img loading=\"lazy\" class=\"anwp-pg-post-teaser__thumbnail-img d-block anwp-pg-height-180 anwp-object-cover m-0 w-100\"\n\t\t\t\talt=\"Los asistentes a eXpo GANVAM 2024 volver\u00e1n a contar con el seguro de viaje de ERSM\"\n\t\t\t\tsrc=\"https:\/\/ganvam.es\/expoganvam\/wp-content\/uploads\/2024\/09\/Foto-noticia.png\"\/>\n\t\t\n\t\t<div class=\"anwp-pg-post-teaser__thumbnail-bg anwp-position-cover\"><\/div>\n\n\t\t<a class=\"anwp-position-cover anwp-link-without-effects\" href=\"https:\/\/ganvam.es\/expoganvam\/los-asistentes-a-expo-ganvam-2024-volveran-a-contar-con-el-seguro-de-viaje-de-ersm\/\" aria-hidden=\"true\" ><\/a>\n\t<\/div>\n\n\t<div class=\"anwp-pg-post-teaser__content flex-grow-1 pt-1 d-flex flex-column\">\n\n\t\t<div class=\"anwp-pg-post-teaser__title anwp-font-heading mt-2\">\n\t\t\t<a class=\"anwp-link-without-effects\" href=\"https:\/\/ganvam.es\/expoganvam\/los-asistentes-a-expo-ganvam-2024-volveran-a-contar-con-el-seguro-de-viaje-de-ersm\/\" aria-hidden=\"true\" >\n\t\t\t\tLos asistentes a eXpo GANVAM 2024 volver\u00e1n a contar con el seguro de viaje de ERSM\t\t\t<\/a>\n\t\t<\/div>\n\n\t\t<div class=\"anwp-pg-post-teaser__bottom-meta d-flex flex-wrap\">\n\n\t\t\t\t\t\t\t<div class=\"anwp-pg-post-teaser__bottom-meta-item d-flex align-items-center mr-3\">\n\t\t\t\t\t<svg class=\"anwp-pg-icon anwp-pg-icon--s16 mr-1\">\n\t\t\t\t\t\t<use xlink:href=\"#icon-anwp-pg-calendar\"><\/use>\n\t\t\t\t\t<\/svg>\n\t\t\t\t\t<span class=\"posted-on m-0\"><span class=\"screen-reader-text\">Posted on<\/span><time class=\"anwp-pg-published\" datetime=\"2024-09-13T09:09:36+02:00\">septiembre 13, 2024<\/time><time class=\"anwp-pg-updated\" datetime=\"2024-09-13T09:09:36+02:00\">septiembre 13, 2024<\/time><\/span>\n\t\t\t\t<\/div>\n\t\t\t\t\n\t\t\t\t\t<\/div>\n\n\t\t\t\t\t<div class=\"anwp-pg-post-teaser__excerpt mb-2\">\n\t\t\t\tCon el lema \u201cX la movilidad de todos\u201d, eXpo GANVAM 2024 se prepara para ser un punto de referencia de la movilidad.\t\t\t<\/div>\n\t\t\n\t\t\t\t\t<div class=\"w-100 anwp-pg-read-more mt-auto\">\n\t\t\t\t<a href=\"https:\/\/ganvam.es\/expoganvam\/los-asistentes-a-expo-ganvam-2024-volveran-a-contar-con-el-seguro-de-viaje-de-ersm\/\" \t\t\t\t\tclass=\"anwp-pg-read-more__btn mt-3 mb-0 btn btn-sm btn-outline-info w-100 text-decoration-none\">\n\t\t\t\t\tLeer m\u00e1s\t\t\t\t<\/a>\n\t\t\t<\/div>\n\t\t\n\t<\/div>\n\n<\/div>\n<div class=\"anwp-pg-post-teaser anwp-pg-post-teaser--inner-cover-link anwp-pg-post-teaser--layout-d d-flex flex-column anwp-col-lg-4 anwp-col-sm-6 anwp-col-12 anwp-pg-post-teaser--with-read-more \">\n\t<div class=\"anwp-pg-post-teaser__thumbnail position-relative\">\n\n\t\t\n\t\t\n\t\t\t\t\t<img loading=\"lazy\" class=\"anwp-pg-post-teaser__thumbnail-img d-block anwp-pg-height-180 anwp-object-cover m-0 w-100\"\n\t\t\t\talt=\"Ya est\u00e1n disponibles las entradas para la cuarta edici\u00f3n de eXpo GANVAM\"\n\t\t\t\tsrc=\"https:\/\/ganvam.es\/expoganvam\/wp-content\/uploads\/2024\/09\/Ya-estan-disponibles-las-entradas-para-la-cuarta-edicion-de-eXpo-GANVAM-1024x576.png\"\/>\n\t\t\n\t\t<div class=\"anwp-pg-post-teaser__thumbnail-bg anwp-position-cover\"><\/div>\n\n\t\t<a class=\"anwp-position-cover anwp-link-without-effects\" href=\"https:\/\/ganvam.es\/expoganvam\/ya-estan-disponibles-las-entradas-para-la-cuarta-edicion-de-expo-ganvam\/\" aria-hidden=\"true\" ><\/a>\n\t<\/div>\n\n\t<div class=\"anwp-pg-post-teaser__content flex-grow-1 pt-1 d-flex flex-column\">\n\n\t\t<div class=\"anwp-pg-post-teaser__title anwp-font-heading mt-2\">\n\t\t\t<a class=\"anwp-link-without-effects\" href=\"https:\/\/ganvam.es\/expoganvam\/ya-estan-disponibles-las-entradas-para-la-cuarta-edicion-de-expo-ganvam\/\" aria-hidden=\"true\" >\n\t\t\t\tYa est\u00e1n disponibles las entradas para la cuarta edici\u00f3n de eXpo GANVAM\t\t\t<\/a>\n\t\t<\/div>\n\n\t\t<div class=\"anwp-pg-post-teaser__bottom-meta d-flex flex-wrap\">\n\n\t\t\t\t\t\t\t<div class=\"anwp-pg-post-teaser__bottom-meta-item d-flex align-items-center mr-3\">\n\t\t\t\t\t<svg class=\"anwp-pg-icon anwp-pg-icon--s16 mr-1\">\n\t\t\t\t\t\t<use xlink:href=\"#icon-anwp-pg-calendar\"><\/use>\n\t\t\t\t\t<\/svg>\n\t\t\t\t\t<span class=\"posted-on m-0\"><span class=\"screen-reader-text\">Posted on<\/span><time class=\"anwp-pg-published\" datetime=\"2024-09-11T17:01:11+02:00\">septiembre 11, 2024<\/time><time class=\"anwp-pg-updated\" datetime=\"2024-09-11T17:07:44+02:00\">septiembre 11, 2024<\/time><\/span>\n\t\t\t\t<\/div>\n\t\t\t\t\n\t\t\t\t\t<\/div>\n\n\t\t\t\t\t<div class=\"anwp-pg-post-teaser__excerpt mb-2\">\n\t\t\t\tCon el lema \u201cX la movilidad de todos\u201d, eXpo GANVAM 2024 se prepara para ser un punto de referencia de la movilidad.\t\t\t<\/div>\n\t\t\n\t\t\t\t\t<div class=\"w-100 anwp-pg-read-more mt-auto\">\n\t\t\t\t<a href=\"https:\/\/ganvam.es\/expoganvam\/ya-estan-disponibles-las-entradas-para-la-cuarta-edicion-de-expo-ganvam\/\" \t\t\t\t\tclass=\"anwp-pg-read-more__btn mt-3 mb-0 btn btn-sm btn-outline-info w-100 text-decoration-none\">\n\t\t\t\t\tLeer m\u00e1s\t\t\t\t<\/a>\n\t\t\t<\/div>\n\t\t\n\t<\/div>\n\n<\/div>\n<div class=\"anwp-pg-post-teaser anwp-pg-post-teaser--inner-cover-link anwp-pg-post-teaser--layout-d d-flex flex-column anwp-col-lg-4 anwp-col-sm-6 anwp-col-12 anwp-pg-post-teaser--with-read-more \">\n\t<div class=\"anwp-pg-post-teaser__thumbnail position-relative\">\n\n\t\t\n\t\t\n\t\t\t\t\t<img loading=\"lazy\" class=\"anwp-pg-post-teaser__thumbnail-img d-block anwp-pg-height-180 anwp-object-cover m-0 w-100\"\n\t\t\t\talt=\"Un mes para la cita de referencia del sector de la movilidad\"\n\t\t\t\tsrc=\"https:\/\/ganvam.es\/expoganvam\/wp-content\/uploads\/2024\/09\/10-de-octubre-1024x576.png\"\/>\n\t\t\n\t\t<div class=\"anwp-pg-post-teaser__thumbnail-bg anwp-position-cover\"><\/div>\n\n\t\t<a class=\"anwp-position-cover anwp-link-without-effects\" href=\"https:\/\/ganvam.es\/expoganvam\/un-mes-para-la-cita-de-referencia-del-sector-de-la-movilidad\/\" aria-hidden=\"true\" ><\/a>\n\t<\/div>\n\n\t<div class=\"anwp-pg-post-teaser__content flex-grow-1 pt-1 d-flex flex-column\">\n\n\t\t<div class=\"anwp-pg-post-teaser__title anwp-font-heading mt-2\">\n\t\t\t<a class=\"anwp-link-without-effects\" href=\"https:\/\/ganvam.es\/expoganvam\/un-mes-para-la-cita-de-referencia-del-sector-de-la-movilidad\/\" aria-hidden=\"true\" >\n\t\t\t\tUn mes para la cita de referencia del sector de la movilidad\t\t\t<\/a>\n\t\t<\/div>\n\n\t\t<div class=\"anwp-pg-post-teaser__bottom-meta d-flex flex-wrap\">\n\n\t\t\t\t\t\t\t<div class=\"anwp-pg-post-teaser__bottom-meta-item d-flex align-items-center mr-3\">\n\t\t\t\t\t<svg class=\"anwp-pg-icon anwp-pg-icon--s16 mr-1\">\n\t\t\t\t\t\t<use xlink:href=\"#icon-anwp-pg-calendar\"><\/use>\n\t\t\t\t\t<\/svg>\n\t\t\t\t\t<span class=\"posted-on m-0\"><span class=\"screen-reader-text\">Posted on<\/span><time class=\"anwp-pg-published\" datetime=\"2024-09-10T12:47:46+02:00\">septiembre 10, 2024<\/time><time class=\"anwp-pg-updated\" datetime=\"2024-09-10T16:54:11+02:00\">septiembre 10, 2024<\/time><\/span>\n\t\t\t\t<\/div>\n\t\t\t\t\n\t\t\t\t\t<\/div>\n\n\t\t\t\t\t<div class=\"anwp-pg-post-teaser__excerpt mb-2\">\n\t\t\t\tLa cuarta edici\u00f3n de eXpo GANVAM llega tras el \u00e9xito del a\u00f1o pasado, que atrajo a m\u00e1s de mil asistentes con su innovador formato de programa de televisi\u00f3n en vivo. ...\t\t\t<\/div>\n\t\t\n\t\t\t\t\t<div class=\"w-100 anwp-pg-read-more mt-auto\">\n\t\t\t\t<a href=\"https:\/\/ganvam.es\/expoganvam\/un-mes-para-la-cita-de-referencia-del-sector-de-la-movilidad\/\" \t\t\t\t\tclass=\"anwp-pg-read-more__btn mt-3 mb-0 btn btn-sm btn-outline-info w-100 text-decoration-none\">\n\t\t\t\t\tLeer m\u00e1s\t\t\t\t<\/a>\n\t\t\t<\/div>\n\t\t\n\t<\/div>\n\n<\/div>\n<div class=\"anwp-pg-post-teaser anwp-pg-post-teaser--inner-cover-link anwp-pg-post-teaser--layout-d d-flex flex-column anwp-col-lg-4 anwp-col-sm-6 anwp-col-12 anwp-pg-post-teaser--with-read-more \">\n\t<div class=\"anwp-pg-post-teaser__thumbnail position-relative\">\n\n\t\t\n\t\t\n\t\t\t\t\t<img loading=\"lazy\" class=\"anwp-pg-post-teaser__thumbnail-img d-block anwp-pg-height-180 anwp-object-cover m-0 w-100\"\n\t\t\t\talt=\"La cuarta edici\u00f3n de eXpo GANVAM vuelve a contar con  el apoyo de un amplio grupo de empresas colaboradoras\"\n\t\t\t\tsrc=\"https:\/\/ganvam.es\/expoganvam\/wp-content\/uploads\/2024\/07\/eXpo-Ganvam-colaboradores-1024x681.jpg\"\/>\n\t\t\n\t\t<div class=\"anwp-pg-post-teaser__thumbnail-bg anwp-position-cover\"><\/div>\n\n\t\t<a class=\"anwp-position-cover anwp-link-without-effects\" href=\"https:\/\/ganvam.es\/expoganvam\/la-cuarta-edicion-de-expo-ganvam-vuelve-a-contar-con-el-apoyo-de-un-amplio-grupo-de-empresas-colaboradoras\/\" aria-hidden=\"true\" ><\/a>\n\t<\/div>\n\n\t<div class=\"anwp-pg-post-teaser__content flex-grow-1 pt-1 d-flex flex-column\">\n\n\t\t<div class=\"anwp-pg-post-teaser__title anwp-font-heading mt-2\">\n\t\t\t<a class=\"anwp-link-without-effects\" href=\"https:\/\/ganvam.es\/expoganvam\/la-cuarta-edicion-de-expo-ganvam-vuelve-a-contar-con-el-apoyo-de-un-amplio-grupo-de-empresas-colaboradoras\/\" aria-hidden=\"true\" >\n\t\t\t\tLa cuarta edici\u00f3n de eXpo GANVAM vuelve a contar con  el apoyo de un amplio grupo de empresas colaboradoras\t\t\t<\/a>\n\t\t<\/div>\n\n\t\t<div class=\"anwp-pg-post-teaser__bottom-meta d-flex flex-wrap\">\n\n\t\t\t\t\t\t\t<div class=\"anwp-pg-post-teaser__bottom-meta-item d-flex align-items-center mr-3\">\n\t\t\t\t\t<svg class=\"anwp-pg-icon anwp-pg-icon--s16 mr-1\">\n\t\t\t\t\t\t<use xlink:href=\"#icon-anwp-pg-calendar\"><\/use>\n\t\t\t\t\t<\/svg>\n\t\t\t\t\t<span class=\"posted-on m-0\"><span class=\"screen-reader-text\">Posted on<\/span><time class=\"anwp-pg-published\" datetime=\"2024-07-22T08:56:05+02:00\">julio 22, 2024<\/time><time class=\"anwp-pg-updated\" datetime=\"2024-07-22T08:56:05+02:00\">julio 22, 2024<\/time><\/span>\n\t\t\t\t<\/div>\n\t\t\t\t\n\t\t\t\t\t<\/div>\n\n\t\t\t\t\t<div class=\"anwp-pg-post-teaser__excerpt mb-2\">\n\t\t\t\tLa cuarta edici\u00f3n de eXpo GANVAM, que se celebra el pr\u00f3ximo 10 de octubre y volver\u00e1 a convertir el Centro de Convenciones Norte de IFEMA Madrid en el punto de ...\t\t\t<\/div>\n\t\t\n\t\t\t\t\t<div class=\"w-100 anwp-pg-read-more mt-auto\">\n\t\t\t\t<a href=\"https:\/\/ganvam.es\/expoganvam\/la-cuarta-edicion-de-expo-ganvam-vuelve-a-contar-con-el-apoyo-de-un-amplio-grupo-de-empresas-colaboradoras\/\" \t\t\t\t\tclass=\"anwp-pg-read-more__btn mt-3 mb-0 btn btn-sm btn-outline-info w-100 text-decoration-none\">\n\t\t\t\t\tLeer m\u00e1s\t\t\t\t<\/a>\n\t\t\t<\/div>\n\t\t\n\t<\/div>\n\n<\/div>\n\t<\/div>\n\t\n\t<\/div>\n\t\t\t\t<\/div>\n\t\t\t\t<\/div>\n\t\t\t\t\t<\/div>\n\t\t<\/div>\n\t\t\t\t\t<\/div>\n\t\t<\/section>\n\t\t\t\t<section class=\"elementor-section elementor-top-section elementor-element elementor-element-cfcc589 xs-section-overflow elementor-section-boxed elementor-section-height-default elementor-section-height-default\" data-id=\"cfcc589\" data-element_type=\"section\" data-e-type=\"section\" data-settings=\"{&quot;background_background&quot;:&quot;classic&quot;}\">\n\t\t\t\t\t\t<div class=\"elementor-container elementor-column-gap-default\">\n\t\t\t\t\t<div class=\"elementor-column elementor-col-100 elementor-top-column elementor-element elementor-element-3724f5e\" data-id=\"3724f5e\" data-element_type=\"column\" data-e-type=\"column\">\n\t\t\t<div class=\"elementor-widget-wrap elementor-element-populated\">\n\t\t\t\t\t\t<section class=\"elementor-section elementor-inner-section elementor-element elementor-element-cb4cca6 elementor-section-boxed elementor-section-height-default elementor-section-height-default\" data-id=\"cb4cca6\" data-element_type=\"section\" data-e-type=\"section\">\n\t\t\t\t\t\t<div class=\"elementor-container elementor-column-gap-default\">\n\t\t\t\t\t<div class=\"elementor-column elementor-col-100 elementor-inner-column elementor-element elementor-element-30df6f9\" data-id=\"30df6f9\" data-element_type=\"column\" data-e-type=\"column\">\n\t\t\t<div class=\"elementor-widget-wrap\">\n\t\t\t\t\t\t\t<\/div>\n\t\t<\/div>\n\t\t\t\t\t<\/div>\n\t\t<\/section>\n\t\t\t\t<div class=\"elementor-element elementor-element-c250e05 elementor-widget elementor-widget-elementskit-heading\" data-id=\"c250e05\" data-element_type=\"widget\" data-e-type=\"widget\" data-settings=\"{&quot;ekit_we_effect_on&quot;:&quot;none&quot;}\" data-widget_type=\"elementskit-heading.default\">\n\t\t\t\t<div class=\"elementor-widget-container\">\n\t\t\t\t\t<div class=\"ekit-wid-con\" ><div class=\"ekit-heading elementskit-section-title-wraper text_center   ekit_heading_tablet-   ekit_heading_mobile-\">\t\t\t\t<span class='ekit-heading__shadow-text'>\n\t\t\t\t\tApp eXpo Ganvam\t\t\t\t<\/span>\n\t\t\t<h2 class=\"ekit-heading--title elementskit-section-title \">App eXpo Ganvam<\/h2><div class=\"ekit_heading_separetor_wraper ekit_heading_elementskit-border-divider ekit-dotted\"><div class=\"elementskit-border-divider ekit-dotted\"><\/div><\/div><\/div><\/div>\t\t\t\t<\/div>\n\t\t\t\t<\/div>\n\t\t\t\t<section class=\"elementor-section elementor-inner-section elementor-element elementor-element-dadeab8 elementor-section-content-middle elementor-section-boxed elementor-section-height-default elementor-section-height-default\" data-id=\"dadeab8\" data-element_type=\"section\" data-e-type=\"section\">\n\t\t\t\t\t\t<div class=\"elementor-container elementor-column-gap-default\">\n\t\t\t\t\t<div class=\"elementor-column elementor-col-50 elementor-inner-column elementor-element elementor-element-6d9646e\" data-id=\"6d9646e\" data-element_type=\"column\" data-e-type=\"column\">\n\t\t\t<div class=\"elementor-widget-wrap elementor-element-populated\">\n\t\t\t\t\t\t<div class=\"elementor-element elementor-element-d39c82c elementor-invisible elementor-widget elementor-widget-text-editor\" data-id=\"d39c82c\" data-element_type=\"widget\" data-e-type=\"widget\" data-settings=\"{&quot;_animation&quot;:&quot;fadeInUp&quot;,&quot;ekit_we_effect_on&quot;:&quot;none&quot;}\" data-widget_type=\"text-editor.default\">\n\t\t\t\t<div class=\"elementor-widget-container\">\n\t\t\t\t\t\t\t\t\t<p>La informaci\u00f3n completa del evento en la palma de tu mano: ponencias, fotos, v\u00eddeos resumen\u2026<\/p><p><strong>\u00a1Desc\u00e1rgatela ya!<\/strong><\/p>\t\t\t\t\t\t\t\t<\/div>\n\t\t\t\t<\/div>\n\t\t\t\t<div class=\"elementor-element elementor-element-f5737a9 elementor-invisible elementor-widget elementor-widget-image\" data-id=\"f5737a9\" data-element_type=\"widget\" data-e-type=\"widget\" data-settings=\"{&quot;_animation&quot;:&quot;fadeIn&quot;,&quot;ekit_we_effect_on&quot;:&quot;none&quot;}\" data-widget_type=\"image.default\">\n\t\t\t\t<div class=\"elementor-widget-container\">\n\t\t\t\t\t\t\t\t\t\t\t\t\t\t\t\t<a href=\"https:\/\/apps.apple.com\/app\/id1595448425\" target=\"_blank\">\n\t\t\t\t\t\t\t<img decoding=\"async\" width=\"150\" height=\"45\" src=\"https:\/\/ganvam.es\/expoganvam\/wp-content\/uploads\/2022\/03\/app-store-150x45-1.png\" class=\"attachment-large size-large wp-image-9308\" alt=\"app-store-150x45\" \/>\t\t\t\t\t\t\t\t<\/a>\n\t\t\t\t\t\t\t\t\t\t\t\t\t\t\t<\/div>\n\t\t\t\t<\/div>\n\t\t\t\t<div class=\"elementor-element elementor-element-763714a elementor-invisible elementor-widget elementor-widget-image\" data-id=\"763714a\" data-element_type=\"widget\" data-e-type=\"widget\" data-settings=\"{&quot;_animation&quot;:&quot;fadeIn&quot;,&quot;ekit_we_effect_on&quot;:&quot;none&quot;}\" data-widget_type=\"image.default\">\n\t\t\t\t<div class=\"elementor-widget-container\">\n\t\t\t\t\t\t\t\t\t\t\t\t\t\t\t\t<a href=\"https:\/\/play.google.com\/store\/apps\/details?id=es.ganvam.expoganvam\" target=\"_blank\">\n\t\t\t\t\t\t\t<img decoding=\"async\" width=\"150\" height=\"45\" src=\"https:\/\/ganvam.es\/expoganvam\/wp-content\/uploads\/2022\/03\/google-play-150x45-1.png\" class=\"attachment-large size-large wp-image-9309\" alt=\"\" \/>\t\t\t\t\t\t\t\t<\/a>\n\t\t\t\t\t\t\t\t\t\t\t\t\t\t\t<\/div>\n\t\t\t\t<\/div>\n\t\t\t\t\t<\/div>\n\t\t<\/div>\n\t\t\t\t<div class=\"elementor-column elementor-col-50 elementor-inner-column elementor-element elementor-element-0e75b11\" data-id=\"0e75b11\" data-element_type=\"column\" data-e-type=\"column\">\n\t\t\t<div class=\"elementor-widget-wrap elementor-element-populated\">\n\t\t\t\t\t\t<div class=\"elementor-element elementor-element-167568d elementor-invisible elementor-widget elementor-widget-image\" data-id=\"167568d\" data-element_type=\"widget\" data-e-type=\"widget\" data-settings=\"{&quot;_animation&quot;:&quot;fadeInRight&quot;,&quot;ekit_we_effect_on&quot;:&quot;none&quot;}\" data-widget_type=\"image.default\">\n\t\t\t\t<div class=\"elementor-widget-container\">\n\t\t\t\t\t\t\t\t\t\t\t\t\t\t\t<img fetchpriority=\"high\" decoding=\"async\" width=\"180\" height=\"368\" src=\"https:\/\/ganvam.es\/expoganvam\/wp-content\/uploads\/2022\/03\/2-180x368-1.png\" class=\"attachment-large size-large wp-image-9310\" alt=\"\" srcset=\"https:\/\/ganvam.es\/expoganvam\/wp-content\/uploads\/2022\/03\/2-180x368-1.png 180w, https:\/\/ganvam.es\/expoganvam\/wp-content\/uploads\/2022\/03\/2-180x368-1-147x300.png 147w\" sizes=\"(max-width: 180px) 100vw, 180px\" \/>\t\t\t\t\t\t\t\t\t\t\t\t\t\t\t<\/div>\n\t\t\t\t<\/div>\n\t\t\t\t\t<\/div>\n\t\t<\/div>\n\t\t\t\t\t<\/div>\n\t\t<\/section>\n\t\t\t\t\t<\/div>\n\t\t<\/div>\n\t\t\t\t\t<\/div>\n\t\t<\/section>\n\t\t\t\t<section class=\"elementor-section elementor-top-section elementor-element elementor-element-7a97c0c6 elementor-section-boxed elementor-section-height-default elementor-section-height-default\" data-id=\"7a97c0c6\" data-element_type=\"section\" data-e-type=\"section\" id=\"xs_cta_style_18\">\n\t\t\t\t\t\t<div class=\"elementor-container elementor-column-gap-default\">\n\t\t\t\t\t<div class=\"elementor-column elementor-col-100 elementor-top-column elementor-element elementor-element-27955710\" data-id=\"27955710\" data-element_type=\"column\" data-e-type=\"column\">\n\t\t\t<div class=\"elementor-widget-wrap elementor-element-populated\">\n\t\t\t\t\t\t<section class=\"elementor-section elementor-inner-section elementor-element elementor-element-308fdc45 elementor-section-boxed elementor-section-height-default elementor-section-height-default\" data-id=\"308fdc45\" data-element_type=\"section\" data-e-type=\"section\">\n\t\t\t\t\t\t<div class=\"elementor-container elementor-column-gap-default\">\n\t\t\t\t\t<div class=\"elementor-column elementor-col-100 elementor-inner-column elementor-element elementor-element-a0b50a0\" data-id=\"a0b50a0\" data-element_type=\"column\" data-e-type=\"column\">\n\t\t\t<div class=\"elementor-widget-wrap elementor-element-populated\">\n\t\t\t\t\t\t<div class=\"elementor-element elementor-element-3fc7b7d2 elementor-widget elementor-widget-elementskit-heading\" data-id=\"3fc7b7d2\" data-element_type=\"widget\" data-e-type=\"widget\" data-settings=\"{&quot;ekit_we_effect_on&quot;:&quot;none&quot;}\" data-widget_type=\"elementskit-heading.default\">\n\t\t\t\t<div class=\"elementor-widget-container\">\n\t\t\t\t\t<div class=\"ekit-wid-con\" ><div class=\"ekit-heading elementskit-section-title-wraper center   ekit_heading_tablet-   ekit_heading_mobile-\"><h2 class=\"ekit-heading--title elementskit-section-title \">\u00bfQuieres ser <span><span>eXpositor<\/span><\/span> en el evento?<\/h2>\t\t\t\t<div class='ekit-heading__description'>\n\t\t\t\t\t<p>Consulta toda la informaci\u00f3n en este enlace:<\/p>\n\t\t\t\t<\/div>\n\t\t\t<\/div><\/div>\t\t\t\t<\/div>\n\t\t\t\t<\/div>\n\t\t\t\t<div class=\"elementor-element elementor-element-2a5e19f8 elementor-align--mobilecenter elementor-align-center elementor-widget elementor-widget-elementskit-button\" data-id=\"2a5e19f8\" data-element_type=\"widget\" data-e-type=\"widget\" data-settings=\"{&quot;ekit_we_effect_on&quot;:&quot;none&quot;}\" data-widget_type=\"elementskit-button.default\">\n\t\t\t\t<div class=\"elementor-widget-container\">\n\t\t\t\t\t<div class=\"ekit-wid-con\" >\t\t<div class=\"ekit-btn-wraper\">\n\t\t\t\t\t\t\t<a href=\"https:\/\/www.canva.com\/design\/DAElkcCDG5Y\/WY20PDIyohYwfXEu_aVppA\/view\" target=\"_blank\" class=\"elementskit-btn  whitespace--normal\" id=\"\">\n\t\t\t\t\tm\u00e1s informaci\u00f3n\t\t\t\t<\/a>\n\t\t\t\t\t<\/div>\n        <\/div>\t\t\t\t<\/div>\n\t\t\t\t<\/div>\n\t\t\t\t\t<\/div>\n\t\t<\/div>\n\t\t\t\t\t<\/div>\n\t\t<\/section>\n\t\t\t\t\t<\/div>\n\t\t<\/div>\n\t\t\t\t\t<\/div>\n\t\t<\/section>\n\t\t\t\t<\/div>\n\t\t","protected":false},"excerpt":{"rendered":"<p>NOTICIAS Nace la Academia Ganvam para la formaci\u00f3n y acreditaci\u00f3n de los nuevos perfiles profesionales del sector de la distribuci\u00f3n de veh\u00edculos Posted onfebrero 25, 2022marzo 2, 2022 En colaboraci\u00f3n con Infova Automotion, busca tambi\u00e9n facilitar la incorporaci\u00f3n de la mujer a un entorno laboral donde m\u00e1s de un 75% son hombres Leer m\u00e1s La [&hellip;]<\/p>\n","protected":false},"author":1,"featured_media":0,"parent":0,"menu_order":0,"comment_status":"closed","ping_status":"closed","template":"template\/homepage-template.php","meta":{"footnotes":""},"class_list":["post-9014","page","type-page","status-publish","hentry"],"aioseo_notices":[],"_links":{"self":[{"href":"https:\/\/ganvam.es\/expoganvam\/wp-json\/wp\/v2\/pages\/9014","targetHints":{"allow":["GET"]}}],"collection":[{"href":"https:\/\/ganvam.es\/expoganvam\/wp-json\/wp\/v2\/pages"}],"about":[{"href":"https:\/\/ganvam.es\/expoganvam\/wp-json\/wp\/v2\/types\/page"}],"author":[{"embeddable":true,"href":"https:\/\/ganvam.es\/expoganvam\/wp-json\/wp\/v2\/users\/1"}],"replies":[{"embeddable":true,"href":"https:\/\/ganvam.es\/expoganvam\/wp-json\/wp\/v2\/comments?post=9014"}],"version-history":[{"count":0,"href":"https:\/\/ganvam.es\/expoganvam\/wp-json\/wp\/v2\/pages\/9014\/revisions"}],"wp:attachment":[{"href":"https:\/\/ganvam.es\/expoganvam\/wp-json\/wp\/v2\/media?parent=9014"}],"curies":[{"name":"wp","href":"https:\/\/api.w.org\/{rel}","templated":true}]}}