{"id":10472,"date":"2024-05-28T08:30:46","date_gmt":"2024-05-28T06:30:46","guid":{"rendered":"https:\/\/ganvam.es\/expoganvam\/?page_id=10472"},"modified":"2024-05-28T08:31:19","modified_gmt":"2024-05-28T06:31:19","slug":"noticias-2024","status":"publish","type":"page","link":"https:\/\/ganvam.es\/expoganvam\/noticias-2024\/","title":{"rendered":"Noticias 2024"},"content":{"rendered":"\t\t<div data-elementor-type=\"wp-page\" data-elementor-id=\"10472\" class=\"elementor elementor-10472\" data-elementor-post-type=\"page\">\n\t\t\t\t\t\t<section class=\"elementor-section elementor-top-section elementor-element elementor-element-67a6f8b elementor-section-boxed elementor-section-height-default elementor-section-height-default\" data-id=\"67a6f8b\" data-element_type=\"section\" data-e-type=\"section\" data-settings=\"{&quot;background_background&quot;:&quot;classic&quot;}\">\n\t\t\t\t\t\t<div class=\"elementor-container elementor-column-gap-default\">\n\t\t\t\t\t<div class=\"elementor-column elementor-col-100 elementor-top-column elementor-element elementor-element-cf1020d\" data-id=\"cf1020d\" data-element_type=\"column\" data-e-type=\"column\">\n\t\t\t<div class=\"elementor-widget-wrap elementor-element-populated\">\n\t\t\t\t\t\t<section class=\"elementor-section elementor-inner-section elementor-element elementor-element-b2d6b83 elementor-section-boxed elementor-section-height-default elementor-section-height-default\" data-id=\"b2d6b83\" data-element_type=\"section\" data-e-type=\"section\">\n\t\t\t\t\t\t<div class=\"elementor-container elementor-column-gap-default\">\n\t\t\t\t\t<div class=\"elementor-column elementor-col-100 elementor-inner-column elementor-element elementor-element-ecf2d52\" data-id=\"ecf2d52\" data-element_type=\"column\" data-e-type=\"column\">\n\t\t\t<div class=\"elementor-widget-wrap elementor-element-populated\">\n\t\t\t\t\t\t<div class=\"elementor-element elementor-element-7ed4d04 elementor-widget elementor-widget-elementskit-heading\" data-id=\"7ed4d04\" data-element_type=\"widget\" data-e-type=\"widget\" data-settings=\"{&quot;ekit_we_effect_on&quot;:&quot;none&quot;}\" data-widget_type=\"elementskit-heading.default\">\n\t\t\t\t<div class=\"elementor-widget-container\">\n\t\t\t\t\t<div class=\"ekit-wid-con\" ><div class=\"ekit-heading elementskit-section-title-wraper center   ekit_heading_tablet-   ekit_heading_mobile-\"><h2 class=\"ekit-heading--title elementskit-section-title \">NOTICIAS<\/h2><div class=\"ekit_heading_separetor_wraper ekit_heading_elementskit-border-divider ekit-dotted\"><div class=\"elementskit-border-divider ekit-dotted\"><\/div><\/div><\/div><\/div>\t\t\t\t<\/div>\n\t\t\t\t<\/div>\n\t\t\t\t\t<\/div>\n\t\t<\/div>\n\t\t\t\t\t<\/div>\n\t\t<\/section>\n\t\t\t\t\t<\/div>\n\t\t<\/div>\n\t\t\t\t\t<\/div>\n\t\t<\/section>\n\t\t\t\t<section class=\"elementor-section elementor-top-section elementor-element elementor-element-03ba5a2 elementor-section-boxed elementor-section-height-default elementor-section-height-default\" data-id=\"03ba5a2\" data-element_type=\"section\" data-e-type=\"section\">\n\t\t\t\t\t\t<div class=\"elementor-container elementor-column-gap-default\">\n\t\t\t\t\t<div class=\"elementor-column elementor-col-100 elementor-top-column elementor-element elementor-element-504d5c3\" data-id=\"504d5c3\" data-element_type=\"column\" data-e-type=\"column\">\n\t\t\t<div class=\"elementor-widget-wrap elementor-element-populated\">\n\t\t\t\t\t\t<div class=\"elementor-element elementor-element-e8699aa anwp-pg-widget-header-style--b anwp-pg-post-teaser__post-icon--size-16 elementor-widget elementor-widget-anwp-pg-classic-grid\" data-id=\"e8699aa\" data-element_type=\"widget\" data-e-type=\"widget\" data-settings=\"{&quot;ekit_we_effect_on&quot;:&quot;none&quot;}\" data-widget_type=\"anwp-pg-classic-grid.default\">\n\t\t\t\t<div class=\"elementor-widget-container\">\n\t\t\t\t\t<div class=\"anwp-pg-wrap\">\n\n\t\n\t<div class=\"d-flex anwp-row flex-wrap anwp-pg-classic-grid anwp-pg-posts-wrapper\">\n\t\t<div class=\"anwp-pg-post-teaser anwp-pg-post-teaser--inner-cover-link anwp-pg-post-teaser--layout-d d-flex flex-column anwp-col-lg-4 anwp-col-sm-6 anwp-col-12 anwp-pg-post-teaser--with-read-more \">\n\t<div class=\"anwp-pg-post-teaser__thumbnail position-relative\">\n\n\t\t\n\t\t\n\t\t\t\t\t<img loading=\"lazy\" class=\"anwp-pg-post-teaser__thumbnail-img d-block anwp-pg-height-180 anwp-object-cover m-0 w-100\"\n\t\t\t\talt=\"Santander Consumer Finance: \u201cla financiaci\u00f3n garantiza la movilidad de todos\u201d\"\n\t\t\t\tsrc=\"https:\/\/ganvam.es\/expoganvam\/wp-content\/uploads\/2024\/10\/ExpoGanvam24-116_websize-1024x683.jpg\"\/>\n\t\t\n\t\t<div class=\"anwp-pg-post-teaser__thumbnail-bg anwp-position-cover\"><\/div>\n\n\t\t<a class=\"anwp-position-cover anwp-link-without-effects\" href=\"https:\/\/ganvam.es\/expoganvam\/santander-consumer-finance-la-financiacion-garantiza-la-movilidad-de-todos\/\" aria-hidden=\"true\" ><\/a>\n\t<\/div>\n\n\t<div class=\"anwp-pg-post-teaser__content flex-grow-1 pt-1 d-flex flex-column\">\n\n\t\t<div class=\"anwp-pg-post-teaser__title anwp-font-heading mt-2\">\n\t\t\t<a class=\"anwp-link-without-effects\" href=\"https:\/\/ganvam.es\/expoganvam\/santander-consumer-finance-la-financiacion-garantiza-la-movilidad-de-todos\/\" aria-hidden=\"true\" >\n\t\t\t\tSantander Consumer Finance: \u201cla financiaci\u00f3n garantiza la movilidad de todos\u201d\t\t\t<\/a>\n\t\t<\/div>\n\n\t\t<div class=\"anwp-pg-post-teaser__bottom-meta d-flex flex-wrap\">\n\n\t\t\t\t\t\t\t<div class=\"anwp-pg-post-teaser__bottom-meta-item d-flex align-items-center mr-3\">\n\t\t\t\t\t<svg class=\"anwp-pg-icon anwp-pg-icon--s16 mr-1\">\n\t\t\t\t\t\t<use xlink:href=\"#icon-anwp-pg-calendar\"><\/use>\n\t\t\t\t\t<\/svg>\n\t\t\t\t\t<span class=\"posted-on m-0\"><span class=\"screen-reader-text\">Posted on<\/span><time class=\"anwp-pg-published\" datetime=\"2024-10-29T13:43:53+02:00\">octubre 29, 2024<\/time><time class=\"anwp-pg-updated\" datetime=\"2024-10-30T12:35:13+02:00\">octubre 30, 2024<\/time><\/span>\n\t\t\t\t<\/div>\n\t\t\t\t\n\t\t\t\t\t<\/div>\n\n\t\t\t\t\t<div class=\"anwp-pg-post-teaser__excerpt mb-2\">\n\t\t\t\tLas principales entidades que operan en el mercado espa\u00f1ol debatieron en eXpo GANVAM 2024 sobre el papel que juegan en el ecosistema de la movilidad Los participantes coincidieron en la ...\t\t\t<\/div>\n\t\t\n\t\t\t\t\t<div class=\"w-100 anwp-pg-read-more mt-auto\">\n\t\t\t\t<a href=\"https:\/\/ganvam.es\/expoganvam\/santander-consumer-finance-la-financiacion-garantiza-la-movilidad-de-todos\/\" \t\t\t\t\tclass=\"anwp-pg-read-more__btn mt-3 mb-0 btn btn-sm btn-outline-info w-100 text-decoration-none\">\n\t\t\t\t\tLeer m\u00e1s\t\t\t\t<\/a>\n\t\t\t<\/div>\n\t\t\n\t<\/div>\n\n<\/div>\n<div class=\"anwp-pg-post-teaser anwp-pg-post-teaser--inner-cover-link anwp-pg-post-teaser--layout-d d-flex flex-column anwp-col-lg-4 anwp-col-sm-6 anwp-col-12 anwp-pg-post-teaser--with-read-more \">\n\t<div class=\"anwp-pg-post-teaser__thumbnail position-relative\">\n\n\t\t\n\t\t\n\t\t\t\t\t<img loading=\"lazy\" class=\"anwp-pg-post-teaser__thumbnail-img d-block anwp-pg-height-180 anwp-object-cover m-0 w-100\"\n\t\t\t\talt=\"GDV Mobility y Ringr, mejores proyectos de la primera edici\u00f3n GANVAM Auto Startups en eXpo GANVAM 2024\"\n\t\t\t\tsrc=\"https:\/\/ganvam.es\/expoganvam\/wp-content\/uploads\/2024\/10\/ExpoGanvam24-186_websize-1024x683.jpg\"\/>\n\t\t\n\t\t<div class=\"anwp-pg-post-teaser__thumbnail-bg anwp-position-cover\"><\/div>\n\n\t\t<a class=\"anwp-position-cover anwp-link-without-effects\" href=\"https:\/\/ganvam.es\/expoganvam\/gdv-mobility-y-ringr-mejores-proyectos-de-la-primera-edicion-ganvam-auto-startups-en-expo-ganvam-2024\/\" aria-hidden=\"true\" ><\/a>\n\t<\/div>\n\n\t<div class=\"anwp-pg-post-teaser__content flex-grow-1 pt-1 d-flex flex-column\">\n\n\t\t<div class=\"anwp-pg-post-teaser__title anwp-font-heading mt-2\">\n\t\t\t<a class=\"anwp-link-without-effects\" href=\"https:\/\/ganvam.es\/expoganvam\/gdv-mobility-y-ringr-mejores-proyectos-de-la-primera-edicion-ganvam-auto-startups-en-expo-ganvam-2024\/\" aria-hidden=\"true\" >\n\t\t\t\tGDV Mobility y Ringr, mejores proyectos de la primera edici\u00f3n GANVAM Auto Startups en eXpo GANVAM 2024\t\t\t<\/a>\n\t\t<\/div>\n\n\t\t<div class=\"anwp-pg-post-teaser__bottom-meta d-flex flex-wrap\">\n\n\t\t\t\t\t\t\t<div class=\"anwp-pg-post-teaser__bottom-meta-item d-flex align-items-center mr-3\">\n\t\t\t\t\t<svg class=\"anwp-pg-icon anwp-pg-icon--s16 mr-1\">\n\t\t\t\t\t\t<use xlink:href=\"#icon-anwp-pg-calendar\"><\/use>\n\t\t\t\t\t<\/svg>\n\t\t\t\t\t<span class=\"posted-on m-0\"><span class=\"screen-reader-text\">Posted on<\/span><time class=\"anwp-pg-published\" datetime=\"2024-10-21T13:59:43+02:00\">octubre 21, 2024<\/time><time class=\"anwp-pg-updated\" datetime=\"2024-10-21T13:59:43+02:00\">octubre 21, 2024<\/time><\/span>\n\t\t\t\t<\/div>\n\t\t\t\t\n\t\t\t\t\t<\/div>\n\n\t\t\t\t\t<div class=\"anwp-pg-post-teaser__excerpt mb-2\">\n\t\t\t\tEl reacondicionamiento de bater\u00edas de veh\u00edculos el\u00e9ctricos y la inteligencia artificial aplicada a la atenci\u00f3n telef\u00f3nica se alzaron como las propuestas m\u00e1s disruptivas del sector automoci\u00f3n. El objetivo de la ...\t\t\t<\/div>\n\t\t\n\t\t\t\t\t<div class=\"w-100 anwp-pg-read-more mt-auto\">\n\t\t\t\t<a href=\"https:\/\/ganvam.es\/expoganvam\/gdv-mobility-y-ringr-mejores-proyectos-de-la-primera-edicion-ganvam-auto-startups-en-expo-ganvam-2024\/\" \t\t\t\t\tclass=\"anwp-pg-read-more__btn mt-3 mb-0 btn btn-sm btn-outline-info w-100 text-decoration-none\">\n\t\t\t\t\tLeer m\u00e1s\t\t\t\t<\/a>\n\t\t\t<\/div>\n\t\t\n\t<\/div>\n\n<\/div>\n<div class=\"anwp-pg-post-teaser anwp-pg-post-teaser--inner-cover-link anwp-pg-post-teaser--layout-d d-flex flex-column anwp-col-lg-4 anwp-col-sm-6 anwp-col-12 anwp-pg-post-teaser--with-read-more \">\n\t<div class=\"anwp-pg-post-teaser__thumbnail position-relative\">\n\n\t\t\n\t\t\n\t\t\t\t\t<img loading=\"lazy\" class=\"anwp-pg-post-teaser__thumbnail-img d-block anwp-pg-height-180 anwp-object-cover m-0 w-100\"\n\t\t\t\talt=\"La cuarta edici\u00f3n de los premios GANVAM reconoce a los protagonistas del sector\"\n\t\t\t\tsrc=\"https:\/\/ganvam.es\/expoganvam\/wp-content\/uploads\/2024\/10\/ExpoGanvam24-336_websize-1024x683.jpg\"\/>\n\t\t\n\t\t<div class=\"anwp-pg-post-teaser__thumbnail-bg anwp-position-cover\"><\/div>\n\n\t\t<a class=\"anwp-position-cover anwp-link-without-effects\" href=\"https:\/\/ganvam.es\/expoganvam\/la-cuarta-edicion-de-los-premios-ganvam-reconoce-a-los-protagonistas-del-sector\/\" aria-hidden=\"true\" ><\/a>\n\t<\/div>\n\n\t<div class=\"anwp-pg-post-teaser__content flex-grow-1 pt-1 d-flex flex-column\">\n\n\t\t<div class=\"anwp-pg-post-teaser__title anwp-font-heading mt-2\">\n\t\t\t<a class=\"anwp-link-without-effects\" href=\"https:\/\/ganvam.es\/expoganvam\/la-cuarta-edicion-de-los-premios-ganvam-reconoce-a-los-protagonistas-del-sector\/\" aria-hidden=\"true\" >\n\t\t\t\tLa cuarta edici\u00f3n de los premios GANVAM reconoce a los protagonistas del sector\t\t\t<\/a>\n\t\t<\/div>\n\n\t\t<div class=\"anwp-pg-post-teaser__bottom-meta d-flex flex-wrap\">\n\n\t\t\t\t\t\t\t<div class=\"anwp-pg-post-teaser__bottom-meta-item d-flex align-items-center mr-3\">\n\t\t\t\t\t<svg class=\"anwp-pg-icon anwp-pg-icon--s16 mr-1\">\n\t\t\t\t\t\t<use xlink:href=\"#icon-anwp-pg-calendar\"><\/use>\n\t\t\t\t\t<\/svg>\n\t\t\t\t\t<span class=\"posted-on m-0\"><span class=\"screen-reader-text\">Posted on<\/span><time class=\"anwp-pg-published\" datetime=\"2024-10-11T14:07:20+02:00\">octubre 11, 2024<\/time><time class=\"anwp-pg-updated\" datetime=\"2024-10-11T14:07:20+02:00\">octubre 11, 2024<\/time><\/span>\n\t\t\t\t<\/div>\n\t\t\t\t\n\t\t\t\t\t<\/div>\n\n\t\t\t\t\t<div class=\"anwp-pg-post-teaser__excerpt mb-2\">\n\t\t\t\tEn total se ha reconocido a nueve protagonistas dentro de cinco categor\u00edas diferentes En esta edici\u00f3n se ha incluido, como novedad, el premio a la proximidad Madrid, 11 de octubre ...\t\t\t<\/div>\n\t\t\n\t\t\t\t\t<div class=\"w-100 anwp-pg-read-more mt-auto\">\n\t\t\t\t<a href=\"https:\/\/ganvam.es\/expoganvam\/la-cuarta-edicion-de-los-premios-ganvam-reconoce-a-los-protagonistas-del-sector\/\" \t\t\t\t\tclass=\"anwp-pg-read-more__btn mt-3 mb-0 btn btn-sm btn-outline-info w-100 text-decoration-none\">\n\t\t\t\t\tLeer m\u00e1s\t\t\t\t<\/a>\n\t\t\t<\/div>\n\t\t\n\t<\/div>\n\n<\/div>\n<div class=\"anwp-pg-post-teaser anwp-pg-post-teaser--inner-cover-link anwp-pg-post-teaser--layout-d d-flex flex-column anwp-col-lg-4 anwp-col-sm-6 anwp-col-12 anwp-pg-post-teaser--with-read-more \">\n\t<div class=\"anwp-pg-post-teaser__thumbnail position-relative\">\n\n\t\t\n\t\t\n\t\t\t\t\t<img loading=\"lazy\" class=\"anwp-pg-post-teaser__thumbnail-img d-block anwp-pg-height-180 anwp-object-cover m-0 w-100\"\n\t\t\t\talt=\"eXpo GANVAM 2024 se reafirma como punto de encuentro clave para el sector de la movilidad en Espa\u00f1a\"\n\t\t\t\tsrc=\"https:\/\/ganvam.es\/expoganvam\/wp-content\/uploads\/2024\/10\/ExpoGanvam24-99_websize-1024x683.jpg\"\/>\n\t\t\n\t\t<div class=\"anwp-pg-post-teaser__thumbnail-bg anwp-position-cover\"><\/div>\n\n\t\t<a class=\"anwp-position-cover anwp-link-without-effects\" href=\"https:\/\/ganvam.es\/expoganvam\/expo-ganvam-2024-se-reafirma-como-punto-de-encuentro-clave-para-el-sector-de-la-movilidad-en-espana\/\" aria-hidden=\"true\" ><\/a>\n\t<\/div>\n\n\t<div class=\"anwp-pg-post-teaser__content flex-grow-1 pt-1 d-flex flex-column\">\n\n\t\t<div class=\"anwp-pg-post-teaser__title anwp-font-heading mt-2\">\n\t\t\t<a class=\"anwp-link-without-effects\" href=\"https:\/\/ganvam.es\/expoganvam\/expo-ganvam-2024-se-reafirma-como-punto-de-encuentro-clave-para-el-sector-de-la-movilidad-en-espana\/\" aria-hidden=\"true\" >\n\t\t\t\teXpo GANVAM 2024 se reafirma como punto de encuentro clave para el sector de la movilidad en Espa\u00f1a\t\t\t<\/a>\n\t\t<\/div>\n\n\t\t<div class=\"anwp-pg-post-teaser__bottom-meta d-flex flex-wrap\">\n\n\t\t\t\t\t\t\t<div class=\"anwp-pg-post-teaser__bottom-meta-item d-flex align-items-center mr-3\">\n\t\t\t\t\t<svg class=\"anwp-pg-icon anwp-pg-icon--s16 mr-1\">\n\t\t\t\t\t\t<use xlink:href=\"#icon-anwp-pg-calendar\"><\/use>\n\t\t\t\t\t<\/svg>\n\t\t\t\t\t<span class=\"posted-on m-0\"><span class=\"screen-reader-text\">Posted on<\/span><time class=\"anwp-pg-published\" datetime=\"2024-10-11T11:37:57+02:00\">octubre 11, 2024<\/time><time class=\"anwp-pg-updated\" datetime=\"2024-10-11T13:18:17+02:00\">octubre 11, 2024<\/time><\/span>\n\t\t\t\t<\/div>\n\t\t\t\t\n\t\t\t\t\t<\/div>\n\n\t\t\t\t\t<div class=\"anwp-pg-post-teaser__excerpt mb-2\">\n\t\t\t\tM\u00e1s de 2.000 personas pasaron por esta jornada que cuenta con el apoyo de casi 60 empresas. La cuarta edici\u00f3n del congreso se celebr\u00f3 en formato de programa de TV ...\t\t\t<\/div>\n\t\t\n\t\t\t\t\t<div class=\"w-100 anwp-pg-read-more mt-auto\">\n\t\t\t\t<a href=\"https:\/\/ganvam.es\/expoganvam\/expo-ganvam-2024-se-reafirma-como-punto-de-encuentro-clave-para-el-sector-de-la-movilidad-en-espana\/\" \t\t\t\t\tclass=\"anwp-pg-read-more__btn mt-3 mb-0 btn btn-sm btn-outline-info w-100 text-decoration-none\">\n\t\t\t\t\tLeer m\u00e1s\t\t\t\t<\/a>\n\t\t\t<\/div>\n\t\t\n\t<\/div>\n\n<\/div>\n<div class=\"anwp-pg-post-teaser anwp-pg-post-teaser--inner-cover-link anwp-pg-post-teaser--layout-d d-flex flex-column anwp-col-lg-4 anwp-col-sm-6 anwp-col-12 anwp-pg-post-teaser--with-read-more \">\n\t<div class=\"anwp-pg-post-teaser__thumbnail position-relative\">\n\n\t\t\n\t\t\n\t\t\t\t\t<img loading=\"lazy\" class=\"anwp-pg-post-teaser__thumbnail-img d-block anwp-pg-height-180 anwp-object-cover m-0 w-100\"\n\t\t\t\talt=\"GANVAM Auto Startups: la aceleradora de empresas del sector de la movilidad\"\n\t\t\t\tsrc=\"https:\/\/ganvam.es\/expoganvam\/wp-content\/uploads\/2024\/10\/Foto-noticia-8-1024x576.png\"\/>\n\t\t\n\t\t<div class=\"anwp-pg-post-teaser__thumbnail-bg anwp-position-cover\"><\/div>\n\n\t\t<a class=\"anwp-position-cover anwp-link-without-effects\" href=\"https:\/\/ganvam.es\/expoganvam\/ganvam-auto-startups-la-aceleradora-de-startups-del-sector-de-la-movilidad\/\" aria-hidden=\"true\" ><\/a>\n\t<\/div>\n\n\t<div class=\"anwp-pg-post-teaser__content flex-grow-1 pt-1 d-flex flex-column\">\n\n\t\t<div class=\"anwp-pg-post-teaser__title anwp-font-heading mt-2\">\n\t\t\t<a class=\"anwp-link-without-effects\" href=\"https:\/\/ganvam.es\/expoganvam\/ganvam-auto-startups-la-aceleradora-de-startups-del-sector-de-la-movilidad\/\" aria-hidden=\"true\" >\n\t\t\t\tGANVAM Auto Startups: la aceleradora de empresas del sector de la movilidad\t\t\t<\/a>\n\t\t<\/div>\n\n\t\t<div class=\"anwp-pg-post-teaser__bottom-meta d-flex flex-wrap\">\n\n\t\t\t\t\t\t\t<div class=\"anwp-pg-post-teaser__bottom-meta-item d-flex align-items-center mr-3\">\n\t\t\t\t\t<svg class=\"anwp-pg-icon anwp-pg-icon--s16 mr-1\">\n\t\t\t\t\t\t<use xlink:href=\"#icon-anwp-pg-calendar\"><\/use>\n\t\t\t\t\t<\/svg>\n\t\t\t\t\t<span class=\"posted-on m-0\"><span class=\"screen-reader-text\">Posted on<\/span><time class=\"anwp-pg-published\" datetime=\"2024-10-01T16:42:16+02:00\">octubre 1, 2024<\/time><time class=\"anwp-pg-updated\" datetime=\"2024-10-02T09:45:04+02:00\">octubre 2, 2024<\/time><\/span>\n\t\t\t\t<\/div>\n\t\t\t\t\n\t\t\t\t\t<\/div>\n\n\t\t\t\t\t<div class=\"anwp-pg-post-teaser__excerpt mb-2\">\n\t\t\t\tEl pr\u00f3ximo 10 de octubre, el Centro de Convenciones Norte de IFEMA se convertir\u00e1 en el epicentro de la innovaci\u00f3n de la distribuci\u00f3n de veh\u00edculos con la celebraci\u00f3n de eXpo ...\t\t\t<\/div>\n\t\t\n\t\t\t\t\t<div class=\"w-100 anwp-pg-read-more mt-auto\">\n\t\t\t\t<a href=\"https:\/\/ganvam.es\/expoganvam\/ganvam-auto-startups-la-aceleradora-de-startups-del-sector-de-la-movilidad\/\" \t\t\t\t\tclass=\"anwp-pg-read-more__btn mt-3 mb-0 btn btn-sm btn-outline-info w-100 text-decoration-none\">\n\t\t\t\t\tLeer m\u00e1s\t\t\t\t<\/a>\n\t\t\t<\/div>\n\t\t\n\t<\/div>\n\n<\/div>\n<div class=\"anwp-pg-post-teaser anwp-pg-post-teaser--inner-cover-link anwp-pg-post-teaser--layout-d d-flex flex-column anwp-col-lg-4 anwp-col-sm-6 anwp-col-12 anwp-pg-post-teaser--with-read-more \">\n\t<div class=\"anwp-pg-post-teaser__thumbnail position-relative\">\n\n\t\t\n\t\t\n\t\t\t\t\t<img loading=\"lazy\" class=\"anwp-pg-post-teaser__thumbnail-img d-block anwp-pg-height-180 anwp-object-cover m-0 w-100\"\n\t\t\t\talt=\"Solera abordar\u00e1 la realidad del parque automovil\u00edstico en Espa\u00f1a en eXpo Ganvam 2024\"\n\t\t\t\tsrc=\"https:\/\/ganvam.es\/expoganvam\/wp-content\/uploads\/2024\/09\/Foto-noticia-7-1024x576.png\"\/>\n\t\t\n\t\t<div class=\"anwp-pg-post-teaser__thumbnail-bg anwp-position-cover\"><\/div>\n\n\t\t<a class=\"anwp-position-cover anwp-link-without-effects\" href=\"https:\/\/ganvam.es\/expoganvam\/solera-abordara-la-realidad-del-parque-automovilistico-en-espana-en-expo-ganvam-2024\/\" aria-hidden=\"true\" ><\/a>\n\t<\/div>\n\n\t<div class=\"anwp-pg-post-teaser__content flex-grow-1 pt-1 d-flex flex-column\">\n\n\t\t<div class=\"anwp-pg-post-teaser__title anwp-font-heading mt-2\">\n\t\t\t<a class=\"anwp-link-without-effects\" href=\"https:\/\/ganvam.es\/expoganvam\/solera-abordara-la-realidad-del-parque-automovilistico-en-espana-en-expo-ganvam-2024\/\" aria-hidden=\"true\" >\n\t\t\t\tSolera abordar\u00e1 la realidad del parque automovil\u00edstico en Espa\u00f1a en eXpo Ganvam 2024\t\t\t<\/a>\n\t\t<\/div>\n\n\t\t<div class=\"anwp-pg-post-teaser__bottom-meta d-flex flex-wrap\">\n\n\t\t\t\t\t\t\t<div class=\"anwp-pg-post-teaser__bottom-meta-item d-flex align-items-center mr-3\">\n\t\t\t\t\t<svg class=\"anwp-pg-icon anwp-pg-icon--s16 mr-1\">\n\t\t\t\t\t\t<use xlink:href=\"#icon-anwp-pg-calendar\"><\/use>\n\t\t\t\t\t<\/svg>\n\t\t\t\t\t<span class=\"posted-on m-0\"><span class=\"screen-reader-text\">Posted on<\/span><time class=\"anwp-pg-published\" datetime=\"2024-09-30T13:35:45+02:00\">septiembre 30, 2024<\/time><time class=\"anwp-pg-updated\" datetime=\"2024-09-30T13:35:45+02:00\">septiembre 30, 2024<\/time><\/span>\n\t\t\t\t<\/div>\n\t\t\t\t\n\t\t\t\t\t<\/div>\n\n\t\t\t\t\t<div class=\"anwp-pg-post-teaser__excerpt mb-2\">\n\t\t\t\teXpo GANVAM 2024, que se celebrar\u00e1 el pr\u00f3ximo 10 de octubre en IFEMA Madrid, reunir\u00e1 a m\u00e1s de mil profesionales del sector de la distribuci\u00f3n de veh\u00edculos. El evento, que ...\t\t\t<\/div>\n\t\t\n\t\t\t\t\t<div class=\"w-100 anwp-pg-read-more mt-auto\">\n\t\t\t\t<a href=\"https:\/\/ganvam.es\/expoganvam\/solera-abordara-la-realidad-del-parque-automovilistico-en-espana-en-expo-ganvam-2024\/\" \t\t\t\t\tclass=\"anwp-pg-read-more__btn mt-3 mb-0 btn btn-sm btn-outline-info w-100 text-decoration-none\">\n\t\t\t\t\tLeer m\u00e1s\t\t\t\t<\/a>\n\t\t\t<\/div>\n\t\t\n\t<\/div>\n\n<\/div>\n<div class=\"anwp-pg-post-teaser anwp-pg-post-teaser--inner-cover-link anwp-pg-post-teaser--layout-d d-flex flex-column anwp-col-lg-4 anwp-col-sm-6 anwp-col-12 anwp-pg-post-teaser--with-read-more \">\n\t<div class=\"anwp-pg-post-teaser__thumbnail position-relative\">\n\n\t\t\n\t\t\n\t\t\t\t\t<img loading=\"lazy\" class=\"anwp-pg-post-teaser__thumbnail-img d-block anwp-pg-height-180 anwp-object-cover m-0 w-100\"\n\t\t\t\talt=\"GANVAM y Garant\u00eda Global reconocen a los peque\u00f1os y medianos distribuidores multimarca con la creaci\u00f3n del Premio \u00abProximidad\u00bb\"\n\t\t\t\tsrc=\"https:\/\/ganvam.es\/expoganvam\/wp-content\/uploads\/2024\/09\/Foto-noticia-6-1024x576.png\"\/>\n\t\t\n\t\t<div class=\"anwp-pg-post-teaser__thumbnail-bg anwp-position-cover\"><\/div>\n\n\t\t<a class=\"anwp-position-cover anwp-link-without-effects\" href=\"https:\/\/ganvam.es\/expoganvam\/ganvam-y-garantia-global-reconocen-a-los-pequenos-y-medianos-distribuidores-multimarca-con-la-creacion-del-premio-proximidad\/\" aria-hidden=\"true\" ><\/a>\n\t<\/div>\n\n\t<div class=\"anwp-pg-post-teaser__content flex-grow-1 pt-1 d-flex flex-column\">\n\n\t\t<div class=\"anwp-pg-post-teaser__title anwp-font-heading mt-2\">\n\t\t\t<a class=\"anwp-link-without-effects\" href=\"https:\/\/ganvam.es\/expoganvam\/ganvam-y-garantia-global-reconocen-a-los-pequenos-y-medianos-distribuidores-multimarca-con-la-creacion-del-premio-proximidad\/\" aria-hidden=\"true\" >\n\t\t\t\tGANVAM y Garant\u00eda Global reconocen a los peque\u00f1os y medianos distribuidores multimarca con la creaci\u00f3n del Premio \u00abProximidad\u00bb\t\t\t<\/a>\n\t\t<\/div>\n\n\t\t<div class=\"anwp-pg-post-teaser__bottom-meta d-flex flex-wrap\">\n\n\t\t\t\t\t\t\t<div class=\"anwp-pg-post-teaser__bottom-meta-item d-flex align-items-center mr-3\">\n\t\t\t\t\t<svg class=\"anwp-pg-icon anwp-pg-icon--s16 mr-1\">\n\t\t\t\t\t\t<use xlink:href=\"#icon-anwp-pg-calendar\"><\/use>\n\t\t\t\t\t<\/svg>\n\t\t\t\t\t<span class=\"posted-on m-0\"><span class=\"screen-reader-text\">Posted on<\/span><time class=\"anwp-pg-published\" datetime=\"2024-09-25T12:41:12+02:00\">septiembre 25, 2024<\/time><time class=\"anwp-pg-updated\" datetime=\"2024-09-25T12:41:12+02:00\">septiembre 25, 2024<\/time><\/span>\n\t\t\t\t<\/div>\n\t\t\t\t\n\t\t\t\t\t<\/div>\n\n\t\t\t\t\t<div class=\"anwp-pg-post-teaser__excerpt mb-2\">\n\t\t\t\tEl ganador del galard\u00f3n recibir\u00e1 un reconocimiento oficial en eXpo GANVAM, evento de referencia en el sector de la automoci\u00f3n que tendr\u00e1 lugar el pr\u00f3ximo 10 de octubre en Centro ...\t\t\t<\/div>\n\t\t\n\t\t\t\t\t<div class=\"w-100 anwp-pg-read-more mt-auto\">\n\t\t\t\t<a href=\"https:\/\/ganvam.es\/expoganvam\/ganvam-y-garantia-global-reconocen-a-los-pequenos-y-medianos-distribuidores-multimarca-con-la-creacion-del-premio-proximidad\/\" \t\t\t\t\tclass=\"anwp-pg-read-more__btn mt-3 mb-0 btn btn-sm btn-outline-info w-100 text-decoration-none\">\n\t\t\t\t\tLeer m\u00e1s\t\t\t\t<\/a>\n\t\t\t<\/div>\n\t\t\n\t<\/div>\n\n<\/div>\n<div class=\"anwp-pg-post-teaser anwp-pg-post-teaser--inner-cover-link anwp-pg-post-teaser--layout-d d-flex flex-column anwp-col-lg-4 anwp-col-sm-6 anwp-col-12 anwp-pg-post-teaser--with-read-more \">\n\t<div class=\"anwp-pg-post-teaser__thumbnail position-relative\">\n\n\t\t\n\t\t\n\t\t\t\t\t<img loading=\"lazy\" class=\"anwp-pg-post-teaser__thumbnail-img d-block anwp-pg-height-180 anwp-object-cover m-0 w-100\"\n\t\t\t\talt=\"\u00bfQu\u00e9 puede pedirle tu empresa a la IA? Enrique Dans te lo cuenta en eXpo Ganvam 2024\"\n\t\t\t\tsrc=\"https:\/\/ganvam.es\/expoganvam\/wp-content\/uploads\/2024\/09\/Foto-noticia-5-1024x576.png\"\/>\n\t\t\n\t\t<div class=\"anwp-pg-post-teaser__thumbnail-bg anwp-position-cover\"><\/div>\n\n\t\t<a class=\"anwp-position-cover anwp-link-without-effects\" href=\"https:\/\/ganvam.es\/expoganvam\/que-puede-pedirle-tu-empresa-a-la-ia-enrique-dans-te-lo-cuenta-en-expo-ganvam-2024\/\" aria-hidden=\"true\" ><\/a>\n\t<\/div>\n\n\t<div class=\"anwp-pg-post-teaser__content flex-grow-1 pt-1 d-flex flex-column\">\n\n\t\t<div class=\"anwp-pg-post-teaser__title anwp-font-heading mt-2\">\n\t\t\t<a class=\"anwp-link-without-effects\" href=\"https:\/\/ganvam.es\/expoganvam\/que-puede-pedirle-tu-empresa-a-la-ia-enrique-dans-te-lo-cuenta-en-expo-ganvam-2024\/\" aria-hidden=\"true\" >\n\t\t\t\t\u00bfQu\u00e9 puede pedirle tu empresa a la IA? Enrique Dans te lo cuenta en eXpo Ganvam 2024\t\t\t<\/a>\n\t\t<\/div>\n\n\t\t<div class=\"anwp-pg-post-teaser__bottom-meta d-flex flex-wrap\">\n\n\t\t\t\t\t\t\t<div class=\"anwp-pg-post-teaser__bottom-meta-item d-flex align-items-center mr-3\">\n\t\t\t\t\t<svg class=\"anwp-pg-icon anwp-pg-icon--s16 mr-1\">\n\t\t\t\t\t\t<use xlink:href=\"#icon-anwp-pg-calendar\"><\/use>\n\t\t\t\t\t<\/svg>\n\t\t\t\t\t<span class=\"posted-on m-0\"><span class=\"screen-reader-text\">Posted on<\/span><time class=\"anwp-pg-published\" datetime=\"2024-09-24T09:16:40+02:00\">septiembre 24, 2024<\/time><time class=\"anwp-pg-updated\" datetime=\"2024-09-24T09:19:35+02:00\">septiembre 24, 2024<\/time><\/span>\n\t\t\t\t<\/div>\n\t\t\t\t\n\t\t\t\t\t<\/div>\n\n\t\t\t\t\t<div class=\"anwp-pg-post-teaser__excerpt mb-2\">\n\t\t\t\teXpo GANVAM 2024, que reunir\u00e1 en IFEMA Madrid el pr\u00f3ximo 10 de octubre a m\u00e1s de mil profesionales del sector de la distribuci\u00f3n de veh\u00edculos y mantendr\u00e1 su impactante formato ...\t\t\t<\/div>\n\t\t\n\t\t\t\t\t<div class=\"w-100 anwp-pg-read-more mt-auto\">\n\t\t\t\t<a href=\"https:\/\/ganvam.es\/expoganvam\/que-puede-pedirle-tu-empresa-a-la-ia-enrique-dans-te-lo-cuenta-en-expo-ganvam-2024\/\" \t\t\t\t\tclass=\"anwp-pg-read-more__btn mt-3 mb-0 btn btn-sm btn-outline-info w-100 text-decoration-none\">\n\t\t\t\t\tLeer m\u00e1s\t\t\t\t<\/a>\n\t\t\t<\/div>\n\t\t\n\t<\/div>\n\n<\/div>\n<div class=\"anwp-pg-post-teaser anwp-pg-post-teaser--inner-cover-link anwp-pg-post-teaser--layout-d d-flex flex-column anwp-col-lg-4 anwp-col-sm-6 anwp-col-12 anwp-pg-post-teaser--with-read-more \">\n\t<div class=\"anwp-pg-post-teaser__thumbnail position-relative\">\n\n\t\t\n\t\t\n\t\t\t\t\t<img loading=\"lazy\" class=\"anwp-pg-post-teaser__thumbnail-img d-block anwp-pg-height-180 anwp-object-cover m-0 w-100\"\n\t\t\t\talt=\"GANVAM plantea un plan de incentivo al achatarramiento para reducir 300.000 toneladas de CO2 al a\u00f1o\"\n\t\t\t\tsrc=\"https:\/\/ganvam.es\/expoganvam\/wp-content\/uploads\/2024\/09\/Foto-noticia-4.png\"\/>\n\t\t\n\t\t<div class=\"anwp-pg-post-teaser__thumbnail-bg anwp-position-cover\"><\/div>\n\n\t\t<a class=\"anwp-position-cover anwp-link-without-effects\" href=\"https:\/\/ganvam.es\/expoganvam\/ganvam-plantea-un-plan-de-incentivo-al-achatarramiento-para-reducir-300-000-toneladas-de-co2-al-ano\/\" aria-hidden=\"true\" ><\/a>\n\t<\/div>\n\n\t<div class=\"anwp-pg-post-teaser__content flex-grow-1 pt-1 d-flex flex-column\">\n\n\t\t<div class=\"anwp-pg-post-teaser__title anwp-font-heading mt-2\">\n\t\t\t<a class=\"anwp-link-without-effects\" href=\"https:\/\/ganvam.es\/expoganvam\/ganvam-plantea-un-plan-de-incentivo-al-achatarramiento-para-reducir-300-000-toneladas-de-co2-al-ano\/\" aria-hidden=\"true\" >\n\t\t\t\tGANVAM plantea un plan de incentivo al achatarramiento para reducir 300.000 toneladas de CO2 al a\u00f1o\t\t\t<\/a>\n\t\t<\/div>\n\n\t\t<div class=\"anwp-pg-post-teaser__bottom-meta d-flex flex-wrap\">\n\n\t\t\t\t\t\t\t<div class=\"anwp-pg-post-teaser__bottom-meta-item d-flex align-items-center mr-3\">\n\t\t\t\t\t<svg class=\"anwp-pg-icon anwp-pg-icon--s16 mr-1\">\n\t\t\t\t\t\t<use xlink:href=\"#icon-anwp-pg-calendar\"><\/use>\n\t\t\t\t\t<\/svg>\n\t\t\t\t\t<span class=\"posted-on m-0\"><span class=\"screen-reader-text\">Posted on<\/span><time class=\"anwp-pg-published\" datetime=\"2024-09-23T13:56:41+02:00\">septiembre 23, 2024<\/time><time class=\"anwp-pg-updated\" datetime=\"2024-09-23T13:56:52+02:00\">septiembre 23, 2024<\/time><\/span>\n\t\t\t\t<\/div>\n\t\t\t\t\n\t\t\t\t\t<\/div>\n\n\t\t\t\t\t<div class=\"anwp-pg-post-teaser__excerpt mb-2\">\n\t\t\t\tDentro de su estrategia para convertir el rejuvenecimiento del parque en piedra angular de la descarbonizaci\u00f3n, la patronal plantea un plan que, con una dotaci\u00f3n de 500 millones, ayude a ...\t\t\t<\/div>\n\t\t\n\t\t\t\t\t<div class=\"w-100 anwp-pg-read-more mt-auto\">\n\t\t\t\t<a href=\"https:\/\/ganvam.es\/expoganvam\/ganvam-plantea-un-plan-de-incentivo-al-achatarramiento-para-reducir-300-000-toneladas-de-co2-al-ano\/\" \t\t\t\t\tclass=\"anwp-pg-read-more__btn mt-3 mb-0 btn btn-sm btn-outline-info w-100 text-decoration-none\">\n\t\t\t\t\tLeer m\u00e1s\t\t\t\t<\/a>\n\t\t\t<\/div>\n\t\t\n\t<\/div>\n\n<\/div>\n<div class=\"anwp-pg-post-teaser anwp-pg-post-teaser--inner-cover-link anwp-pg-post-teaser--layout-d d-flex flex-column anwp-col-lg-4 anwp-col-sm-6 anwp-col-12 anwp-pg-post-teaser--with-read-more \">\n\t<div class=\"anwp-pg-post-teaser__thumbnail position-relative\">\n\n\t\t\t\t\t<div class=\"anwp-pg-post-teaser__format-icon anwp-pg-post-teaser__format-icon--top d-flex align-items-center justify-content-center\">\n\t\t\t\t<svg class=\"anwp-pg-icon anwp-pg-icon--s18 anwp-pg-icon--white\">\n\t\t\t\t\t<use xlink:href=\"#icon-anwp-pg-play\"><\/use>\n\t\t\t\t<\/svg>\n\t\t\t<\/div>\n\t\t\n\t\t\n\t\t\t\t\t<img loading=\"lazy\" class=\"anwp-pg-post-teaser__thumbnail-img d-block anwp-pg-height-180 anwp-object-cover m-0 w-100\"\n\t\t\t\talt=\"El presidente de GANVAM te da las razones por las que no puedes perderte eXpo GANVAM 2024\"\n\t\t\t\tsrc=\"https:\/\/ganvam.es\/expoganvam\/wp-content\/uploads\/2024\/09\/Foto-noticia-3.png\"\/>\n\t\t\n\t\t<div class=\"anwp-pg-post-teaser__thumbnail-bg anwp-position-cover\"><\/div>\n\n\t\t<a class=\"anwp-position-cover anwp-link-without-effects\" href=\"https:\/\/ganvam.es\/expoganvam\/el-presidente-de-ganvam-te-da-las-razones-por-las-que-no-puedes-perderte-expo-ganvam-2024\/\" aria-hidden=\"true\" ><\/a>\n\t<\/div>\n\n\t<div class=\"anwp-pg-post-teaser__content flex-grow-1 pt-1 d-flex flex-column\">\n\n\t\t<div class=\"anwp-pg-post-teaser__title anwp-font-heading mt-2\">\n\t\t\t<a class=\"anwp-link-without-effects\" href=\"https:\/\/ganvam.es\/expoganvam\/el-presidente-de-ganvam-te-da-las-razones-por-las-que-no-puedes-perderte-expo-ganvam-2024\/\" aria-hidden=\"true\" >\n\t\t\t\tEl presidente de GANVAM te da las razones por las que no puedes perderte eXpo GANVAM 2024\t\t\t<\/a>\n\t\t<\/div>\n\n\t\t<div class=\"anwp-pg-post-teaser__bottom-meta d-flex flex-wrap\">\n\n\t\t\t\t\t\t\t<div class=\"anwp-pg-post-teaser__bottom-meta-item d-flex align-items-center mr-3\">\n\t\t\t\t\t<svg class=\"anwp-pg-icon anwp-pg-icon--s16 mr-1\">\n\t\t\t\t\t\t<use xlink:href=\"#icon-anwp-pg-calendar\"><\/use>\n\t\t\t\t\t<\/svg>\n\t\t\t\t\t<span class=\"posted-on m-0\"><span class=\"screen-reader-text\">Posted on<\/span><time class=\"anwp-pg-published\" datetime=\"2024-09-18T14:58:12+02:00\">septiembre 18, 2024<\/time><time class=\"anwp-pg-updated\" datetime=\"2024-09-25T10:59:36+02:00\">septiembre 25, 2024<\/time><\/span>\n\t\t\t\t<\/div>\n\t\t\t\t\n\t\t\t\t\t<\/div>\n\n\t\t\t\t\t<div class=\"anwp-pg-post-teaser__excerpt mb-2\">\n\t\t\t\tEl presidente de GANVAM, Ra\u00fal Palacios, te da las razones por las que no puedes perderte eXpo GANVAM 2024 el pr\u00f3ximo 10 de octubre. Raz\u00f3n 1: \u00bfQuieres seguir la estrategia ...\t\t\t<\/div>\n\t\t\n\t\t\t\t\t<div class=\"w-100 anwp-pg-read-more mt-auto\">\n\t\t\t\t<a href=\"https:\/\/ganvam.es\/expoganvam\/el-presidente-de-ganvam-te-da-las-razones-por-las-que-no-puedes-perderte-expo-ganvam-2024\/\" \t\t\t\t\tclass=\"anwp-pg-read-more__btn mt-3 mb-0 btn btn-sm btn-outline-info w-100 text-decoration-none\">\n\t\t\t\t\tLeer m\u00e1s\t\t\t\t<\/a>\n\t\t\t<\/div>\n\t\t\n\t<\/div>\n\n<\/div>\n<div class=\"anwp-pg-post-teaser anwp-pg-post-teaser--inner-cover-link anwp-pg-post-teaser--layout-d d-flex flex-column anwp-col-lg-4 anwp-col-sm-6 anwp-col-12 anwp-pg-post-teaser--with-read-more \">\n\t<div class=\"anwp-pg-post-teaser__thumbnail position-relative\">\n\n\t\t\n\t\t\n\t\t\t\t\t<img loading=\"lazy\" class=\"anwp-pg-post-teaser__thumbnail-img d-block anwp-pg-height-180 anwp-object-cover m-0 w-100\"\n\t\t\t\talt=\"Ya puedes descargar la App de eXpo GANVAM 2024\"\n\t\t\t\tsrc=\"https:\/\/ganvam.es\/expoganvam\/wp-content\/uploads\/2024\/09\/Foto-noticia-1-1024x576.jpg\"\/>\n\t\t\n\t\t<div class=\"anwp-pg-post-teaser__thumbnail-bg anwp-position-cover\"><\/div>\n\n\t\t<a class=\"anwp-position-cover anwp-link-without-effects\" href=\"https:\/\/ganvam.es\/expoganvam\/ya-puedes-descargar-la-app-de-expo-ganvam-2024\/\" aria-hidden=\"true\" ><\/a>\n\t<\/div>\n\n\t<div class=\"anwp-pg-post-teaser__content flex-grow-1 pt-1 d-flex flex-column\">\n\n\t\t<div class=\"anwp-pg-post-teaser__title anwp-font-heading mt-2\">\n\t\t\t<a class=\"anwp-link-without-effects\" href=\"https:\/\/ganvam.es\/expoganvam\/ya-puedes-descargar-la-app-de-expo-ganvam-2024\/\" aria-hidden=\"true\" >\n\t\t\t\tYa puedes descargar la App de eXpo GANVAM 2024\t\t\t<\/a>\n\t\t<\/div>\n\n\t\t<div class=\"anwp-pg-post-teaser__bottom-meta d-flex flex-wrap\">\n\n\t\t\t\t\t\t\t<div class=\"anwp-pg-post-teaser__bottom-meta-item d-flex align-items-center mr-3\">\n\t\t\t\t\t<svg class=\"anwp-pg-icon anwp-pg-icon--s16 mr-1\">\n\t\t\t\t\t\t<use xlink:href=\"#icon-anwp-pg-calendar\"><\/use>\n\t\t\t\t\t<\/svg>\n\t\t\t\t\t<span class=\"posted-on m-0\"><span class=\"screen-reader-text\">Posted on<\/span><time class=\"anwp-pg-published\" datetime=\"2024-09-18T09:41:46+02:00\">septiembre 18, 2024<\/time><time class=\"anwp-pg-updated\" datetime=\"2024-09-18T09:41:46+02:00\">septiembre 18, 2024<\/time><\/span>\n\t\t\t\t<\/div>\n\t\t\t\t\n\t\t\t\t\t<\/div>\n\n\t\t\t\t\t<div class=\"anwp-pg-post-teaser__excerpt mb-2\">\n\t\t\t\tLa Asociaci\u00f3n Nacional de Vendedores y Reparadores de Veh\u00edculos (GANVAM) ya ha lanzado la aplicaci\u00f3n exclusiva de eXpo GANVAM 2024 para los m\u00e1s de mil profesionales del sector de la ...\t\t\t<\/div>\n\t\t\n\t\t\t\t\t<div class=\"w-100 anwp-pg-read-more mt-auto\">\n\t\t\t\t<a href=\"https:\/\/ganvam.es\/expoganvam\/ya-puedes-descargar-la-app-de-expo-ganvam-2024\/\" \t\t\t\t\tclass=\"anwp-pg-read-more__btn mt-3 mb-0 btn btn-sm btn-outline-info w-100 text-decoration-none\">\n\t\t\t\t\tLeer m\u00e1s\t\t\t\t<\/a>\n\t\t\t<\/div>\n\t\t\n\t<\/div>\n\n<\/div>\n<div class=\"anwp-pg-post-teaser anwp-pg-post-teaser--inner-cover-link anwp-pg-post-teaser--layout-d d-flex flex-column anwp-col-lg-4 anwp-col-sm-6 anwp-col-12 anwp-pg-post-teaser--with-read-more \">\n\t<div class=\"anwp-pg-post-teaser__thumbnail position-relative\">\n\n\t\t\n\t\t\n\t\t\t\t\t<img loading=\"lazy\" class=\"anwp-pg-post-teaser__thumbnail-img d-block anwp-pg-height-180 anwp-object-cover m-0 w-100\"\n\t\t\t\talt=\"Patricia Betancort presentar\u00e1 eXpo GANVAM 2024\"\n\t\t\t\tsrc=\"https:\/\/ganvam.es\/expoganvam\/wp-content\/uploads\/2024\/09\/Foto-noticia-1-1024x576.png\"\/>\n\t\t\n\t\t<div class=\"anwp-pg-post-teaser__thumbnail-bg anwp-position-cover\"><\/div>\n\n\t\t<a class=\"anwp-position-cover anwp-link-without-effects\" href=\"https:\/\/ganvam.es\/expoganvam\/patricia-betancort-presentara-expo-ganvam-2024\/\" aria-hidden=\"true\" ><\/a>\n\t<\/div>\n\n\t<div class=\"anwp-pg-post-teaser__content flex-grow-1 pt-1 d-flex flex-column\">\n\n\t\t<div class=\"anwp-pg-post-teaser__title anwp-font-heading mt-2\">\n\t\t\t<a class=\"anwp-link-without-effects\" href=\"https:\/\/ganvam.es\/expoganvam\/patricia-betancort-presentara-expo-ganvam-2024\/\" aria-hidden=\"true\" >\n\t\t\t\tPatricia Betancort presentar\u00e1 eXpo GANVAM 2024\t\t\t<\/a>\n\t\t<\/div>\n\n\t\t<div class=\"anwp-pg-post-teaser__bottom-meta d-flex flex-wrap\">\n\n\t\t\t\t\t\t\t<div class=\"anwp-pg-post-teaser__bottom-meta-item d-flex align-items-center mr-3\">\n\t\t\t\t\t<svg class=\"anwp-pg-icon anwp-pg-icon--s16 mr-1\">\n\t\t\t\t\t\t<use xlink:href=\"#icon-anwp-pg-calendar\"><\/use>\n\t\t\t\t\t<\/svg>\n\t\t\t\t\t<span class=\"posted-on m-0\"><span class=\"screen-reader-text\">Posted on<\/span><time class=\"anwp-pg-published\" datetime=\"2024-09-13T13:06:15+02:00\">septiembre 13, 2024<\/time><time class=\"anwp-pg-updated\" datetime=\"2024-09-13T13:06:15+02:00\">septiembre 13, 2024<\/time><\/span>\n\t\t\t\t<\/div>\n\t\t\t\t\n\t\t\t\t\t<\/div>\n\n\t\t\t\t\t<div class=\"anwp-pg-post-teaser__excerpt mb-2\">\n\t\t\t\tLa periodista y presentadora, Patricia Betancort, ser\u00e1 la encargada de conducir la cuarta edici\u00f3n de eXpo GANVAM en un formado rompedor, inspirado en los matinales televisivos en directo, el pr\u00f3ximo ...\t\t\t<\/div>\n\t\t\n\t\t\t\t\t<div class=\"w-100 anwp-pg-read-more mt-auto\">\n\t\t\t\t<a href=\"https:\/\/ganvam.es\/expoganvam\/patricia-betancort-presentara-expo-ganvam-2024\/\" \t\t\t\t\tclass=\"anwp-pg-read-more__btn mt-3 mb-0 btn btn-sm btn-outline-info w-100 text-decoration-none\">\n\t\t\t\t\tLeer m\u00e1s\t\t\t\t<\/a>\n\t\t\t<\/div>\n\t\t\n\t<\/div>\n\n<\/div>\n<div class=\"anwp-pg-post-teaser anwp-pg-post-teaser--inner-cover-link anwp-pg-post-teaser--layout-d d-flex flex-column anwp-col-lg-4 anwp-col-sm-6 anwp-col-12 anwp-pg-post-teaser--with-read-more \">\n\t<div class=\"anwp-pg-post-teaser__thumbnail position-relative\">\n\n\t\t\n\t\t\n\t\t\t\t\t<img loading=\"lazy\" class=\"anwp-pg-post-teaser__thumbnail-img d-block anwp-pg-height-180 anwp-object-cover m-0 w-100\"\n\t\t\t\talt=\"Los asistentes a eXpo GANVAM 2024 volver\u00e1n a contar con el seguro de viaje de ERSM\"\n\t\t\t\tsrc=\"https:\/\/ganvam.es\/expoganvam\/wp-content\/uploads\/2024\/09\/Foto-noticia.png\"\/>\n\t\t\n\t\t<div class=\"anwp-pg-post-teaser__thumbnail-bg anwp-position-cover\"><\/div>\n\n\t\t<a class=\"anwp-position-cover anwp-link-without-effects\" href=\"https:\/\/ganvam.es\/expoganvam\/los-asistentes-a-expo-ganvam-2024-volveran-a-contar-con-el-seguro-de-viaje-de-ersm\/\" aria-hidden=\"true\" ><\/a>\n\t<\/div>\n\n\t<div class=\"anwp-pg-post-teaser__content flex-grow-1 pt-1 d-flex flex-column\">\n\n\t\t<div class=\"anwp-pg-post-teaser__title anwp-font-heading mt-2\">\n\t\t\t<a class=\"anwp-link-without-effects\" href=\"https:\/\/ganvam.es\/expoganvam\/los-asistentes-a-expo-ganvam-2024-volveran-a-contar-con-el-seguro-de-viaje-de-ersm\/\" aria-hidden=\"true\" >\n\t\t\t\tLos asistentes a eXpo GANVAM 2024 volver\u00e1n a contar con el seguro de viaje de ERSM\t\t\t<\/a>\n\t\t<\/div>\n\n\t\t<div class=\"anwp-pg-post-teaser__bottom-meta d-flex flex-wrap\">\n\n\t\t\t\t\t\t\t<div class=\"anwp-pg-post-teaser__bottom-meta-item d-flex align-items-center mr-3\">\n\t\t\t\t\t<svg class=\"anwp-pg-icon anwp-pg-icon--s16 mr-1\">\n\t\t\t\t\t\t<use xlink:href=\"#icon-anwp-pg-calendar\"><\/use>\n\t\t\t\t\t<\/svg>\n\t\t\t\t\t<span class=\"posted-on m-0\"><span class=\"screen-reader-text\">Posted on<\/span><time class=\"anwp-pg-published\" datetime=\"2024-09-13T09:09:36+02:00\">septiembre 13, 2024<\/time><time class=\"anwp-pg-updated\" datetime=\"2024-09-13T09:09:36+02:00\">septiembre 13, 2024<\/time><\/span>\n\t\t\t\t<\/div>\n\t\t\t\t\n\t\t\t\t\t<\/div>\n\n\t\t\t\t\t<div class=\"anwp-pg-post-teaser__excerpt mb-2\">\n\t\t\t\tCon el lema \u201cX la movilidad de todos\u201d, eXpo GANVAM 2024 se prepara para ser un punto de referencia de la movilidad.\t\t\t<\/div>\n\t\t\n\t\t\t\t\t<div class=\"w-100 anwp-pg-read-more mt-auto\">\n\t\t\t\t<a href=\"https:\/\/ganvam.es\/expoganvam\/los-asistentes-a-expo-ganvam-2024-volveran-a-contar-con-el-seguro-de-viaje-de-ersm\/\" \t\t\t\t\tclass=\"anwp-pg-read-more__btn mt-3 mb-0 btn btn-sm btn-outline-info w-100 text-decoration-none\">\n\t\t\t\t\tLeer m\u00e1s\t\t\t\t<\/a>\n\t\t\t<\/div>\n\t\t\n\t<\/div>\n\n<\/div>\n<div class=\"anwp-pg-post-teaser anwp-pg-post-teaser--inner-cover-link anwp-pg-post-teaser--layout-d d-flex flex-column anwp-col-lg-4 anwp-col-sm-6 anwp-col-12 anwp-pg-post-teaser--with-read-more \">\n\t<div class=\"anwp-pg-post-teaser__thumbnail position-relative\">\n\n\t\t\n\t\t\n\t\t\t\t\t<img loading=\"lazy\" class=\"anwp-pg-post-teaser__thumbnail-img d-block anwp-pg-height-180 anwp-object-cover m-0 w-100\"\n\t\t\t\talt=\"Ya est\u00e1n disponibles las entradas para la cuarta edici\u00f3n de eXpo GANVAM\"\n\t\t\t\tsrc=\"https:\/\/ganvam.es\/expoganvam\/wp-content\/uploads\/2024\/09\/Ya-estan-disponibles-las-entradas-para-la-cuarta-edicion-de-eXpo-GANVAM-1024x576.png\"\/>\n\t\t\n\t\t<div class=\"anwp-pg-post-teaser__thumbnail-bg anwp-position-cover\"><\/div>\n\n\t\t<a class=\"anwp-position-cover anwp-link-without-effects\" href=\"https:\/\/ganvam.es\/expoganvam\/ya-estan-disponibles-las-entradas-para-la-cuarta-edicion-de-expo-ganvam\/\" aria-hidden=\"true\" ><\/a>\n\t<\/div>\n\n\t<div class=\"anwp-pg-post-teaser__content flex-grow-1 pt-1 d-flex flex-column\">\n\n\t\t<div class=\"anwp-pg-post-teaser__title anwp-font-heading mt-2\">\n\t\t\t<a class=\"anwp-link-without-effects\" href=\"https:\/\/ganvam.es\/expoganvam\/ya-estan-disponibles-las-entradas-para-la-cuarta-edicion-de-expo-ganvam\/\" aria-hidden=\"true\" >\n\t\t\t\tYa est\u00e1n disponibles las entradas para la cuarta edici\u00f3n de eXpo GANVAM\t\t\t<\/a>\n\t\t<\/div>\n\n\t\t<div class=\"anwp-pg-post-teaser__bottom-meta d-flex flex-wrap\">\n\n\t\t\t\t\t\t\t<div class=\"anwp-pg-post-teaser__bottom-meta-item d-flex align-items-center mr-3\">\n\t\t\t\t\t<svg class=\"anwp-pg-icon anwp-pg-icon--s16 mr-1\">\n\t\t\t\t\t\t<use xlink:href=\"#icon-anwp-pg-calendar\"><\/use>\n\t\t\t\t\t<\/svg>\n\t\t\t\t\t<span class=\"posted-on m-0\"><span class=\"screen-reader-text\">Posted on<\/span><time class=\"anwp-pg-published\" datetime=\"2024-09-11T17:01:11+02:00\">septiembre 11, 2024<\/time><time class=\"anwp-pg-updated\" datetime=\"2024-09-11T17:07:44+02:00\">septiembre 11, 2024<\/time><\/span>\n\t\t\t\t<\/div>\n\t\t\t\t\n\t\t\t\t\t<\/div>\n\n\t\t\t\t\t<div class=\"anwp-pg-post-teaser__excerpt mb-2\">\n\t\t\t\tCon el lema \u201cX la movilidad de todos\u201d, eXpo GANVAM 2024 se prepara para ser un punto de referencia de la movilidad.\t\t\t<\/div>\n\t\t\n\t\t\t\t\t<div class=\"w-100 anwp-pg-read-more mt-auto\">\n\t\t\t\t<a href=\"https:\/\/ganvam.es\/expoganvam\/ya-estan-disponibles-las-entradas-para-la-cuarta-edicion-de-expo-ganvam\/\" \t\t\t\t\tclass=\"anwp-pg-read-more__btn mt-3 mb-0 btn btn-sm btn-outline-info w-100 text-decoration-none\">\n\t\t\t\t\tLeer m\u00e1s\t\t\t\t<\/a>\n\t\t\t<\/div>\n\t\t\n\t<\/div>\n\n<\/div>\n<div class=\"anwp-pg-post-teaser anwp-pg-post-teaser--inner-cover-link anwp-pg-post-teaser--layout-d d-flex flex-column anwp-col-lg-4 anwp-col-sm-6 anwp-col-12 anwp-pg-post-teaser--with-read-more \">\n\t<div class=\"anwp-pg-post-teaser__thumbnail position-relative\">\n\n\t\t\n\t\t\n\t\t\t\t\t<img loading=\"lazy\" class=\"anwp-pg-post-teaser__thumbnail-img d-block anwp-pg-height-180 anwp-object-cover m-0 w-100\"\n\t\t\t\talt=\"Un mes para la cita de referencia del sector de la movilidad\"\n\t\t\t\tsrc=\"https:\/\/ganvam.es\/expoganvam\/wp-content\/uploads\/2024\/09\/10-de-octubre-1024x576.png\"\/>\n\t\t\n\t\t<div class=\"anwp-pg-post-teaser__thumbnail-bg anwp-position-cover\"><\/div>\n\n\t\t<a class=\"anwp-position-cover anwp-link-without-effects\" href=\"https:\/\/ganvam.es\/expoganvam\/un-mes-para-la-cita-de-referencia-del-sector-de-la-movilidad\/\" aria-hidden=\"true\" ><\/a>\n\t<\/div>\n\n\t<div class=\"anwp-pg-post-teaser__content flex-grow-1 pt-1 d-flex flex-column\">\n\n\t\t<div class=\"anwp-pg-post-teaser__title anwp-font-heading mt-2\">\n\t\t\t<a class=\"anwp-link-without-effects\" href=\"https:\/\/ganvam.es\/expoganvam\/un-mes-para-la-cita-de-referencia-del-sector-de-la-movilidad\/\" aria-hidden=\"true\" >\n\t\t\t\tUn mes para la cita de referencia del sector de la movilidad\t\t\t<\/a>\n\t\t<\/div>\n\n\t\t<div class=\"anwp-pg-post-teaser__bottom-meta d-flex flex-wrap\">\n\n\t\t\t\t\t\t\t<div class=\"anwp-pg-post-teaser__bottom-meta-item d-flex align-items-center mr-3\">\n\t\t\t\t\t<svg class=\"anwp-pg-icon anwp-pg-icon--s16 mr-1\">\n\t\t\t\t\t\t<use xlink:href=\"#icon-anwp-pg-calendar\"><\/use>\n\t\t\t\t\t<\/svg>\n\t\t\t\t\t<span class=\"posted-on m-0\"><span class=\"screen-reader-text\">Posted on<\/span><time class=\"anwp-pg-published\" datetime=\"2024-09-10T12:47:46+02:00\">septiembre 10, 2024<\/time><time class=\"anwp-pg-updated\" datetime=\"2024-09-10T16:54:11+02:00\">septiembre 10, 2024<\/time><\/span>\n\t\t\t\t<\/div>\n\t\t\t\t\n\t\t\t\t\t<\/div>\n\n\t\t\t\t\t<div class=\"anwp-pg-post-teaser__excerpt mb-2\">\n\t\t\t\tLa cuarta edici\u00f3n de eXpo GANVAM llega tras el \u00e9xito del a\u00f1o pasado, que atrajo a m\u00e1s de mil asistentes con su innovador formato de programa de televisi\u00f3n en vivo. ...\t\t\t<\/div>\n\t\t\n\t\t\t\t\t<div class=\"w-100 anwp-pg-read-more mt-auto\">\n\t\t\t\t<a href=\"https:\/\/ganvam.es\/expoganvam\/un-mes-para-la-cita-de-referencia-del-sector-de-la-movilidad\/\" \t\t\t\t\tclass=\"anwp-pg-read-more__btn mt-3 mb-0 btn btn-sm btn-outline-info w-100 text-decoration-none\">\n\t\t\t\t\tLeer m\u00e1s\t\t\t\t<\/a>\n\t\t\t<\/div>\n\t\t\n\t<\/div>\n\n<\/div>\n<div class=\"anwp-pg-post-teaser anwp-pg-post-teaser--inner-cover-link anwp-pg-post-teaser--layout-d d-flex flex-column anwp-col-lg-4 anwp-col-sm-6 anwp-col-12 anwp-pg-post-teaser--with-read-more \">\n\t<div class=\"anwp-pg-post-teaser__thumbnail position-relative\">\n\n\t\t\n\t\t\n\t\t\t\t\t<img loading=\"lazy\" class=\"anwp-pg-post-teaser__thumbnail-img d-block anwp-pg-height-180 anwp-object-cover m-0 w-100\"\n\t\t\t\talt=\"La cuarta edici\u00f3n de eXpo GANVAM vuelve a contar con  el apoyo de un amplio grupo de empresas colaboradoras\"\n\t\t\t\tsrc=\"https:\/\/ganvam.es\/expoganvam\/wp-content\/uploads\/2024\/07\/eXpo-Ganvam-colaboradores-1024x681.jpg\"\/>\n\t\t\n\t\t<div class=\"anwp-pg-post-teaser__thumbnail-bg anwp-position-cover\"><\/div>\n\n\t\t<a class=\"anwp-position-cover anwp-link-without-effects\" href=\"https:\/\/ganvam.es\/expoganvam\/la-cuarta-edicion-de-expo-ganvam-vuelve-a-contar-con-el-apoyo-de-un-amplio-grupo-de-empresas-colaboradoras\/\" aria-hidden=\"true\" ><\/a>\n\t<\/div>\n\n\t<div class=\"anwp-pg-post-teaser__content flex-grow-1 pt-1 d-flex flex-column\">\n\n\t\t<div class=\"anwp-pg-post-teaser__title anwp-font-heading mt-2\">\n\t\t\t<a class=\"anwp-link-without-effects\" href=\"https:\/\/ganvam.es\/expoganvam\/la-cuarta-edicion-de-expo-ganvam-vuelve-a-contar-con-el-apoyo-de-un-amplio-grupo-de-empresas-colaboradoras\/\" aria-hidden=\"true\" >\n\t\t\t\tLa cuarta edici\u00f3n de eXpo GANVAM vuelve a contar con  el apoyo de un amplio grupo de empresas colaboradoras\t\t\t<\/a>\n\t\t<\/div>\n\n\t\t<div class=\"anwp-pg-post-teaser__bottom-meta d-flex flex-wrap\">\n\n\t\t\t\t\t\t\t<div class=\"anwp-pg-post-teaser__bottom-meta-item d-flex align-items-center mr-3\">\n\t\t\t\t\t<svg class=\"anwp-pg-icon anwp-pg-icon--s16 mr-1\">\n\t\t\t\t\t\t<use xlink:href=\"#icon-anwp-pg-calendar\"><\/use>\n\t\t\t\t\t<\/svg>\n\t\t\t\t\t<span class=\"posted-on m-0\"><span class=\"screen-reader-text\">Posted on<\/span><time class=\"anwp-pg-published\" datetime=\"2024-07-22T08:56:05+02:00\">julio 22, 2024<\/time><time class=\"anwp-pg-updated\" datetime=\"2024-07-22T08:56:05+02:00\">julio 22, 2024<\/time><\/span>\n\t\t\t\t<\/div>\n\t\t\t\t\n\t\t\t\t\t<\/div>\n\n\t\t\t\t\t<div class=\"anwp-pg-post-teaser__excerpt mb-2\">\n\t\t\t\tLa cuarta edici\u00f3n de eXpo GANVAM, que se celebra el pr\u00f3ximo 10 de octubre y volver\u00e1 a convertir el Centro de Convenciones Norte de IFEMA Madrid en el punto de ...\t\t\t<\/div>\n\t\t\n\t\t\t\t\t<div class=\"w-100 anwp-pg-read-more mt-auto\">\n\t\t\t\t<a href=\"https:\/\/ganvam.es\/expoganvam\/la-cuarta-edicion-de-expo-ganvam-vuelve-a-contar-con-el-apoyo-de-un-amplio-grupo-de-empresas-colaboradoras\/\" \t\t\t\t\tclass=\"anwp-pg-read-more__btn mt-3 mb-0 btn btn-sm btn-outline-info w-100 text-decoration-none\">\n\t\t\t\t\tLeer m\u00e1s\t\t\t\t<\/a>\n\t\t\t<\/div>\n\t\t\n\t<\/div>\n\n<\/div>\n<div class=\"anwp-pg-post-teaser anwp-pg-post-teaser--inner-cover-link anwp-pg-post-teaser--layout-d d-flex flex-column anwp-col-lg-4 anwp-col-sm-6 anwp-col-12 anwp-pg-post-teaser--with-read-more \">\n\t<div class=\"anwp-pg-post-teaser__thumbnail position-relative\">\n\n\t\t\n\t\t\n\t\t\t\t\t<img loading=\"lazy\" class=\"anwp-pg-post-teaser__thumbnail-img d-block anwp-pg-height-180 anwp-object-cover m-0 w-100\"\n\t\t\t\talt=\"La cuarta edici\u00f3n de eXpo GANVAM comienza su cuenta atr\u00e1s\"\n\t\t\t\tsrc=\"https:\/\/ganvam.es\/expoganvam\/wp-content\/uploads\/2024\/07\/Cuenta-atras-eXpo-1024x576.png\"\/>\n\t\t\n\t\t<div class=\"anwp-pg-post-teaser__thumbnail-bg anwp-position-cover\"><\/div>\n\n\t\t<a class=\"anwp-position-cover anwp-link-without-effects\" href=\"https:\/\/ganvam.es\/expoganvam\/la-cuarta-edicion-de-expo-ganvam-comienza-su-cuenta-atras\/\" aria-hidden=\"true\" ><\/a>\n\t<\/div>\n\n\t<div class=\"anwp-pg-post-teaser__content flex-grow-1 pt-1 d-flex flex-column\">\n\n\t\t<div class=\"anwp-pg-post-teaser__title anwp-font-heading mt-2\">\n\t\t\t<a class=\"anwp-link-without-effects\" href=\"https:\/\/ganvam.es\/expoganvam\/la-cuarta-edicion-de-expo-ganvam-comienza-su-cuenta-atras\/\" aria-hidden=\"true\" >\n\t\t\t\tLa cuarta edici\u00f3n de eXpo GANVAM comienza su cuenta atr\u00e1s\t\t\t<\/a>\n\t\t<\/div>\n\n\t\t<div class=\"anwp-pg-post-teaser__bottom-meta d-flex flex-wrap\">\n\n\t\t\t\t\t\t\t<div class=\"anwp-pg-post-teaser__bottom-meta-item d-flex align-items-center mr-3\">\n\t\t\t\t\t<svg class=\"anwp-pg-icon anwp-pg-icon--s16 mr-1\">\n\t\t\t\t\t\t<use xlink:href=\"#icon-anwp-pg-calendar\"><\/use>\n\t\t\t\t\t<\/svg>\n\t\t\t\t\t<span class=\"posted-on m-0\"><span class=\"screen-reader-text\">Posted on<\/span><time class=\"anwp-pg-published\" datetime=\"2024-07-01T10:25:34+02:00\">julio 1, 2024<\/time><time class=\"anwp-pg-updated\" datetime=\"2024-09-10T13:51:10+02:00\">septiembre 10, 2024<\/time><\/span>\n\t\t\t\t<\/div>\n\t\t\t\t\n\t\t\t\t\t<\/div>\n\n\t\t\t\t\t<div class=\"anwp-pg-post-teaser__excerpt mb-2\">\n\t\t\t\tLa cuarta edici\u00f3n de eXpo GANVAM comienza su cuenta atr\u00e1s. As\u00ed, el pr\u00f3ximo 10 de octubre volver\u00e1 a convertir el Centro de Convenciones Norte de IFEMA MADRID en punto de ...\t\t\t<\/div>\n\t\t\n\t\t\t\t\t<div class=\"w-100 anwp-pg-read-more mt-auto\">\n\t\t\t\t<a href=\"https:\/\/ganvam.es\/expoganvam\/la-cuarta-edicion-de-expo-ganvam-comienza-su-cuenta-atras\/\" \t\t\t\t\tclass=\"anwp-pg-read-more__btn mt-3 mb-0 btn btn-sm btn-outline-info w-100 text-decoration-none\">\n\t\t\t\t\tLeer m\u00e1s\t\t\t\t<\/a>\n\t\t\t<\/div>\n\t\t\n\t<\/div>\n\n<\/div>\n\t<\/div>\n\t\n\t<\/div>\n\t\t\t\t<\/div>\n\t\t\t\t<\/div>\n\t\t\t\t\t<\/div>\n\t\t<\/div>\n\t\t\t\t\t<\/div>\n\t\t<\/section>\n\t\t\t\t<section class=\"elementor-section elementor-top-section elementor-element elementor-element-7c11789 elementor-hidden-desktop elementor-hidden-tablet elementor-hidden-mobile elementor-section-boxed elementor-section-height-default elementor-section-height-default\" data-id=\"7c11789\" data-element_type=\"section\" data-e-type=\"section\">\n\t\t\t\t\t\t<div class=\"elementor-container elementor-column-gap-default\">\n\t\t\t\t\t<div class=\"elementor-column elementor-col-100 elementor-top-column elementor-element elementor-element-cee1ed7\" data-id=\"cee1ed7\" data-element_type=\"column\" data-e-type=\"column\">\n\t\t\t<div class=\"elementor-widget-wrap elementor-element-populated\">\n\t\t\t\t\t\t<section class=\"elementor-section elementor-inner-section elementor-element elementor-element-7462778 elementor-section-boxed elementor-section-height-default elementor-section-height-default\" data-id=\"7462778\" data-element_type=\"section\" data-e-type=\"section\">\n\t\t\t\t\t\t<div class=\"elementor-container elementor-column-gap-default\">\n\t\t\t\t\t<div class=\"elementor-column elementor-col-100 elementor-inner-column elementor-element elementor-element-afbba22\" data-id=\"afbba22\" data-element_type=\"column\" data-e-type=\"column\">\n\t\t\t<div class=\"elementor-widget-wrap elementor-element-populated\">\n\t\t\t\t\t\t<div class=\"elementor-element elementor-element-95438a9 elementor-widget elementor-widget-elementskit-heading\" data-id=\"95438a9\" data-element_type=\"widget\" data-e-type=\"widget\" data-settings=\"{&quot;ekit_we_effect_on&quot;:&quot;none&quot;}\" data-widget_type=\"elementskit-heading.default\">\n\t\t\t\t<div class=\"elementor-widget-container\">\n\t\t\t\t\t<div class=\"ekit-wid-con\" ><div class=\"ekit-heading elementskit-section-title-wraper center   ekit_heading_tablet-   ekit_heading_mobile-\"><h2 class=\"ekit-heading--title elementskit-section-title \">\u00bfQuieres participar como patrocinador en  <span><span>eXpo Ganvam<\/span><\/span>?<\/h2>\t\t\t\t<div class='ekit-heading__description'>\n\t\t\t\t\t<p>Consulta toda la informaci\u00f3n en este enlace:<\/p>\n\t\t\t\t<\/div>\n\t\t\t<\/div><\/div>\t\t\t\t<\/div>\n\t\t\t\t<\/div>\n\t\t\t\t<div class=\"elementor-element elementor-element-1ec1684 elementor-align--mobilecenter elementor-align-center elementor-widget elementor-widget-elementskit-button\" data-id=\"1ec1684\" data-element_type=\"widget\" data-e-type=\"widget\" data-settings=\"{&quot;ekit_we_effect_on&quot;:&quot;none&quot;}\" data-widget_type=\"elementskit-button.default\">\n\t\t\t\t<div class=\"elementor-widget-container\">\n\t\t\t\t\t<div class=\"ekit-wid-con\" >\t\t<div class=\"ekit-btn-wraper\">\n\t\t\t\t\t\t\t<a href=\"https:\/\/www.canva.com\/design\/DAE7IxH3VQg\/zT3f4Wnkb-fi3VyA9BbcAg\/view?utm_content=DAE7IxH3VQg&#038;utm_campaign=designshare&#038;utm_medium=link2&#038;utm_source=sharebutton\" target=\"_blank\" class=\"elementskit-btn  whitespace--normal\" id=\"\">\n\t\t\t\t\tm\u00e1s informaci\u00f3n\t\t\t\t<\/a>\n\t\t\t\t\t<\/div>\n        <\/div>\t\t\t\t<\/div>\n\t\t\t\t<\/div>\n\t\t\t\t\t<\/div>\n\t\t<\/div>\n\t\t\t\t\t<\/div>\n\t\t<\/section>\n\t\t\t\t\t<\/div>\n\t\t<\/div>\n\t\t\t\t\t<\/div>\n\t\t<\/section>\n\t\t\t\t<\/div>\n\t\t","protected":false},"excerpt":{"rendered":"<p>NOTICIAS \u00bfQuieres participar como patrocinador en eXpo Ganvam? Consulta toda la informaci\u00f3n en este enlace: m\u00e1s informaci\u00f3n<\/p>\n","protected":false},"author":1,"featured_media":0,"parent":0,"menu_order":0,"comment_status":"closed","ping_status":"closed","template":"template\/homepage-template.php","meta":{"footnotes":""},"class_list":["post-10472","page","type-page","status-publish","hentry"],"aioseo_notices":[],"_links":{"self":[{"href":"https:\/\/ganvam.es\/expoganvam\/wp-json\/wp\/v2\/pages\/10472","targetHints":{"allow":["GET"]}}],"collection":[{"href":"https:\/\/ganvam.es\/expoganvam\/wp-json\/wp\/v2\/pages"}],"about":[{"href":"https:\/\/ganvam.es\/expoganvam\/wp-json\/wp\/v2\/types\/page"}],"author":[{"embeddable":true,"href":"https:\/\/ganvam.es\/expoganvam\/wp-json\/wp\/v2\/users\/1"}],"replies":[{"embeddable":true,"href":"https:\/\/ganvam.es\/expoganvam\/wp-json\/wp\/v2\/comments?post=10472"}],"version-history":[{"count":4,"href":"https:\/\/ganvam.es\/expoganvam\/wp-json\/wp\/v2\/pages\/10472\/revisions"}],"predecessor-version":[{"id":10476,"href":"https:\/\/ganvam.es\/expoganvam\/wp-json\/wp\/v2\/pages\/10472\/revisions\/10476"}],"wp:attachment":[{"href":"https:\/\/ganvam.es\/expoganvam\/wp-json\/wp\/v2\/media?parent=10472"}],"curies":[{"name":"wp","href":"https:\/\/api.w.org\/{rel}","templated":true}]}}